{"version":"1.0","provider_name":"Av. Deniz Can K\u0131z\u0131l","provider_url":"https:\/\/denizcankizil.tr\/ru","author_name":"Hukuki Haber.net","author_url":"https:\/\/denizcankizil.tr\/ru\/author\/hukukihabernet\/","title":"Can Atalay\u2019dan Meclis\u2019e ba\u015fvuru: '\u00d6zl\u00fck haklar\u0131m\u0131 iade edin'","type":"rich","width":600,"height":338,"html":"<blockquote class=\"wp-embedded-content\" data-secret=\"519vebn0sp\"><a href=\"https:\/\/denizcankizil.tr\/ru\/hukukihaber\/can-atalaydan-meclise-basvuru-ozluk-haklarimi-iade-edin\/\">Can Atalay\u2019dan Meclis\u2019e ba\u015fvuru: &#8216;\u00d6zl\u00fck haklar\u0131m\u0131 iade edin&#8217;<\/a><\/blockquote><iframe sandbox=\"allow-scripts\" security=\"restricted\" src=\"https:\/\/denizcankizil.tr\/ru\/hukukihaber\/can-atalaydan-meclise-basvuru-ozluk-haklarimi-iade-edin\/embed\/#?secret=519vebn0sp\" width=\"600\" height=\"338\" title=\"\u00abCan Atalay\u2019dan Meclis\u2019e ba\u015fvuru: &#8216;\u00d6zl\u00fck haklar\u0131m\u0131 iade edin&#8217;\u00bb &#8212; Av. Deniz Can K\u0131z\u0131l\" data-secret=\"519vebn0sp\" frameborder=\"0\" marginwidth=\"0\" marginheight=\"0\" scrolling=\"no\" class=\"wp-embedded-content\"><\/iframe><script>\n\/*! This file is auto-generated *\/\n!function(d,l){\"use strict\";l.querySelector&&d.addEventListener&&\"undefined\"!=typeof URL&&(d.wp=d.wp||{},d.wp.receiveEmbedMessage||(d.wp.receiveEmbedMessage=function(e){var t=e.data;if((t||t.secret||t.message||t.value)&&!\/[^a-zA-Z0-9]\/.test(t.secret)){for(var s,r,n,a=l.querySelectorAll('iframe[data-secret=\"'+t.secret+'\"]'),o=l.querySelectorAll('blockquote[data-secret=\"'+t.secret+'\"]'),c=new RegExp(\"^https?:$\",\"i\"),i=0;i<o.length;i++)o[i].style.display=\"none\";for(i=0;i<a.length;i++)s=a[i],e.source===s.contentWindow&&(s.removeAttribute(\"style\"),\"height\"===t.message?(1e3<(r=parseInt(t.value,10))?r=1e3:~~r<200&&(r=200),s.height=r):\"link\"===t.message&&(r=new URL(s.getAttribute(\"src\")),n=new URL(t.value),c.test(n.protocol))&&n.host===r.host&&l.activeElement===s&&(d.top.location.href=t.value))}},d.addEventListener(\"message\",d.wp.receiveEmbedMessage,!1),l.addEventListener(\"DOMContentLoaded\",function(){for(var e,t,s=l.querySelectorAll(\"iframe.wp-embedded-content\"),r=0;r<s.length;r++)(t=(e=s[r]).getAttribute(\"data-secret\"))||(t=Math.random().toString(36).substring(2,12),e.src+=\"#?secret=\"+t,e.setAttribute(\"data-secret\",t)),e.contentWindow.postMessage({message:\"ready\",secret:t},\"*\")},!1)))}(window,document);\n\/\/# sourceURL=https:\/\/denizcankizil.tr\/wp-includes\/js\/wp-embed.min.js\n<\/script>","description":"Atalay, Marmara (Silivri) Cezaevi\u2019nden TBMM Ba\u015fkan\u0131 Numan Kurtulmu\u015f\u2019a faksla g\u00f6nderdi\u011fi dilek\u00e7ede, AYM\u2019nin Resmi Gazete\u2019de yay\u0131mlanan gerek\u00e7eli karar\u0131n\u0131 an\u0131msatt\u0131. \u2018YOK H\u00dcKM\u00dcNDE\u2019 Vekilli\u011finin d\u00fc\u015f\u00fcr\u00fclmeye \u00e7al\u0131\u015f\u0131lmas\u0131n\u0131n \u201cyok h\u00fckm\u00fcnde oldu\u011funu\u201d belirten Atalay, dilek\u00e7esinde, \u201cAYM\u2019nin s\u00f6z\u00fc edilen son karar\u0131nda, hakk\u0131mda \u2018Kesinle\u015fmi\u015f bir mahkumiyet karar\u0131n\u0131n varl\u0131\u011f\u0131n\u0131 s\u00fcrd\u00fcrd\u00fc\u011f\u00fcn\u00fcn kabul\u00fc de m\u00fcmk\u00fcn de\u011fildir\u2019 saptamas\u0131n\u0131 \u00f6nemle dikkatinize sunmak isterim. TBMM\u2019nin itibar\u0131n\u0131n ve hukukunun daha fazla zarar g\u00f6rmemesi i\u00e7in gerekli t\u00fcm tedbirlerin al\u0131nmas\u0131n\u0131, Anayasa Mahkemesi\u2019nin a\u00e7\u0131k kararlar\u0131 do\u011frultusunda \u00f6ncelikle \u00f6zl\u00fck haklar\u0131m\u0131n iadesi ve tesisi i\u00e7in gerekli t\u00fcm i\u015flemlerin ger\u00e7ekle\u015ftirilmesini Anayasa\u2019n\u0131n 2, 138, 153, 158\u2019inci maddeleri uyar\u0131nca talep ederim\u201d talebinde bulundu.\u00a0 &gt;&gt;\u00a0Milletvekilli\u011finin D\u00fc\u015f\u00fcr\u00fclmesine \u0130li\u015fkin \u0130\u015flemin \u0130ptali Talebi Hakk\u0131nda Karar Verilmesine Yer Olmad\u0131\u011f\u0131 \u200bGezi davas\u0131ndan tutuklu iken T\u00fcrkiye \u0130\u015f\u00e7i Partisi\u2019nden (T\u0130P) Hatay Milletvekili se\u00e7ilen avukat Can Atalay, Anayasa Mahkemesi\u2019nin (AYM) karar\u0131 \u00fczerine \u00f6zl\u00fck haklar\u0131n\u0131n iade edilmesi talebiyle Meclis Ba\u015fkanl\u0131\u011f\u0131\u2019na ba\u015fvurdu.\u00a0Hukuki Haber"}