{"version":"1.0","provider_name":"Av. Deniz Can K\u0131z\u0131l","provider_url":"https:\/\/denizcankizil.tr\/ru","author_name":"Hukuki Haber.net","author_url":"https:\/\/denizcankizil.tr\/ru\/author\/hukukihabernet\/","title":"AYM'nin 2022\/100171 ba\u015fvuru numaral\u0131 karar\u0131","type":"rich","width":600,"height":338,"html":"<blockquote class=\"wp-embedded-content\" data-secret=\"bCJlt6dToF\"><a href=\"https:\/\/denizcankizil.tr\/ru\/hukukihaber\/aymnin-2022-100171-basvuru-numarali-karari\/\">AYM&#8217;nin 2022\/100171 ba\u015fvuru numaral\u0131 karar\u0131<\/a><\/blockquote><iframe sandbox=\"allow-scripts\" security=\"restricted\" src=\"https:\/\/denizcankizil.tr\/ru\/hukukihaber\/aymnin-2022-100171-basvuru-numarali-karari\/embed\/#?secret=bCJlt6dToF\" width=\"600\" height=\"338\" title=\"\u00abAYM&#8217;nin 2022\/100171 ba\u015fvuru numaral\u0131 karar\u0131\u00bb &#8212; Av. Deniz Can K\u0131z\u0131l\" data-secret=\"bCJlt6dToF\" frameborder=\"0\" marginwidth=\"0\" marginheight=\"0\" scrolling=\"no\" class=\"wp-embedded-content\"><\/iframe><script>\n\/*! This file is auto-generated *\/\n!function(d,l){\"use strict\";l.querySelector&&d.addEventListener&&\"undefined\"!=typeof URL&&(d.wp=d.wp||{},d.wp.receiveEmbedMessage||(d.wp.receiveEmbedMessage=function(e){var t=e.data;if((t||t.secret||t.message||t.value)&&!\/[^a-zA-Z0-9]\/.test(t.secret)){for(var s,r,n,a=l.querySelectorAll('iframe[data-secret=\"'+t.secret+'\"]'),o=l.querySelectorAll('blockquote[data-secret=\"'+t.secret+'\"]'),c=new RegExp(\"^https?:$\",\"i\"),i=0;i<o.length;i++)o[i].style.display=\"none\";for(i=0;i<a.length;i++)s=a[i],e.source===s.contentWindow&&(s.removeAttribute(\"style\"),\"height\"===t.message?(1e3<(r=parseInt(t.value,10))?r=1e3:~~r<200&&(r=200),s.height=r):\"link\"===t.message&&(r=new URL(s.getAttribute(\"src\")),n=new URL(t.value),c.test(n.protocol))&&n.host===r.host&&l.activeElement===s&&(d.top.location.href=t.value))}},d.addEventListener(\"message\",d.wp.receiveEmbedMessage,!1),l.addEventListener(\"DOMContentLoaded\",function(){for(var e,t,s=l.querySelectorAll(\"iframe.wp-embedded-content\"),r=0;r<s.length;r++)(t=(e=s[r]).getAttribute(\"data-secret\"))||(t=Math.random().toString(36).substring(2,12),e.src+=\"#?secret=\"+t,e.setAttribute(\"data-secret\",t)),e.contentWindow.postMessage({message:\"ready\",secret:t},\"*\")},!1)))}(window,document);\n\/\/# sourceURL=https:\/\/denizcankizil.tr\/wp-includes\/js\/wp-embed.min.js\n<\/script>","description":"T\u00dcRK\u0130YE CUMHUR\u0130YET\u0130 ANAYASA MAHKEMES\u0130 B\u0130R\u0130NC\u0130 B\u00d6L\u00dcM KARAR SEL\u00c7UK AKBULUT BA\u015eVURUSU (Ba\u015fvuru Numaras\u0131: 2022\/100171) Karar Tarihi: 14\/5\/2025 B\u0130R\u0130NC\u0130 B\u00d6L\u00dcM KARAR Ba\u015fkan : Hasan Tahsin G\u00d6KCAN \u00dcyeler : Recai AKYEL Yusuf \u015eevki HAKYEMEZ Selahaddin MENTE\u015e \u0130rfan F\u0130DAN Raport\u00f6r : Ayd\u0131n DEM\u0130REL Ba\u015fvurucu : Sel\u00e7uk AKBULUT Vekili : Av. Arda BALCI I. BA\u015eVURUNUN \u00d6ZET\u0130 1. Ba\u015fvuru, tutuklama tedbirinin hukuki olmamas\u0131 ve tutuklulukta makul s\u00fcrenin a\u015f\u0131lmas\u0131 nedeniyle ki\u015fi h\u00fcrriyeti ve g\u00fcvenli\u011fi hakk\u0131n\u0131n ihlal edildi\u011fi iddias\u0131na ili\u015fkindir. 2. 22\/5\/2022 tarihinde \u0130.B.nin \u00f6ld\u00fcr\u00fclmesi olay\u0131yla ilgili ba\u015flat\u0131lan soru\u015fturmada ba\u015fvurucunun da aralar\u0131nda bulundu\u011fu \u015f\u00fcpheliler g\u00f6zalt\u0131na al\u0131nm\u0131\u015f, 23\/5\/2022 tarihinde tutuklanmalar\u0131 istemiyle sulh ceza h\u00e2kimli\u011fine sevk edilmi\u015ftir. Ayn\u0131 g\u00fcn Sulh Ceza H\u00e2kimli\u011fince verilen tutuklama karar\u0131nda; dosya kapsam\u0131ndaki tan\u0131k ve san\u0131k ifadeleri, Olay Yeri G\u00f6rg\u00fc Tespit Tutana\u011f\u0131 ba\u015fta olmak \u00fczere t\u00fcm soru\u015fturma evrak\u0131 kapsam\u0131na g\u00f6re ba\u015fvurucunun da aralar\u0131nda bulundu\u011fu \u015f\u00fcphelilerin at\u0131l\u0131 su\u00e7u i\u015fledikleri hususunda kuvvetli su\u00e7 \u015f\u00fcphesinin bulundu\u011fu ifade edilmi\u015ftir. Ayr\u0131ca \u00f6ng\u00f6r\u00fclen cezan\u0131n alt ve \u00fcst s\u0131n\u0131r\u0131 dikkate al\u0131nd\u0131\u011f\u0131nda tutuklama tedbirinin \u00f6l\u00e7\u00fcl\u00fc olaca\u011f\u0131, adli kontrol uygulamas\u0131n\u0131n hukuken ve fiilen yetersiz kalaca\u011f\u0131, ayr\u0131ca hen\u00fcz olaya ili\u015fkin ifadesi al\u0131namam\u0131\u015f \u015fah\u0131slar\u0131n bulunmas\u0131, olay yerinden s\u00f6k\u00fcld\u00fc\u011f\u00fc anla\u015f\u0131lan kamera kay\u0131t cihaz\u0131n\u0131n hen\u00fcz ele ge\u00e7irilememi\u015f olmas\u0131 nazara al\u0131narak \u015f\u00fcphelilerin m\u00fcdahale edebilecekleri deliller bulundu\u011fu belirtilmi\u015ftir. 3. Uzunk\u00f6pr\u00fc Sulh Ceza H\u00e2kimli\u011fi taraf\u0131ndan 3\/11\/2022 tarihinde ba\u015fvurucunun tutukluluk h\u00e2linin devam\u0131na karar &hellip;"}