{"version":"1.0","provider_name":"Av. Deniz Can K\u0131z\u0131l","provider_url":"https:\/\/denizcankizil.tr\/ru","author_name":"Av. Deniz Can K\u0131z\u0131l","author_url":"https:\/\/denizcankizil.tr\/ru","title":"AYM'nin 2021\/46974 ba\u015fvuru numaral\u0131 karar\u0131","type":"rich","width":600,"height":338,"html":"<blockquote class=\"wp-embedded-content\" data-secret=\"Te2bhJiDr2\"><a href=\"https:\/\/denizcankizil.tr\/ru\/hukukihaber\/aymnin-2021-46974-basvuru-numarali-karari\/\">AYM&#8217;nin 2021\/46974 ba\u015fvuru numaral\u0131 karar\u0131<\/a><\/blockquote><iframe sandbox=\"allow-scripts\" security=\"restricted\" src=\"https:\/\/denizcankizil.tr\/ru\/hukukihaber\/aymnin-2021-46974-basvuru-numarali-karari\/embed\/#?secret=Te2bhJiDr2\" width=\"600\" height=\"338\" title=\"\u00abAYM&#8217;nin 2021\/46974 ba\u015fvuru numaral\u0131 karar\u0131\u00bb &#8212; Av. Deniz Can K\u0131z\u0131l\" data-secret=\"Te2bhJiDr2\" frameborder=\"0\" marginwidth=\"0\" marginheight=\"0\" scrolling=\"no\" class=\"wp-embedded-content\"><\/iframe><script>\n\/*! This file is auto-generated *\/\n!function(d,l){\"use strict\";l.querySelector&&d.addEventListener&&\"undefined\"!=typeof URL&&(d.wp=d.wp||{},d.wp.receiveEmbedMessage||(d.wp.receiveEmbedMessage=function(e){var t=e.data;if((t||t.secret||t.message||t.value)&&!\/[^a-zA-Z0-9]\/.test(t.secret)){for(var s,r,n,a=l.querySelectorAll('iframe[data-secret=\"'+t.secret+'\"]'),o=l.querySelectorAll('blockquote[data-secret=\"'+t.secret+'\"]'),c=new RegExp(\"^https?:$\",\"i\"),i=0;i<o.length;i++)o[i].style.display=\"none\";for(i=0;i<a.length;i++)s=a[i],e.source===s.contentWindow&&(s.removeAttribute(\"style\"),\"height\"===t.message?(1e3<(r=parseInt(t.value,10))?r=1e3:~~r<200&&(r=200),s.height=r):\"link\"===t.message&&(r=new URL(s.getAttribute(\"src\")),n=new URL(t.value),c.test(n.protocol))&&n.host===r.host&&l.activeElement===s&&(d.top.location.href=t.value))}},d.addEventListener(\"message\",d.wp.receiveEmbedMessage,!1),l.addEventListener(\"DOMContentLoaded\",function(){for(var e,t,s=l.querySelectorAll(\"iframe.wp-embedded-content\"),r=0;r<s.length;r++)(t=(e=s[r]).getAttribute(\"data-secret\"))||(t=Math.random().toString(36).substring(2,12),e.src+=\"#?secret=\"+t,e.setAttribute(\"data-secret\",t)),e.contentWindow.postMessage({message:\"ready\",secret:t},\"*\")},!1)))}(window,document);\n\/\/# sourceURL=https:\/\/denizcankizil.tr\/wp-includes\/js\/wp-embed.min.js\n<\/script>","description":"T\u00dcRK\u0130YE CUMHUR\u0130YET\u0130 ANAYASA MAHKEMES\u0130 \u00a0 \u00a0 B\u0130R\u0130NC\u0130 B\u00d6L\u00dcM \u00a0 KARAR \u00a0 BAHAR G\u00dcVEND\u0130K BA\u015eVURUSU (Ba\u015fvuru Numaras\u0131: 2021\/46974) \u00a0 Karar Tarihi: 6\/6\/2024 B\u0130R\u0130NC\u0130 B\u00d6L\u00dcM \u00a0 KARAR \u00a0 \u00a0 Ba\u015fkan : Hasan Tahsin G\u00d6KCAN \u00dcyeler : Recai AKYEL \u00a0 \u00a0 Yusuf \u015eevki HAKYEMEZ \u00a0 \u00a0 Selahaddin MENTE\u015e \u00a0 \u00a0 Y\u0131lmaz AK\u00c7\u0130L Raport\u00f6r : Tu\u011f\u00e7e TAKCI Ba\u015fvurucu : Bahar G\u00dcVEND\u0130K Vekili : Av. Mazlum DEM\u0130RBA\u011e \u00a0 I. BA\u015eVURUNUN \u00d6ZET\u0130 1. Ba\u015fvuru; haks\u0131z olarak uygulanan konutu terk etmeme adli kontrol tedbirine dayal\u0131 olarak h\u00fckmedilen tazminat\u0131n yetersiz olmas\u0131 nedeniyle ki\u015fi h\u00fcrriyeti ve g\u00fcvenli\u011fi hakk\u0131n\u0131n, yarg\u0131laman\u0131n uzun s\u00fcrmesi nedeniyle de makul s\u00fcrede yarg\u0131lanma hakk\u0131n\u0131n ihlal edildi\u011fi iddialar\u0131na ili\u015fkindir. 2. \u0130zmir Cumhuriyet Ba\u015fsavc\u0131l\u0131\u011f\u0131 taraf\u0131ndan Fetullah\u00e7\u0131 Ter\u00f6r \u00d6rg\u00fct\u00fc\/Paralel Devlet Yap\u0131lanmas\u0131n\u0131n propagandas\u0131n\u0131 yapma su\u00e7unu i\u015fledi\u011fi isnad\u0131yla hakk\u0131nda y\u00fcr\u00fct\u00fclen soru\u015fturma kapsam\u0131nda ba\u015fvurucu 16\/8\/2018 tarihinde saat 06.05 s\u0131ralar\u0131nda g\u00f6zalt\u0131na al\u0131nm\u0131\u015f, ayn\u0131 tarihte tutuklanmas\u0131 talebiyle sulh ceza h\u00e2kimli\u011fine sevk edilmi\u015ftir. 3. \u0130zmir 1. Sulh Ceza H\u00e2kimli\u011fi (Sulh Ceza H\u00e2kimli\u011fi) 16\/8\/2018 tarihinde ba\u015fvurucu hakk\u0131nda konutu terk etmeme adli kontrol tedbiri uygulanmas\u0131na, 12\/2\/2019 tarihli karar\u0131yla da konutu terk etmeme \u015feklindeki adli kontrol tedbirinin kald\u0131r\u0131lmas\u0131na ve ba\u015fvurucu hakk\u0131nda yurt d\u0131\u015f\u0131na \u00e7\u0131kamama adli kontrol tedbiri uygulanmas\u0131na karar vermi\u015ftir. Ba\u015fvurucu hakk\u0131nda 5 ay 27 g\u00fcn s\u00fcreyle konutu terk etmeme adli kontrol tedbiri uygulanm\u0131\u015ft\u0131r. 4. M\u00fcsnet su\u00e7tan y\u00fcr\u00fct\u00fclen &hellip;"}