{"version":"1.0","provider_name":"Av. Deniz Can K\u0131z\u0131l","provider_url":"https:\/\/denizcankizil.tr\/ru","author_name":"Av. Deniz Can K\u0131z\u0131l","author_url":"https:\/\/denizcankizil.tr\/ru","title":"AYM'nin 2020\/35263 ba\u015fvuru numaral\u0131 karar\u0131","type":"rich","width":600,"height":338,"html":"<blockquote class=\"wp-embedded-content\" data-secret=\"8uUaAeughm\"><a href=\"https:\/\/denizcankizil.tr\/ru\/hukukihaber\/aymnin-2020-35263-basvuru-numarali-karari\/\">AYM&#8217;nin 2020\/35263 ba\u015fvuru numaral\u0131 karar\u0131<\/a><\/blockquote><iframe sandbox=\"allow-scripts\" security=\"restricted\" src=\"https:\/\/denizcankizil.tr\/ru\/hukukihaber\/aymnin-2020-35263-basvuru-numarali-karari\/embed\/#?secret=8uUaAeughm\" width=\"600\" height=\"338\" title=\"\u00abAYM&#8217;nin 2020\/35263 ba\u015fvuru numaral\u0131 karar\u0131\u00bb &#8212; Av. Deniz Can K\u0131z\u0131l\" data-secret=\"8uUaAeughm\" frameborder=\"0\" marginwidth=\"0\" marginheight=\"0\" scrolling=\"no\" class=\"wp-embedded-content\"><\/iframe><script>\n\/*! This file is auto-generated *\/\n!function(d,l){\"use strict\";l.querySelector&&d.addEventListener&&\"undefined\"!=typeof URL&&(d.wp=d.wp||{},d.wp.receiveEmbedMessage||(d.wp.receiveEmbedMessage=function(e){var t=e.data;if((t||t.secret||t.message||t.value)&&!\/[^a-zA-Z0-9]\/.test(t.secret)){for(var s,r,n,a=l.querySelectorAll('iframe[data-secret=\"'+t.secret+'\"]'),o=l.querySelectorAll('blockquote[data-secret=\"'+t.secret+'\"]'),c=new RegExp(\"^https?:$\",\"i\"),i=0;i<o.length;i++)o[i].style.display=\"none\";for(i=0;i<a.length;i++)s=a[i],e.source===s.contentWindow&&(s.removeAttribute(\"style\"),\"height\"===t.message?(1e3<(r=parseInt(t.value,10))?r=1e3:~~r<200&&(r=200),s.height=r):\"link\"===t.message&&(r=new URL(s.getAttribute(\"src\")),n=new URL(t.value),c.test(n.protocol))&&n.host===r.host&&l.activeElement===s&&(d.top.location.href=t.value))}},d.addEventListener(\"message\",d.wp.receiveEmbedMessage,!1),l.addEventListener(\"DOMContentLoaded\",function(){for(var e,t,s=l.querySelectorAll(\"iframe.wp-embedded-content\"),r=0;r<s.length;r++)(t=(e=s[r]).getAttribute(\"data-secret\"))||(t=Math.random().toString(36).substring(2,12),e.src+=\"#?secret=\"+t,e.setAttribute(\"data-secret\",t)),e.contentWindow.postMessage({message:\"ready\",secret:t},\"*\")},!1)))}(window,document);\n\/\/# sourceURL=https:\/\/denizcankizil.tr\/wp-includes\/js\/wp-embed.min.js\n<\/script>","description":"T\u00dcRK\u0130YE CUMHUR\u0130YET\u0130 ANAYASA MAHKEMES\u0130 \u00a0 \u00a0 \u0130K\u0130NC\u0130 B\u00d6L\u00dcM \u00a0 KARAR \u00a0 GERNAS ATU\u011e BA\u015eVURUSU (Ba\u015fvuru Numaras\u0131: 2020\/35263) \u00a0 Karar Tarihi: 24\/10\/2024 \u0130K\u0130NC\u0130 B\u00d6L\u00dcM \u00a0 KARAR \u00a0 \u00a0 Ba\u015fkan : Basri BA\u011eCI \u00dcyeler : Engin YILDIRIM \u00a0 \u00a0 R\u0131dvan G\u00dcLE\u00c7 \u00a0 \u00a0 Kenan YA\u015eAR \u00a0 \u00a0 \u00d6mer \u00c7INAR Raport\u00f6r : Mustafa Erdem ATLIHAN Ba\u015fvurucu : Gernas ATU\u011e Vekili : Av. Ali BOZAN \u00a0 I. BA\u015eVURUNUN \u00d6ZET\u0130 1. Ba\u015fvuru, g\u00f6zalt\u0131nda fiziksel \u015fiddete u\u011franmas\u0131 ve olay hakk\u0131nda etkili bir ceza soru\u015fturmas\u0131 y\u00fcr\u00fct\u00fclmemesi nedeniyle k\u00f6t\u00fc muamele yasa\u011f\u0131n\u0131n ihlal edildi\u011fi iddias\u0131na ili\u015fkindir. 2. Ba\u015fvurucu8\/12\/2019 tarihinde sahte kimlik ile Yunanistan&#8217;a ka\u00e7ak yollarla \u00e7\u0131k\u0131\u015f yapmak isterken yakalanm\u0131\u015f, PKK\/KCK silahl\u0131 ter\u00f6r \u00f6rg\u00fct\u00fc \u00fcyesi oldu\u011fu ve 17\/10\/2017 tarihinde kollu\u011fa ait bir personel servis arac\u0131na yap\u0131lan bombal\u0131 sald\u0131r\u0131 olay\u0131n\u0131n faili oldu\u011fu \u015f\u00fcphesiyle hakk\u0131nda yakalama karar\u0131 bulundu\u011funun tespit edilmesi \u00fczerine g\u00f6zalt\u0131na al\u0131narak 10\/12\/2019 tarihinde Mersin&#8217;e nakledilmi\u015ftir. Toplam on g\u00fcn g\u00f6zalt\u0131nda kalan ba\u015fvurucunun 19\/12\/2019 tarihinde tutuklanmas\u0131na karar verilmi\u015ftir. 3. Ba\u015fvurucu, vekili arac\u0131l\u0131\u011f\u0131yla 24\/12\/2019 tarihinde Mersin Cumhuriyet Ba\u015fsavc\u0131l\u0131\u011f\u0131na (Ba\u015fsavc\u0131l\u0131k) iletti\u011fi dilek\u00e7eyle, g\u00f6zalt\u0131ndayken Mersin \u0130l Emniyet M\u00fcd\u00fcrl\u00fc\u011f\u00fc Ter\u00f6rle M\u00fccadele \u015eube M\u00fcd\u00fcrl\u00fc\u011f\u00fc (TEM) binas\u0131nda fiziksel \u015fiddet uyguland\u0131\u011f\u0131n\u0131 belirterek kamu g\u00f6revlilerinden \u015fik\u00e2yet\u00e7i olmu\u015ftur. Bu \u015fik\u00e2yete g\u00f6re ba\u015fvurucu 10\/12\/2019 tarihinde g\u00f6t\u00fcr\u00fcld\u00fc\u011f\u00fc TEM binas\u0131 i\u00e7inde g\u00f6revli polis memurlar\u0131nca \u00f6nce kameralar\u0131n bulundu\u011fu ifade alma odas\u0131nda, sonrada kameralar\u0131n bulunmad\u0131\u011f\u0131 avukat &hellip;"}