{"version":"1.0","provider_name":"Av. Deniz Can K\u0131z\u0131l","provider_url":"https:\/\/denizcankizil.tr\/ru","author_name":"admin","author_url":"https:\/\/denizcankizil.tr\/ru\/author\/admin\/","title":"Yurtta bug\u00fcn yerel sa\u011fanak ve kuvvetli ya\u011f\u0131\u015f var","type":"rich","width":600,"height":338,"html":"<blockquote class=\"wp-embedded-content\" data-secret=\"o3R2q3b06G\"><a href=\"https:\/\/denizcankizil.tr\/ru\/haberler\/gundem\/yurtta-bugun-yerel-saganak-ve-kuvvetli-yagis-var\/\">Yurtta bug\u00fcn yerel sa\u011fanak ve kuvvetli ya\u011f\u0131\u015f var<\/a><\/blockquote><iframe sandbox=\"allow-scripts\" security=\"restricted\" src=\"https:\/\/denizcankizil.tr\/ru\/haberler\/gundem\/yurtta-bugun-yerel-saganak-ve-kuvvetli-yagis-var\/embed\/#?secret=o3R2q3b06G\" width=\"600\" height=\"338\" title=\"\u00abYurtta bug\u00fcn yerel sa\u011fanak ve kuvvetli ya\u011f\u0131\u015f var\u00bb &#8212; Av. Deniz Can K\u0131z\u0131l\" data-secret=\"o3R2q3b06G\" frameborder=\"0\" marginwidth=\"0\" marginheight=\"0\" scrolling=\"no\" class=\"wp-embedded-content\"><\/iframe><script>\n\/*! This file is auto-generated *\/\n!function(d,l){\"use strict\";l.querySelector&&d.addEventListener&&\"undefined\"!=typeof URL&&(d.wp=d.wp||{},d.wp.receiveEmbedMessage||(d.wp.receiveEmbedMessage=function(e){var t=e.data;if((t||t.secret||t.message||t.value)&&!\/[^a-zA-Z0-9]\/.test(t.secret)){for(var s,r,n,a=l.querySelectorAll('iframe[data-secret=\"'+t.secret+'\"]'),o=l.querySelectorAll('blockquote[data-secret=\"'+t.secret+'\"]'),c=new RegExp(\"^https?:$\",\"i\"),i=0;i<o.length;i++)o[i].style.display=\"none\";for(i=0;i<a.length;i++)s=a[i],e.source===s.contentWindow&&(s.removeAttribute(\"style\"),\"height\"===t.message?(1e3<(r=parseInt(t.value,10))?r=1e3:~~r<200&&(r=200),s.height=r):\"link\"===t.message&&(r=new URL(s.getAttribute(\"src\")),n=new URL(t.value),c.test(n.protocol))&&n.host===r.host&&l.activeElement===s&&(d.top.location.href=t.value))}},d.addEventListener(\"message\",d.wp.receiveEmbedMessage,!1),l.addEventListener(\"DOMContentLoaded\",function(){for(var e,t,s=l.querySelectorAll(\"iframe.wp-embedded-content\"),r=0;r<s.length;r++)(t=(e=s[r]).getAttribute(\"data-secret\"))||(t=Math.random().toString(36).substring(2,12),e.src+=\"#?secret=\"+t,e.setAttribute(\"data-secret\",t)),e.contentWindow.postMessage({message:\"ready\",secret:t},\"*\")},!1)))}(window,document);\n\/\/# sourceURL=https:\/\/denizcankizil.tr\/wp-includes\/js\/wp-embed.min.js\n<\/script>","description":"Par\u00e7al\u0131 ve \u00e7ok bulutlu havan\u0131n hakim olaca\u011f\u0131 yurt genelinde, yerel sa\u011fanak ve g\u00f6k g\u00fcr\u00fclt\u00fcl\u00fc sa\u011fanak ya\u011f\u0131\u015flar bekleniyor. Ya\u011f\u0131\u015flar; Kayseri hari\u00e7 \u0130\u00e7 Anadolu\u2019nun g\u00fcneyi, Denizli, Afyonkarahisar, Burdur, Isparta, Adana, Osmaniye, G\u00fcm\u00fc\u015fhane ve Bayburt \u00e7evreleri ile Antalya&#8217;n\u0131n i\u00e7, Kahramanmara\u015f&#8217;\u0131n ve Trabzon&#8217;un bat\u0131, Giresun&#8217;un do\u011fu kesimlerinde yer yer kuvvetli olacak.ANKARA (\u0130GFA) &#8211; Meteoroloji Genel M\u00fcd\u00fcrl\u00fc\u011f\u00fc 29 May\u0131s Per\u015fembe g\u00fcn\u00fcne ili\u015fkin hava tahminlere g\u00f6re T\u00fcrkiye genelinin par\u00e7al\u0131 ve \u00e7ok bulutlu olacak. Marmara\u2019n\u0131n do\u011fusu, \u0130\u00e7 Ege, Akdeniz, \u0130\u00e7 Anadolu, Bat\u0131 Karadeniz&#8217;in i\u00e7 kesimleri, Do\u011fu Karadeniz, Do\u011fu Anadolu\u2019nun bat\u0131s\u0131, K\u0131rklareli, Bal\u0131kesir, \u00c7orum, Ordu, Kars, Ardahan, Ad\u0131yaman, Gaziantep ve Kilis \u00e7evreleri ile \u015eanl\u0131urfa&#8217;n\u0131n kuzey kesimlerinin yerel olmak \u00fczere sa\u011fanak ve g\u00f6k g\u00fcr\u00fclt\u00fcl\u00fc sa\u011fanak ya\u011f\u0131\u015fl\u0131 ge\u00e7mesi bekleniyor. Ya\u011f\u0131\u015flar\u0131n, \u0130\u00e7 Anadolu\u2019nun g\u00fcneyi (Kayseri hari\u00e7), Denizli, Afyonkarahisar, Burdur, Isparta, Adana, Osmaniye, G\u00fcm\u00fc\u015fhane ve Bayburt \u00e7evreleri ile Antalya&#8217;n\u0131n i\u00e7, Kahramanmara\u015f&#8217;\u0131n ve Trabzon&#8217;un bat\u0131, Giresun&#8217;un do\u011fu kesimlerinde yer yer kuvvetli olmas\u0131 beklenirken, hava s\u0131cakl\u0131\u011f\u0131n\u0131n i\u00e7 ve g\u00fcney kesimlerde biraz azalaca\u011f\u0131, yurt genelinde mevsim normalleri civar\u0131nda seyredece\u011fi tahmin edildi. Meteoroloji&#8217;den yap\u0131lan &#8216;kuvvetli uyar\u0131&#8217; ya\u011f\u0131\u015flar y\u00f6n\u00fcnde oldu. Buna g\u00f6re ya\u011f\u0131\u015flar\u0131n, \u0130\u00e7 Anadolu\u2019nun g\u00fcneyi (Kayseri hari\u00e7), Denizli, Afyonkarahisar, Burdur, Isparta, Adana, Osmaniye, G\u00fcm\u00fc\u015fhane ve Bayburt \u00e7evreleri ile Antalya&#8217;n\u0131n i\u00e7, Kahramanmara\u015f&#8217;\u0131n ve Trabzon&#8217;un bat\u0131, Giresun&#8217;un do\u011fu kesimlerinde yer yer kuvvetli olmas\u0131 beklendi\u011finden ya\u015fanabilecek olumsuzluklara kar\u015f\u0131 dikkatli &hellip;"}