{"version":"1.0","provider_name":"Av. Deniz Can K\u0131z\u0131l","provider_url":"https:\/\/denizcankizil.tr\/ru","author_name":"Antalya K\u00f6rfez","author_url":"https:\/\/denizcankizil.tr\/ru\/author\/www-antalyakorfez-com\/","title":"Y\u00f6r\u00fckler yayla yolunda: Toroslar'a g\u00f6\u00e7 ba\u015flad\u0131","type":"rich","width":600,"height":338,"html":"<blockquote class=\"wp-embedded-content\" data-secret=\"wJ6GhbdYlU\"><a href=\"https:\/\/denizcankizil.tr\/ru\/haberler\/gundem\/yorukler-yayla-yolunda-toroslara-goc-basladi\/\">Y\u00f6r\u00fckler yayla yolunda: Toroslar&#8217;a g\u00f6\u00e7 ba\u015flad\u0131<\/a><\/blockquote><iframe sandbox=\"allow-scripts\" security=\"restricted\" src=\"https:\/\/denizcankizil.tr\/ru\/haberler\/gundem\/yorukler-yayla-yolunda-toroslara-goc-basladi\/embed\/#?secret=wJ6GhbdYlU\" width=\"600\" height=\"338\" title=\"\u00abY\u00f6r\u00fckler yayla yolunda: Toroslar&#8217;a g\u00f6\u00e7 ba\u015flad\u0131\u00bb &#8212; Av. Deniz Can K\u0131z\u0131l\" data-secret=\"wJ6GhbdYlU\" frameborder=\"0\" marginwidth=\"0\" marginheight=\"0\" scrolling=\"no\" class=\"wp-embedded-content\"><\/iframe><script>\n\/*! This file is auto-generated *\/\n!function(d,l){\"use strict\";l.querySelector&&d.addEventListener&&\"undefined\"!=typeof URL&&(d.wp=d.wp||{},d.wp.receiveEmbedMessage||(d.wp.receiveEmbedMessage=function(e){var t=e.data;if((t||t.secret||t.message||t.value)&&!\/[^a-zA-Z0-9]\/.test(t.secret)){for(var s,r,n,a=l.querySelectorAll('iframe[data-secret=\"'+t.secret+'\"]'),o=l.querySelectorAll('blockquote[data-secret=\"'+t.secret+'\"]'),c=new RegExp(\"^https?:$\",\"i\"),i=0;i<o.length;i++)o[i].style.display=\"none\";for(i=0;i<a.length;i++)s=a[i],e.source===s.contentWindow&&(s.removeAttribute(\"style\"),\"height\"===t.message?(1e3<(r=parseInt(t.value,10))?r=1e3:~~r<200&&(r=200),s.height=r):\"link\"===t.message&&(r=new URL(s.getAttribute(\"src\")),n=new URL(t.value),c.test(n.protocol))&&n.host===r.host&&l.activeElement===s&&(d.top.location.href=t.value))}},d.addEventListener(\"message\",d.wp.receiveEmbedMessage,!1),l.addEventListener(\"DOMContentLoaded\",function(){for(var e,t,s=l.querySelectorAll(\"iframe.wp-embedded-content\"),r=0;r<s.length;r++)(t=(e=s[r]).getAttribute(\"data-secret\"))||(t=Math.random().toString(36).substring(2,12),e.src+=\"#?secret=\"+t,e.setAttribute(\"data-secret\",t)),e.contentWindow.postMessage({message:\"ready\",secret:t},\"*\")},!1)))}(window,document);\n\/\/# sourceURL=https:\/\/denizcankizil.tr\/wp-includes\/js\/wp-embed.min.js\n<\/script>","description":"Akseki, Manavgat, G\u00fcndo\u011fmu\u015f ve Alanya il\u00e7elerinde hayvanc\u0131l\u0131k d\u0131\u015f\u0131nda ge\u00e7im kaynaklar\u0131 bulunmayan Y\u00f6r\u00fckler, havalar\u0131n \u0131s\u0131nmas\u0131 \u00fczerine daha serin olan yaylalar\u0131n yolunu tuttu. Y\u00f6r\u00fcklerden baz\u0131lar\u0131 k\u0131l \u00e7ad\u0131rlarda kal\u0131rlarken, baz\u0131lar\u0131 ise ta\u015ftan ve barakalardan kurulu obalarda kalarak konakl\u0131yorlar. Ekmek ihtiya\u00e7lar\u0131n\u0131 ise obalar\u0131nda bir araya gelen kad\u0131nlar yufka ekmek yaparak kar\u015f\u0131l\u0131yorlar. AT VE DEVE DEVR\u0130 B\u0130TT\u0130 Yaz mevsimini Akseki&#8217;nin 2 bin 200 rak\u0131ml\u0131 G\u00f6ktepe ve G\u00fcndo\u011fmu\u015f il\u00e7esinin 2 bin 50 metre rak\u0131ml\u0131 E\u011frig\u00f6l ve Alanya&#8217;n\u0131n 2 bin 200 metre rak\u0131ml\u0131 S\u00f6b\u00fc\u00e7imen Yaylalar\u0131nda ge\u00e7irecek Y\u00f6r\u00fckler, geli\u015fen teknolojiye ba\u011fl\u0131 olarak at ve deve s\u0131rt\u0131nda de\u011fil, motorlu ara\u00e7larla g\u00f6\u00e7 ediyor. Un, bulgur, tuz, kazan, tencere, yay\u0131k, be\u015fik, yatak ve yorganlar\u0131n\u0131 kamyonet, kamyon, trakt\u00f6r ve otomobil gibi \u00e7e\u015fitli ara\u00e7larla ta\u015f\u0131yan Y\u00f6r\u00fcklerin ana ge\u00e7im kayna\u011f\u0131 olan ke\u00e7iler ise \u00e7obanlar taraf\u0131ndan otlat\u0131larak g\u00f6t\u00fcr\u00fcl\u00fcp getiriliyor. Baz\u0131 Y\u00f6r\u00fckler ise hayvanlar\u0131n\u0131 kamyonlara y\u00fckleyerek yaylalar\u0131na getiriyorlar. HAVALARIN ISINMASIYLA G\u00d6\u00c7 BA\u015eLADI Y\u00f6r\u00fcklerden Ramazan Topa\u00e7a, hayvanc\u0131l\u0131k mesle\u011finin atalar\u0131ndan kald\u0131\u011f\u0131n\u0131, havalar\u0131n \u0131s\u0131nmas\u0131 ile birlikte Manavgat il\u00e7esinin Gebece k\u00f6y\u00fcnden her y\u0131l may\u0131s ay\u0131 sonlar\u0131nda hayvanlar\u0131n\u0131 Akseki&#8217;nin Alacabel Kakl\u0131kta\u015f yaylas\u0131na \u00e7\u0131kard\u0131klar\u0131n\u0131 ve obalar\u0131na yerle\u015ftiklerini s\u00f6yledi. &#8220;KEND\u0130M\u0130ZE A\u0130T M\u00dc\u015eTER\u0130LER\u0130M\u0130Z VAR&#8221; Topa\u00e7a &#8220;Hayvanlar\u0131 yaylaya \u00e7\u0131karmazsak s\u0131caktan dolay\u0131 bunal\u0131ma girer. B\u0131rak\u0131rsak kendili\u011finden yaylaya \u00e7\u0131kar. Ekim ay\u0131 sonunda Kas\u0131m ay\u0131 ba\u015f\u0131nda tekrar k\u00f6y\u00fcm\u00fcze d\u00f6nece\u011fiz. Ke\u00e7ilerin s\u00fct\u00fcnden yo\u011furt, ya\u011f ve peynir yap\u0131p , bunlar\u0131 &hellip;"}