{"version":"1.0","provider_name":"Av. Deniz Can K\u0131z\u0131l","provider_url":"https:\/\/denizcankizil.tr\/ru","author_name":"admin","author_url":"https:\/\/denizcankizil.tr\/ru\/author\/admin\/","title":"Y\u0131ld\u0131z Holding\u2019in deste\u011fiyle Roma\u2019da \u201cYoktunuz\u201d sergisi\u2026","type":"rich","width":600,"height":338,"html":"<blockquote class=\"wp-embedded-content\" data-secret=\"thzFJjl6yG\"><a href=\"https:\/\/denizcankizil.tr\/ru\/haberler\/gundem\/yildiz-holdingin-destegiyle-romada-yoktunuz-sergisi\/\">Y\u0131ld\u0131z Holding\u2019in deste\u011fiyle Roma\u2019da \u201cYoktunuz\u201d sergisi\u2026<\/a><\/blockquote><iframe sandbox=\"allow-scripts\" security=\"restricted\" src=\"https:\/\/denizcankizil.tr\/ru\/haberler\/gundem\/yildiz-holdingin-destegiyle-romada-yoktunuz-sergisi\/embed\/#?secret=thzFJjl6yG\" width=\"600\" height=\"338\" title=\"\u00abY\u0131ld\u0131z Holding\u2019in deste\u011fiyle Roma\u2019da \u201cYoktunuz\u201d sergisi\u2026\u00bb &#8212; Av. Deniz Can K\u0131z\u0131l\" data-secret=\"thzFJjl6yG\" frameborder=\"0\" marginwidth=\"0\" marginheight=\"0\" scrolling=\"no\" class=\"wp-embedded-content\"><\/iframe><script>\n\/*! This file is auto-generated *\/\n!function(d,l){\"use strict\";l.querySelector&&d.addEventListener&&\"undefined\"!=typeof URL&&(d.wp=d.wp||{},d.wp.receiveEmbedMessage||(d.wp.receiveEmbedMessage=function(e){var t=e.data;if((t||t.secret||t.message||t.value)&&!\/[^a-zA-Z0-9]\/.test(t.secret)){for(var s,r,n,a=l.querySelectorAll('iframe[data-secret=\"'+t.secret+'\"]'),o=l.querySelectorAll('blockquote[data-secret=\"'+t.secret+'\"]'),c=new RegExp(\"^https?:$\",\"i\"),i=0;i<o.length;i++)o[i].style.display=\"none\";for(i=0;i<a.length;i++)s=a[i],e.source===s.contentWindow&&(s.removeAttribute(\"style\"),\"height\"===t.message?(1e3<(r=parseInt(t.value,10))?r=1e3:~~r<200&&(r=200),s.height=r):\"link\"===t.message&&(r=new URL(s.getAttribute(\"src\")),n=new URL(t.value),c.test(n.protocol))&&n.host===r.host&&l.activeElement===s&&(d.top.location.href=t.value))}},d.addEventListener(\"message\",d.wp.receiveEmbedMessage,!1),l.addEventListener(\"DOMContentLoaded\",function(){for(var e,t,s=l.querySelectorAll(\"iframe.wp-embedded-content\"),r=0;r<s.length;r++)(t=(e=s[r]).getAttribute(\"data-secret\"))||(t=Math.random().toString(36).substring(2,12),e.src+=\"#?secret=\"+t,e.setAttribute(\"data-secret\",t)),e.contentWindow.postMessage({message:\"ready\",secret:t},\"*\")},!1)))}(window,document);\n\/\/# sourceURL=https:\/\/denizcankizil.tr\/wp-includes\/js\/wp-embed.min.js\n<\/script>","description":"1 Temmuz 2025\u2019te kap\u0131lar\u0131n\u0131 a\u00e7an sergi, yaln\u0131zca sanatseverlerin de\u011fil, k\u00fcresel sanat sahnesinin de ilgisini \u00e7ekti. K\u00fcrat\u00f6rl\u00fc\u011f\u00fcn\u00fc Sergio Risaliti ve Paola Marino\u2019nun \u00fcstlendi\u011fi sergi, heykel, video ve enstalasyonlardan olu\u015fan \u00e7ok katmanl\u0131 bir anlat\u0131yla sanatseverleri ge\u00e7mi\u015fle y\u00fczle\u015fmeye davet ediyor. Sergi, 28 Eyl\u00fcl 2025\u2019e kadar m\u00fczenin farkl\u0131 b\u00f6l\u00fcmlerinde \u00f6zel bir yerle\u015ftirmeyle ziyaret edilebilecek. \u2018ALFABE LAH\u0130TLER\u0130\u2019 VE \u2018YOKTUNUZ\u2019 DA\u0130M\u0130 KOLEKS\u0130YONDA\u2026 Y\u0131ld\u0131z Holding, sergi kapsam\u0131nda G\u00fcne\u015ftekin\u2019in \u201cAlfabe Lahitleri\u201d adl\u0131 eserini m\u00fczeye kal\u0131c\u0131 olarak ba\u011f\u0131\u015flad\u0131. Eser, Antonio Canova\u2019n\u0131n \u201cHerk\u00fcl ve Lika\u201d heykelinin sergilendi\u011fi b\u00fcy\u00fck neoklasik salonda yer al\u0131yor. Ayn\u0131 salonda serginin ad\u0131n\u0131 ta\u015f\u0131yan \u00e7arp\u0131c\u0131 enstalasyon \u201cYoktunuz\u201d da izleyiciyle bulu\u015fuyor. Serginin dikkat \u00e7eken di\u011fer yap\u0131tlar\u0131ndan biri olan \u201cHaf\u0131za Tepesi\u201d, binlerce lastik ayakkab\u0131dan olu\u015fan an\u0131tsal bir enstalasyon olarak klasik sava\u015f tablolar\u0131n\u0131n bulundu\u011fu salonda yer al\u0131yor. Eser, ge\u00e7mi\u015fin izlerini bug\u00fcn\u00fcn g\u00f6z\u00fcyle yeniden yorumluyor. Ayr\u0131ca, \u201cYedi G\u00f6zl\u00fc G\u00fcne\u015f\u201d adl\u0131 heykel de m\u00fczenin daimi koleksiyonuna dahil edilerek sanat\u00e7\u0131n\u0131n uluslararas\u0131 g\u00f6r\u00fcn\u00fcrl\u00fc\u011f\u00fcne katk\u0131 sa\u011fl\u0131yor. \u201cSANAT, HAFIZAYI VE V\u0130CDANI CANLANDIRIR\u201d Y\u0131ld\u0131z Holding Y\u00f6netim Kurulu \u00dcyesi, pladis ve GODIVA Y\u00f6netim Kurulu Ba\u015fkan\u0131 Murat \u00dclker, G\u00fcne\u015ftekin\u2019in eserlerinin evrensel de\u011ferler \u00fczerinden toplumsal haf\u0131zaya dokundu\u011funu belirterek \u201cSanat, insanl\u0131\u011f\u0131n zamans\u0131z ve ortak lisan\u0131; ayn\u0131 zamanda ge\u00e7mi\u015fin izlerini bug\u00fcn\u00fcn sorular\u0131yla yeniden anlamland\u0131rman\u0131n da g\u00fc\u00e7l\u00fc bir yolu. Ahmet G\u00fcne\u015ftekin\u2019in eserleri, tam da bu noktada kar\u015f\u0131m\u0131za \u00e7\u0131k\u0131yor. \u2018Yoktunuz\u2019 sergisi, kolektif haf\u0131zam\u0131za dokunuyor, &hellip;"}