{"version":"1.0","provider_name":"Av. Deniz Can K\u0131z\u0131l","provider_url":"https:\/\/denizcankizil.tr\/ru","author_name":"admin","author_url":"https:\/\/denizcankizil.tr\/ru\/author\/admin\/","title":"T\u00fcrkiye genelinde kuvvetli ya\u011f\u0131\u015f ve f\u0131rt\u0131na uyar\u0131s\u0131","type":"rich","width":600,"height":338,"html":"<blockquote class=\"wp-embedded-content\" data-secret=\"vGQUVcsOpr\"><a href=\"https:\/\/denizcankizil.tr\/ru\/haberler\/gundem\/turkiye-genelinde-kuvvetli-yagis-ve-firtina-uyarisi\/\">T\u00fcrkiye genelinde kuvvetli ya\u011f\u0131\u015f ve f\u0131rt\u0131na uyar\u0131s\u0131<\/a><\/blockquote><iframe sandbox=\"allow-scripts\" security=\"restricted\" src=\"https:\/\/denizcankizil.tr\/ru\/haberler\/gundem\/turkiye-genelinde-kuvvetli-yagis-ve-firtina-uyarisi\/embed\/#?secret=vGQUVcsOpr\" width=\"600\" height=\"338\" title=\"\u00abT\u00fcrkiye genelinde kuvvetli ya\u011f\u0131\u015f ve f\u0131rt\u0131na uyar\u0131s\u0131\u00bb &#8212; Av. Deniz Can K\u0131z\u0131l\" data-secret=\"vGQUVcsOpr\" frameborder=\"0\" marginwidth=\"0\" marginheight=\"0\" scrolling=\"no\" class=\"wp-embedded-content\"><\/iframe><script>\n\/*! This file is auto-generated *\/\n!function(d,l){\"use strict\";l.querySelector&&d.addEventListener&&\"undefined\"!=typeof URL&&(d.wp=d.wp||{},d.wp.receiveEmbedMessage||(d.wp.receiveEmbedMessage=function(e){var t=e.data;if((t||t.secret||t.message||t.value)&&!\/[^a-zA-Z0-9]\/.test(t.secret)){for(var s,r,n,a=l.querySelectorAll('iframe[data-secret=\"'+t.secret+'\"]'),o=l.querySelectorAll('blockquote[data-secret=\"'+t.secret+'\"]'),c=new RegExp(\"^https?:$\",\"i\"),i=0;i<o.length;i++)o[i].style.display=\"none\";for(i=0;i<a.length;i++)s=a[i],e.source===s.contentWindow&&(s.removeAttribute(\"style\"),\"height\"===t.message?(1e3<(r=parseInt(t.value,10))?r=1e3:~~r<200&&(r=200),s.height=r):\"link\"===t.message&&(r=new URL(s.getAttribute(\"src\")),n=new URL(t.value),c.test(n.protocol))&&n.host===r.host&&l.activeElement===s&&(d.top.location.href=t.value))}},d.addEventListener(\"message\",d.wp.receiveEmbedMessage,!1),l.addEventListener(\"DOMContentLoaded\",function(){for(var e,t,s=l.querySelectorAll(\"iframe.wp-embedded-content\"),r=0;r<s.length;r++)(t=(e=s[r]).getAttribute(\"data-secret\"))||(t=Math.random().toString(36).substring(2,12),e.src+=\"#?secret=\"+t,e.setAttribute(\"data-secret\",t)),e.contentWindow.postMessage({message:\"ready\",secret:t},\"*\")},!1)))}(window,document);\n\/\/# sourceURL=https:\/\/denizcankizil.tr\/wp-includes\/js\/wp-embed.min.js\n<\/script>","description":"Meteoroloji Genel M\u00fcd\u00fcrl\u00fc\u011f\u00fc, \u00fclke genelinde etkili olmas\u0131 beklenen sa\u011fanak ya\u011f\u0131\u015f ve f\u0131rt\u0131naya kar\u015f\u0131 vatanda\u015flar\u0131 uyard\u0131.ANKARA (\u0130GFA) &#8211; Yap\u0131lan son de\u011ferlendirmelere g\u00f6re, T\u00fcrkiye\u2019nin kuzey, i\u00e7 ve do\u011fu kesimlerinde par\u00e7al\u0131 ve yer yer \u00e7ok bulutlu bir hava beklenirken; \u0130\u00e7 Anadolu\u2019nun kuzeydo\u011fusu, Orta ve Do\u011fu Karadeniz, Do\u011fu Anadolu\u2019nun kuzeyi ile Kastamonu, Karab\u00fck ve Sinop \u00e7evrelerinde yerel sa\u011fanak ve g\u00f6k g\u00fcr\u00fclt\u00fcl\u00fc sa\u011fanak ya\u011f\u0131\u015flar g\u00f6r\u00fclecek. Ya\u011f\u0131\u015flar\u0131n, Orta ve Do\u011fu Karadeniz k\u0131y\u0131lar\u0131 ile Amasya, Tokat, Bayburt, Artvin, Ardahan ve Erzurum \u00e7evrelerinde kuvvetli; Samsun, Ordu ve Giresun \u00e7evrelerinde ise \u00e7ok kuvvetli ve yer yer \u015fiddetli olmas\u0131 bekleniyor. Meteoroloji, sel, su bask\u0131n\u0131, y\u0131ld\u0131r\u0131m, heyelan ve ula\u015f\u0131mda aksamalara kar\u015f\u0131 dikkatli olunmas\u0131 gerekti\u011fini vurgulad\u0131. Hava s\u0131cakl\u0131klar\u0131nda \u00f6nemli bir de\u011fi\u015fiklik beklenmezken, i\u00e7 ve do\u011fu b\u00f6lgelerde mevsim normallerinin alt\u0131nda, bat\u0131 kesimlerde ise normaller civar\u0131nda seyredece\u011fi tahmin ediliyor. R\u00fczgar\u0131n genellikle kuzey y\u00f6nlerden hafif, zaman zaman orta kuvvette esece\u011fi; Marmara\u2019n\u0131n g\u00fcneybat\u0131s\u0131, Kuzey Ege k\u0131y\u0131lar\u0131, \u0130\u00e7 Anadolu\u2019nun do\u011fusu, Do\u011fu Akdeniz\u2019in i\u00e7 kesimleri, Do\u011fu Anadolu\u2019nun g\u00fcneybat\u0131s\u0131 ve Ad\u0131yaman \u00e7evrelerinde ise kuvvetli ve k\u0131sa s\u00fcreli f\u0131rt\u0131na (40-70 km\/saat) \u015feklinde etkili olaca\u011f\u0131 bildirildi. Bu b\u00f6lgelerde \u00e7at\u0131 u\u00e7mas\u0131, a\u011fa\u00e7 devrilmesi ve ula\u015f\u0131mda aksamalara kar\u015f\u0131 tedbirli olunmas\u0131 istendi. Meteoroloji yetkilileri, vatanda\u015flar\u0131n g\u00fcncel hava durumu bilgilerini takip etmelerini ve \u00f6zellikle riskli b\u00f6lgelerde ya\u015fayanlar\u0131n gerekli \u00f6nlemleri almalar\u0131n\u0131 \u00f6neriyor. \u200bMeteoroloji Genel M\u00fcd\u00fcrl\u00fc\u011f\u00fc, \u00fclke &hellip;"}