{"version":"1.0","provider_name":"Av. Deniz Can K\u0131z\u0131l","provider_url":"https:\/\/denizcankizil.tr\/ru","author_name":"admin","author_url":"https:\/\/denizcankizil.tr\/ru\/author\/admin\/","title":"Temiz K\u00f6rfez i\u00e7in tarihi ad\u0131m","type":"rich","width":600,"height":338,"html":"<blockquote class=\"wp-embedded-content\" data-secret=\"dC7KaRYMFp\"><a href=\"https:\/\/denizcankizil.tr\/ru\/haberler\/gundem\/temiz-korfez-icin-tarihi-adim\/\">Temiz K\u00f6rfez i\u00e7in tarihi ad\u0131m<\/a><\/blockquote><iframe sandbox=\"allow-scripts\" security=\"restricted\" src=\"https:\/\/denizcankizil.tr\/ru\/haberler\/gundem\/temiz-korfez-icin-tarihi-adim\/embed\/#?secret=dC7KaRYMFp\" width=\"600\" height=\"338\" title=\"\u00abTemiz K\u00f6rfez i\u00e7in tarihi ad\u0131m\u00bb &#8212; Av. Deniz Can K\u0131z\u0131l\" data-secret=\"dC7KaRYMFp\" frameborder=\"0\" marginwidth=\"0\" marginheight=\"0\" scrolling=\"no\" class=\"wp-embedded-content\"><\/iframe><script>\n\/*! This file is auto-generated *\/\n!function(d,l){\"use strict\";l.querySelector&&d.addEventListener&&\"undefined\"!=typeof URL&&(d.wp=d.wp||{},d.wp.receiveEmbedMessage||(d.wp.receiveEmbedMessage=function(e){var t=e.data;if((t||t.secret||t.message||t.value)&&!\/[^a-zA-Z0-9]\/.test(t.secret)){for(var s,r,n,a=l.querySelectorAll('iframe[data-secret=\"'+t.secret+'\"]'),o=l.querySelectorAll('blockquote[data-secret=\"'+t.secret+'\"]'),c=new RegExp(\"^https?:$\",\"i\"),i=0;i<o.length;i++)o[i].style.display=\"none\";for(i=0;i<a.length;i++)s=a[i],e.source===s.contentWindow&&(s.removeAttribute(\"style\"),\"height\"===t.message?(1e3<(r=parseInt(t.value,10))?r=1e3:~~r<200&&(r=200),s.height=r):\"link\"===t.message&&(r=new URL(s.getAttribute(\"src\")),n=new URL(t.value),c.test(n.protocol))&&n.host===r.host&&l.activeElement===s&&(d.top.location.href=t.value))}},d.addEventListener(\"message\",d.wp.receiveEmbedMessage,!1),l.addEventListener(\"DOMContentLoaded\",function(){for(var e,t,s=l.querySelectorAll(\"iframe.wp-embedded-content\"),r=0;r<s.length;r++)(t=(e=s[r]).getAttribute(\"data-secret\"))||(t=Math.random().toString(36).substring(2,12),e.src+=\"#?secret=\"+t,e.setAttribute(\"data-secret\",t)),e.contentWindow.postMessage({message:\"ready\",secret:t},\"*\")},!1)))}(window,document);\n\/\/# sourceURL=https:\/\/denizcankizil.tr\/wp-includes\/js\/wp-embed.min.js\n<\/script>","description":"\u0130zmir&#8217;de \u00c7i\u011fli At\u0131ksu Ar\u0131tma Tesisi\u2019nin 4. faz\u0131 i\u00e7in geri say\u0131m ba\u015flad\u0131.\u0130ZM\u0130R (\u0130GFA) &#8211; \u0130zmir B\u00fcy\u00fck\u015fehir Belediye Ba\u015fkan\u0131 Cemil Tugay, \u00c7i\u011fli \u0130leri Biyolojik At\u0131ksu Ar\u0131tma Tesisi\u2019nin kapasitesini art\u0131racak 4. faz\u0131n yap\u0131m \u00e7al\u0131\u015fmalar\u0131n\u0131 inceledi. \u0130ZSU Genel M\u00fcd\u00fcr\u00fc G\u00fcrkan Erdo\u011fan, \u0130ZSU Genel M\u00fcd\u00fcr Yard\u0131mc\u0131s\u0131 Atilla Hakan \u00d6zel ve At\u0131ksu Ar\u0131tma Dairesi Ba\u015fkan\u0131 \u0130lknur Kesercio\u011flu mevcut durum ve y\u00fcr\u00fct\u00fclen \u00e7al\u0131\u015fmalar hakk\u0131nda Ba\u015fkan Tugay\u2019a sunum yapt\u0131. Tesiste mekanik ve elektronik i\u015flerin devam etti\u011fi bildirildi. Tesisi Nisan ay\u0131n\u0131n sonunda a\u00e7may\u0131 planlad\u0131klar\u0131n\u0131 belirten Ba\u015fkan Tugay, \u201cK\u00f6rfez\u2019in temizlenmesi i\u00e7in kent tarihinin en b\u00fcy\u00fck yat\u0131r\u0131mlar\u0131n\u0131 yap\u0131yoruz. K\u00f6rfez temizlenene kadar durmayaca\u011f\u0131z\u201d dedi. HEDEF N\u0130SAN SONU \u0130zmir K\u00f6rfezi\u2019nin temizlenmesi i\u00e7in tarihi yat\u0131r\u0131mlar yapt\u0131klar\u0131n\u0131n alt\u0131n\u0131 \u00e7izen \u0130zmir B\u00fcy\u00fck\u015fehir Belediye Ba\u015fkan\u0131 Dr. Cemil Tugay, bu y\u0131l sadece K\u00f6rfez temizli\u011fi ve altyap\u0131 i\u00e7in b\u00fct\u00e7emizden 9 milyar lira gibi bir kaynak ay\u0131rd\u0131klar\u0131n\u0131 belirterek, &#8220;3 fazdan olu\u015fan \u00c7i\u011fli At\u0131ksu Ar\u0131tma Tesisi\u2019ndeki bak\u0131m ve yenileme \u00e7al\u0131\u015fmalar\u0131n\u0131 tamamlad\u0131k. 4\u2019\u00fcnc\u00fc faz in\u015faat\u0131nda ise y\u00fczde 90 seviyesine geldik. Yeni \u00fcnitenin de hizmete al\u0131nmas\u0131yla T\u00fcrkiye\u2019nin en b\u00fcy\u00fck ar\u0131tma tesisine sahip kent unvan\u0131 yeniden \u0130zmir\u2019e ait olacak. Mart ay\u0131 sonunda tesiste test a\u015famas\u0131na ge\u00e7ece\u011fiz. Nisan ay\u0131 sonunda da tesisimizi a\u00e7may\u0131 planl\u0131yoruz. K\u00f6rfez\u2019de kent tarihinin en b\u00fcy\u00fck dip tarama \u00e7al\u0131\u015fmas\u0131n\u0131 ba\u015flatt\u0131k. Kendi kaynaklar\u0131m\u0131zla yapt\u0131\u011f\u0131m\u0131z bu \u00e7al\u0131\u015fmalara devam edecek,\u00a0 K\u00f6rfez tamamen temizlenene kadar durmayaca\u011f\u0131z\u201d &hellip;"}