{"version":"1.0","provider_name":"Av. Deniz Can K\u0131z\u0131l","provider_url":"https:\/\/denizcankizil.tr\/ru","author_name":"Antalya K\u00f6rfez","author_url":"https:\/\/denizcankizil.tr\/ru\/author\/www-antalyakorfez-com\/","title":"Te\u011fmenler neden TSK'dan at\u0131ld\u0131? MSB kaynaklar\u0131 a\u00e7\u0131klad\u0131","type":"rich","width":600,"height":338,"html":"<blockquote class=\"wp-embedded-content\" data-secret=\"JHXoqbkcY2\"><a href=\"https:\/\/denizcankizil.tr\/ru\/haberler\/gundem\/tegmenler-neden-tskdan-atildi-msb-kaynaklari-acikladi\/\">Te\u011fmenler neden TSK&#8217;dan at\u0131ld\u0131? MSB kaynaklar\u0131 a\u00e7\u0131klad\u0131<\/a><\/blockquote><iframe sandbox=\"allow-scripts\" security=\"restricted\" src=\"https:\/\/denizcankizil.tr\/ru\/haberler\/gundem\/tegmenler-neden-tskdan-atildi-msb-kaynaklari-acikladi\/embed\/#?secret=JHXoqbkcY2\" width=\"600\" height=\"338\" title=\"\u00abTe\u011fmenler neden TSK&#8217;dan at\u0131ld\u0131? MSB kaynaklar\u0131 a\u00e7\u0131klad\u0131\u00bb &#8212; Av. Deniz Can K\u0131z\u0131l\" data-secret=\"JHXoqbkcY2\" frameborder=\"0\" marginwidth=\"0\" marginheight=\"0\" scrolling=\"no\" class=\"wp-embedded-content\"><\/iframe><script>\n\/*! This file is auto-generated *\/\n!function(d,l){\"use strict\";l.querySelector&&d.addEventListener&&\"undefined\"!=typeof URL&&(d.wp=d.wp||{},d.wp.receiveEmbedMessage||(d.wp.receiveEmbedMessage=function(e){var t=e.data;if((t||t.secret||t.message||t.value)&&!\/[^a-zA-Z0-9]\/.test(t.secret)){for(var s,r,n,a=l.querySelectorAll('iframe[data-secret=\"'+t.secret+'\"]'),o=l.querySelectorAll('blockquote[data-secret=\"'+t.secret+'\"]'),c=new RegExp(\"^https?:$\",\"i\"),i=0;i<o.length;i++)o[i].style.display=\"none\";for(i=0;i<a.length;i++)s=a[i],e.source===s.contentWindow&&(s.removeAttribute(\"style\"),\"height\"===t.message?(1e3<(r=parseInt(t.value,10))?r=1e3:~~r<200&&(r=200),s.height=r):\"link\"===t.message&&(r=new URL(s.getAttribute(\"src\")),n=new URL(t.value),c.test(n.protocol))&&n.host===r.host&&l.activeElement===s&&(d.top.location.href=t.value))}},d.addEventListener(\"message\",d.wp.receiveEmbedMessage,!1),l.addEventListener(\"DOMContentLoaded\",function(){for(var e,t,s=l.querySelectorAll(\"iframe.wp-embedded-content\"),r=0;r<s.length;r++)(t=(e=s[r]).getAttribute(\"data-secret\"))||(t=Math.random().toString(36).substring(2,12),e.src+=\"#?secret=\"+t,e.setAttribute(\"data-secret\",t)),e.contentWindow.postMessage({message:\"ready\",secret:t},\"*\")},!1)))}(window,document);\n\/\/# sourceURL=https:\/\/denizcankizil.tr\/wp-includes\/js\/wp-embed.min.js\n<\/script>","description":"Milli Savunma Bakanl\u0131\u011f\u0131 kaynaklar\u0131, k\u0131l\u0131\u00e7l\u0131 yemin t\u00f6renine ili\u015fkin, &#8220;Bu gen\u00e7ler s\u00f6yledikleri s\u00f6zlerden de\u011fil, \u00f6nceden planl\u0131, toplu ve organize bir disiplinsizlik yapt\u0131klar\u0131, mutlak itaati bozduklar\u0131 ve T\u00fcrk Silahl\u0131 Kuvvetleri&#8217;nin itibar\u0131n\u0131 zedeledikleri i\u00e7in cezaland\u0131r\u0131ld\u0131lar&#8221; dedi. &#8220;TSK&#8217;N\u0130N \u0130T\u0130BARINI ZEDELED\u0130KLER\u0130 \u0130\u00c7\u0130N ATILDILAR&#8221; Milli Savunma Bakanl\u0131\u011f\u0131 kaynaklar\u0131, Y\u00fcksek Disiplin Kurulu karar\u0131 ile T\u00fcrk Silahl\u0131 Kuvvetleri&#8217;nden (TSK) ay\u0131rma cezas\u0131 alan baz\u0131 te\u011fmenlerle ilgili sorular \u00fczerine \u015funlar\u0131 s\u00f6yledi: &#8220;Kara Harp Okulu Sancak Devir Teslim ve Mezuniyet T\u00f6reni sonras\u0131 ba\u015flat\u0131lan idari ve disiplin soru\u015fturmalar\u0131 ile Y\u00fcksek Disiplin Kurulu s\u00fcreci b\u00fcy\u00fck bir hassasiyetle y\u00fcr\u00fct\u00fclm\u00fc\u015ft\u00fcr. Daha \u00f6nce de vurgulad\u0131\u011f\u0131m\u0131z gibi T\u00fcrk Silahl\u0131 Kuvvetleri&#8217;nde m\u00fcesses disiplinin muhafazas\u0131 ve idamesi olmazsa olmazd\u0131r. T\u00fcrk Silahl\u0131 Kuvvetlerimiz olaylara disiplin anlay\u0131\u015f\u0131 i\u00e7erisinde bakmakta ve i\u015flemleri de ilgili hukuki mevzuat \u00e7er\u00e7evesinde yerine getirmektedir. \u00dcst\u00fcne basarak bir kez daha vurgulamakta fayda var. Al\u0131nan karar\u0131n okunan metinle ve i\u00e7erikle hi\u00e7bir ilgisi yoktur.&#8221; SORUN S\u00d6YLED\u0130KLER\u0130 S\u00d6ZLER DE\u011e\u0130L\u00a0 &#8220;Bu olay toplumda ger\u00e7ekler \u00fczerinden de\u011fil, ba\u011flam\u0131ndan kopar\u0131larak alg\u0131lar \u00fczerinden tart\u0131\u015f\u0131lmakta. Bu gen\u00e7ler s\u00f6yledikleri s\u00f6zlerden de\u011fil, \u00f6nceden planl\u0131, toplu ve organize bir disiplinsizlik yapt\u0131klar\u0131, mutlak itaati bozduklar\u0131 ve T\u00fcrk Silahl\u0131 Kuvvetleri&#8217;nin itibar\u0131n\u0131 zedeledikleri i\u00e7in cezaland\u0131r\u0131ld\u0131lar. Te\u011fmenlerin &#8216;Mustafa Kemal\u2019in askeriyiz&#8217; dedikleri i\u00e7in cezaland\u0131r\u0131ld\u0131klar\u0131 s\u00f6ylemi T\u00fcrk Silahl\u0131 Kuvvetleri&#8217;ne at\u0131labilecek en b\u00fcy\u00fck iftiralardan biridir, hakarettir. \u00dcst\u00fcn disiplin anlay\u0131\u015f\u0131 ile t\u00fcm d\u00fcnyada temay\u00fcz eden ordumuzun ba\u015far\u0131 &hellip;"}