{"version":"1.0","provider_name":"Av. Deniz Can K\u0131z\u0131l","provider_url":"https:\/\/denizcankizil.tr\/ru","author_name":"admin","author_url":"https:\/\/denizcankizil.tr\/ru\/author\/admin\/","title":"\u201cTatil Hayal Oldu, Emekliler Dertli, Gen\u00e7ler Umutsuz\u201d","type":"rich","width":600,"height":338,"html":"<blockquote class=\"wp-embedded-content\" data-secret=\"Kvhq9Sk1n0\"><a href=\"https:\/\/denizcankizil.tr\/ru\/haberler\/gundem\/tatil-hayal-oldu-emekliler-dertli-gencler-umutsuz\/\">\u201cTatil Hayal Oldu, Emekliler Dertli, Gen\u00e7ler Umutsuz\u201d<\/a><\/blockquote><iframe sandbox=\"allow-scripts\" security=\"restricted\" src=\"https:\/\/denizcankizil.tr\/ru\/haberler\/gundem\/tatil-hayal-oldu-emekliler-dertli-gencler-umutsuz\/embed\/#?secret=Kvhq9Sk1n0\" width=\"600\" height=\"338\" title=\"\u00ab\u201cTatil Hayal Oldu, Emekliler Dertli, Gen\u00e7ler Umutsuz\u201d\u00bb &#8212; Av. Deniz Can K\u0131z\u0131l\" data-secret=\"Kvhq9Sk1n0\" frameborder=\"0\" marginwidth=\"0\" marginheight=\"0\" scrolling=\"no\" class=\"wp-embedded-content\"><\/iframe><script>\n\/*! This file is auto-generated *\/\n!function(d,l){\"use strict\";l.querySelector&&d.addEventListener&&\"undefined\"!=typeof URL&&(d.wp=d.wp||{},d.wp.receiveEmbedMessage||(d.wp.receiveEmbedMessage=function(e){var t=e.data;if((t||t.secret||t.message||t.value)&&!\/[^a-zA-Z0-9]\/.test(t.secret)){for(var s,r,n,a=l.querySelectorAll('iframe[data-secret=\"'+t.secret+'\"]'),o=l.querySelectorAll('blockquote[data-secret=\"'+t.secret+'\"]'),c=new RegExp(\"^https?:$\",\"i\"),i=0;i<o.length;i++)o[i].style.display=\"none\";for(i=0;i<a.length;i++)s=a[i],e.source===s.contentWindow&&(s.removeAttribute(\"style\"),\"height\"===t.message?(1e3<(r=parseInt(t.value,10))?r=1e3:~~r<200&&(r=200),s.height=r):\"link\"===t.message&&(r=new URL(s.getAttribute(\"src\")),n=new URL(t.value),c.test(n.protocol))&&n.host===r.host&&l.activeElement===s&&(d.top.location.href=t.value))}},d.addEventListener(\"message\",d.wp.receiveEmbedMessage,!1),l.addEventListener(\"DOMContentLoaded\",function(){for(var e,t,s=l.querySelectorAll(\"iframe.wp-embedded-content\"),r=0;r<s.length;r++)(t=(e=s[r]).getAttribute(\"data-secret\"))||(t=Math.random().toString(36).substring(2,12),e.src+=\"#?secret=\"+t,e.setAttribute(\"data-secret\",t)),e.contentWindow.postMessage({message:\"ready\",secret:t},\"*\")},!1)))}(window,document);\n\/\/# sourceURL=https:\/\/denizcankizil.tr\/wp-includes\/js\/wp-embed.min.js\n<\/script>","description":"\u0130skenderun.org ekibi sokaktaki vatanda\u015fa, yaz mevsiminde ya\u015fam yo\u011funlu\u011fundan kurtulma, stres atma, yeni yerleri g\u00f6rme merak\u0131n\u0131 gibi ihtiya\u00e7lar\u0131n\u0131 kar\u015f\u0131lamak \u00fczere \u2018tatil\u2019 planlar\u0131 yap\u0131p, yapamad\u0131\u011f\u0131n\u0131 sordu. \u00d6zellikle ekonomik sorunlar y\u00fcz\u00fcnden vatanda\u015flar\u0131n b\u00fcy\u00fck bir b\u00f6l\u00fcm\u00fcn\u00fcn \u2018tatil\u2019 planlamas\u0131 yapamad\u0131\u011f\u0131n\u0131 vurgulad\u0131. \u0130skenderun.org mikrofonlar\u0131na konu\u015fan bir emekli, 20 y\u0131l \u00f6nce Lara\u2019ya gittiklerini, o g\u00fcnden bu yana tatile \u00e7\u0131kamad\u0131\u011f\u0131n\u0131 belirterek, \u201cVallahi tatil deyince planlama yapmam\u0131z m\u00fcmk\u00fcn de\u011fil, ben bir emekliyim. Emekliler art\u0131k tatile de\u011fil ama ancak mezarl\u0131\u011fa gider\u201d dedi. K\u00f6y\u00fcne dahi gidemedi\u011fini dile getiren bir vatanda\u015f da, \u201cEvim var ama gidemiyorum. Ne yapaca\u011f\u0131m? Hi\u00e7bir yere gidecek halim yok. Biz bittik art\u0131k,\u201d ifadeleriyle \u00e7aresizli\u011fini anlatt\u0131. Ba\u015fka bir emekli ise \u201cTatil hayal oldu. Dolmu\u015f paras\u0131 30 lira. Emekli maa\u015f\u0131yla nereye gidebilirsiniz ki? \u00c7ocuklar\u0131m Afyon\u2019da, 2,5 y\u0131ld\u0131r g\u00f6remiyorum. Ben burada yaln\u0131z kald\u0131m,\u201d diye konu\u015ftu. Y\u0131llar \u00f6nce deniz kenar\u0131nda tatil yapan ailelerin, art\u0131k en yak\u0131n beldeye bile gidemedi\u011fini vurgulayan ba\u015fka bir vatanda\u015f ise, \u201c2017&#8217;de gitmi\u015ftik, o zamandan beri tatil yok. Emekliyiz, 4.000 TL ile ge\u00e7inmeye \u00e7al\u0131\u015f\u0131yoruz,\u201d dedi. Tatilin art\u0131k sadece bir \u201cekonomik hesap\u201d haline geldi\u011fini anlatan bir kad\u0131n ise \u015funlar\u0131 s\u00f6yledi: \u201cTatile gitmek i\u00e7in her kuru\u015fu hesaplamak zorunday\u0131m. \u00c7ocukken ailecek giderdik, art\u0131k hayal oldu,\u201d Sa\u011fl\u0131k sorunlar\u0131 nedeniyle \u00e7al\u0131\u015famad\u0131\u011f\u0131n\u0131 belirten bir kad\u0131n vatanda\u015f da, \u201cKimseye muhta\u00e7 kalmak istemem ama g\u00fcc\u00fcm yok,\u201d diyerek &hellip;"}