{"version":"1.0","provider_name":"Av. Deniz Can K\u0131z\u0131l","provider_url":"https:\/\/denizcankizil.tr\/ru","author_name":"Antalya K\u00f6rfez","author_url":"https:\/\/denizcankizil.tr\/ru\/author\/www-antalyakorfez-com\/","title":"Son dakika! Volkan Konak hayat\u0131n\u0131 kaybetti","type":"rich","width":600,"height":338,"html":"<blockquote class=\"wp-embedded-content\" data-secret=\"bKtju43Yk1\"><a href=\"https:\/\/denizcankizil.tr\/ru\/haberler\/gundem\/son-dakika-volkan-konak-hayatini-kaybetti\/\">Son dakika! Volkan Konak hayat\u0131n\u0131 kaybetti<\/a><\/blockquote><iframe sandbox=\"allow-scripts\" security=\"restricted\" src=\"https:\/\/denizcankizil.tr\/ru\/haberler\/gundem\/son-dakika-volkan-konak-hayatini-kaybetti\/embed\/#?secret=bKtju43Yk1\" width=\"600\" height=\"338\" title=\"\u00abSon dakika! Volkan Konak hayat\u0131n\u0131 kaybetti\u00bb &#8212; Av. Deniz Can K\u0131z\u0131l\" data-secret=\"bKtju43Yk1\" frameborder=\"0\" marginwidth=\"0\" marginheight=\"0\" scrolling=\"no\" class=\"wp-embedded-content\"><\/iframe><script>\n\/*! This file is auto-generated *\/\n!function(d,l){\"use strict\";l.querySelector&&d.addEventListener&&\"undefined\"!=typeof URL&&(d.wp=d.wp||{},d.wp.receiveEmbedMessage||(d.wp.receiveEmbedMessage=function(e){var t=e.data;if((t||t.secret||t.message||t.value)&&!\/[^a-zA-Z0-9]\/.test(t.secret)){for(var s,r,n,a=l.querySelectorAll('iframe[data-secret=\"'+t.secret+'\"]'),o=l.querySelectorAll('blockquote[data-secret=\"'+t.secret+'\"]'),c=new RegExp(\"^https?:$\",\"i\"),i=0;i<o.length;i++)o[i].style.display=\"none\";for(i=0;i<a.length;i++)s=a[i],e.source===s.contentWindow&&(s.removeAttribute(\"style\"),\"height\"===t.message?(1e3<(r=parseInt(t.value,10))?r=1e3:~~r<200&&(r=200),s.height=r):\"link\"===t.message&&(r=new URL(s.getAttribute(\"src\")),n=new URL(t.value),c.test(n.protocol))&&n.host===r.host&&l.activeElement===s&&(d.top.location.href=t.value))}},d.addEventListener(\"message\",d.wp.receiveEmbedMessage,!1),l.addEventListener(\"DOMContentLoaded\",function(){for(var e,t,s=l.querySelectorAll(\"iframe.wp-embedded-content\"),r=0;r<s.length;r++)(t=(e=s[r]).getAttribute(\"data-secret\"))||(t=Math.random().toString(36).substring(2,12),e.src+=\"#?secret=\"+t,e.setAttribute(\"data-secret\",t)),e.contentWindow.postMessage({message:\"ready\",secret:t},\"*\")},!1)))}(window,document);\n\/\/# sourceURL=https:\/\/denizcankizil.tr\/wp-includes\/js\/wp-embed.min.js\n<\/script>","description":"Kuzey K\u0131br\u0131s T\u00fcrk Cumhuriyeti&#8217;nde (KKTC) verdi\u011fi konser s\u0131ras\u0131nda fenala\u015fan \u015fark\u0131c\u0131 Volkan Konak, ilk m\u00fcdahalesinin ard\u0131ndan hastaneye kald\u0131r\u0131ld\u0131. \u00dcnl\u00fc sanat\u00e7\u0131 t\u00fcm m\u00fcdahalelere ra\u011fmen kurtar\u0131lamad\u0131. KONSER\u0130 \u0130ZLEYENLER \u0130LK M\u00dcDAHALEY\u0130 YAPTI \u0130skele kentindeki bir otelde sahne alan Volkan Konak konser s\u0131ras\u0131nda fenala\u015ft\u0131. \u0130lk m\u00fcdahalesi konseri izleyenler taraf\u0131ndan yap\u0131lan Konak, daha sonra \u00e7a\u011fr\u0131lan ambulans ile Gazima\u011fusa Devlet Hastanesi&#8217;ne kald\u0131r\u0131ld\u0131. Ramazan Bayram\u0131 nedeniyle \u00f6zel olarak sahne almak \u00fczere KKTC&#8217;ye geldi\u011fi \u00f6\u011frenilen Konak hastanede t\u00fcm m\u00fcdahalelere ra\u011fmen kurtar\u0131lamad\u0131. VOLKAN KONAK HAYATINI KAYBETT\u0130 KKTC Sa\u011fl\u0131k Bakanl\u0131\u011f\u0131 a\u00e7\u0131klama yapt\u0131: &#8220;Bu gece aniden rahats\u0131zlanmas\u0131 nedeniyle 00.17\u2019de Ma\u011fusa Devlet Hastanesi\u2019ne m\u00fcracaat ettirilen sanat\u00e7\u0131 Volkan Konak, 00.42\u2019de t\u00fcm m\u00fcdahalelere ra\u011fmen maalesef hayat\u0131n\u0131 kaybetmi\u015ftir&#8230;&#8221; \u200b\u00dcnl\u00fc sanat\u00e7\u0131 Volkan Konak, KKTC\u2019de verdi\u011fi konser s\u0131ras\u0131nda fenala\u015ft\u0131. Hastaneye kald\u0131r\u0131lan 58 ya\u015f\u0131ndaki Konak t\u00fcm m\u00fcdahalelere ra\u011fmen kurtar\u0131lamad\u0131.\u00a0 \u200bHaberin Al\u0131nt\u0131land\u0131\u011f\u0131 Kaynak: www.antalyakorfez.com"}