{"version":"1.0","provider_name":"Av. Deniz Can K\u0131z\u0131l","provider_url":"https:\/\/denizcankizil.tr\/ru","author_name":"Av. Deniz Can K\u0131z\u0131l","author_url":"https:\/\/denizcankizil.tr\/ru","title":"SGK'ya y\u00f6nelik d\u00fczenlemeler bu hafta TBMM'de","type":"rich","width":600,"height":338,"html":"<blockquote class=\"wp-embedded-content\" data-secret=\"vt91DSmpJW\"><a href=\"https:\/\/denizcankizil.tr\/ru\/haberler\/gundem\/sgkya-yonelik-duzenlemeler-bu-hafta-tbmmde\/\">SGK&#8217;ya y\u00f6nelik d\u00fczenlemeler bu hafta TBMM&#8217;de<\/a><\/blockquote><iframe sandbox=\"allow-scripts\" security=\"restricted\" src=\"https:\/\/denizcankizil.tr\/ru\/haberler\/gundem\/sgkya-yonelik-duzenlemeler-bu-hafta-tbmmde\/embed\/#?secret=vt91DSmpJW\" width=\"600\" height=\"338\" title=\"\u00abSGK&#8217;ya y\u00f6nelik d\u00fczenlemeler bu hafta TBMM&#8217;de\u00bb &#8212; Av. Deniz Can K\u0131z\u0131l\" data-secret=\"vt91DSmpJW\" frameborder=\"0\" marginwidth=\"0\" marginheight=\"0\" scrolling=\"no\" class=\"wp-embedded-content\"><\/iframe><script>\n\/*! This file is auto-generated *\/\n!function(d,l){\"use strict\";l.querySelector&&d.addEventListener&&\"undefined\"!=typeof URL&&(d.wp=d.wp||{},d.wp.receiveEmbedMessage||(d.wp.receiveEmbedMessage=function(e){var t=e.data;if((t||t.secret||t.message||t.value)&&!\/[^a-zA-Z0-9]\/.test(t.secret)){for(var s,r,n,a=l.querySelectorAll('iframe[data-secret=\"'+t.secret+'\"]'),o=l.querySelectorAll('blockquote[data-secret=\"'+t.secret+'\"]'),c=new RegExp(\"^https?:$\",\"i\"),i=0;i<o.length;i++)o[i].style.display=\"none\";for(i=0;i<a.length;i++)s=a[i],e.source===s.contentWindow&&(s.removeAttribute(\"style\"),\"height\"===t.message?(1e3<(r=parseInt(t.value,10))?r=1e3:~~r<200&&(r=200),s.height=r):\"link\"===t.message&&(r=new URL(s.getAttribute(\"src\")),n=new URL(t.value),c.test(n.protocol))&&n.host===r.host&&l.activeElement===s&&(d.top.location.href=t.value))}},d.addEventListener(\"message\",d.wp.receiveEmbedMessage,!1),l.addEventListener(\"DOMContentLoaded\",function(){for(var e,t,s=l.querySelectorAll(\"iframe.wp-embedded-content\"),r=0;r<s.length;r++)(t=(e=s[r]).getAttribute(\"data-secret\"))||(t=Math.random().toString(36).substring(2,12),e.src+=\"#?secret=\"+t,e.setAttribute(\"data-secret\",t)),e.contentWindow.postMessage({message:\"ready\",secret:t},\"*\")},!1)))}(window,document);\n\/\/# sourceURL=https:\/\/denizcankizil.tr\/wp-includes\/js\/wp-embed.min.js\n<\/script>","description":"TBMM Genel Kurulu bu hafta, Sosyal Sigortalar ve Genel Sa\u011fl\u0131k Sigortas\u0131 Kanunu ile Baz\u0131 Kanunlarda De\u011fi\u015fiklik Yap\u0131lmas\u0131na Dair Kanun Teklifi&#8217;ni ele alacak.ANKARA (\u0130GFA) &#8211; TBMM Genel Kurulu, haftal\u0131k \u00e7al\u0131\u015fmas\u0131na 7 Ocak Sal\u0131 g\u00fcn\u00fc ba\u015flayacak. TBMM&#8217;de bu hafta Sosyal Sigortalar ve Genel Sa\u011fl\u0131k Sigortas\u0131 Kanunu ile Baz\u0131 Kanunlarda De\u011fi\u015fiklik Yap\u0131lmas\u0131na Dair Kanun Teklifi g\u00f6r\u00fc\u015f\u00fclecek.\u00a0 Teklife g\u00f6re, yabanc\u0131lara sunulan hizmetler, mesai d\u0131\u015f\u0131nda sunulan geleneksel ve tamamlay\u0131c\u0131 t\u0131p uygulamalar\u0131 ile \u00f6zel ama\u00e7l\u0131 raporlardan Bakanl\u0131k\u00e7a belirlenenler hari\u00e7 olmak \u00fczere aile hekimli\u011fi hizmetleri \u00fccretsiz olacak. Daha fazla klinik ara\u015ft\u0131rma yap\u0131lmas\u0131na y\u00f6nelik d\u00fczenlemeye gidilecek teklifle ayakta tedavide hekim ve di\u015f hekimi muayenesi i\u00e7in kat\u0131l\u0131m pay\u0131 20 lira olacak. \u00d6zel sekt\u00f6r i\u015fverenlerinin SGK&#8217;ye \u00f6deyecekleri malull\u00fck, ya\u015fl\u0131l\u0131k ve \u00f6l\u00fcm sigortas\u0131 primi i\u00e7in sa\u011flanan 5 puanl\u0131k sigorta prim indirimi 4 puan olarak uygulanacak. Ayr\u0131ca imalat sekt\u00f6r\u00fcndeki i\u015f yerlerine y\u00f6nelik malull\u00fck, ya\u015fl\u0131l\u0131k ve \u00f6l\u00fcm sigortas\u0131 priminden sa\u011flanacak 5 puanl\u0131k indirim, 31 Aral\u0131k 2026&#8217;ya kadar devam edecek. Cumhurba\u015fkan\u0131 bu s\u00fcreyi 31 Aral\u0131k 2027&#8217;ye kadar uzatmaya yetkili olacak. Sigortal\u0131l\u0131\u011f\u0131 31 Aral\u0131k 2008&#8217;den \u00f6nce ba\u015flayanlardan \u00e7al\u0131\u015fma g\u00fcc\u00fc kay\u0131p oran\u0131 y\u00fczde 40 ila y\u00fczde 49 olanlar 18 y\u0131l sigortal\u0131l\u0131k s\u00fcresi ve 4 bin 100 g\u00fcn prim \u00f6demeleri, y\u00fczde 50 ila y\u00fczde 59 olanlar 16 y\u0131l sigortal\u0131l\u0131k s\u00fcresi ve 3 bin 700 g\u00fcn prim \u00f6demeleri &hellip;"}