{"version":"1.0","provider_name":"Av. Deniz Can K\u0131z\u0131l","provider_url":"https:\/\/denizcankizil.tr\/ru","author_name":"admin","author_url":"https:\/\/denizcankizil.tr\/ru\/author\/admin\/","title":"Samsun'da Derecik Mezarl\u0131\u011f\u0131 \u00e7al\u0131\u015fmalar ba\u015flad\u0131","type":"rich","width":600,"height":338,"html":"<blockquote class=\"wp-embedded-content\" data-secret=\"hfCbvLyCKg\"><a href=\"https:\/\/denizcankizil.tr\/ru\/haberler\/gundem\/samsunda-derecik-mezarligi-calismalar-basladi\/\">Samsun&#8217;da Derecik Mezarl\u0131\u011f\u0131 \u00e7al\u0131\u015fmalar ba\u015flad\u0131<\/a><\/blockquote><iframe sandbox=\"allow-scripts\" security=\"restricted\" src=\"https:\/\/denizcankizil.tr\/ru\/haberler\/gundem\/samsunda-derecik-mezarligi-calismalar-basladi\/embed\/#?secret=hfCbvLyCKg\" width=\"600\" height=\"338\" title=\"\u00abSamsun&#8217;da Derecik Mezarl\u0131\u011f\u0131 \u00e7al\u0131\u015fmalar ba\u015flad\u0131\u00bb &#8212; Av. Deniz Can K\u0131z\u0131l\" data-secret=\"hfCbvLyCKg\" frameborder=\"0\" marginwidth=\"0\" marginheight=\"0\" scrolling=\"no\" class=\"wp-embedded-content\"><\/iframe><script>\n\/*! This file is auto-generated *\/\n!function(d,l){\"use strict\";l.querySelector&&d.addEventListener&&\"undefined\"!=typeof URL&&(d.wp=d.wp||{},d.wp.receiveEmbedMessage||(d.wp.receiveEmbedMessage=function(e){var t=e.data;if((t||t.secret||t.message||t.value)&&!\/[^a-zA-Z0-9]\/.test(t.secret)){for(var s,r,n,a=l.querySelectorAll('iframe[data-secret=\"'+t.secret+'\"]'),o=l.querySelectorAll('blockquote[data-secret=\"'+t.secret+'\"]'),c=new RegExp(\"^https?:$\",\"i\"),i=0;i<o.length;i++)o[i].style.display=\"none\";for(i=0;i<a.length;i++)s=a[i],e.source===s.contentWindow&&(s.removeAttribute(\"style\"),\"height\"===t.message?(1e3<(r=parseInt(t.value,10))?r=1e3:~~r<200&&(r=200),s.height=r):\"link\"===t.message&&(r=new URL(s.getAttribute(\"src\")),n=new URL(t.value),c.test(n.protocol))&&n.host===r.host&&l.activeElement===s&&(d.top.location.href=t.value))}},d.addEventListener(\"message\",d.wp.receiveEmbedMessage,!1),l.addEventListener(\"DOMContentLoaded\",function(){for(var e,t,s=l.querySelectorAll(\"iframe.wp-embedded-content\"),r=0;r<s.length;r++)(t=(e=s[r]).getAttribute(\"data-secret\"))||(t=Math.random().toString(36).substring(2,12),e.src+=\"#?secret=\"+t,e.setAttribute(\"data-secret\",t)),e.contentWindow.postMessage({message:\"ready\",secret:t},\"*\")},!1)))}(window,document);\n\/\/# sourceURL=https:\/\/denizcankizil.tr\/wp-includes\/js\/wp-embed.min.js\n<\/script>","description":"Altyap\u0131dan \u00fcstyap\u0131ya insan odakl\u0131 hizmet anlay\u0131\u015f\u0131yla \u015fehirdeki her bir noktaya \u00e7al\u0131\u015fmalar\u0131n\u0131 ta\u015f\u0131yan Samsun B\u00fcy\u00fck\u015fehir Belediyesi toprak kaymalar\u0131 meydana gelen Derecik Mezarl\u0131\u011f\u0131 ve \u00e7evresinde ihale s\u00fcrecinin tamamlanmas\u0131n\u0131n ard\u0131ndan \u00e7al\u0131\u015fmalar\u0131na ba\u015flad\u0131.SAMSUN (\u0130GFA) &#8211; Samsun&#8217;da\u00a0Derecik Mezarl\u0131\u011f\u0131 b\u00f6lgesinde vatanda\u015flar\u0131n ma\u011fduriyetini gidermek ad\u0131na harekete ge\u00e7en B\u00fcy\u00fck\u015fehir Belediyesi ihale s\u00fcrecini tamamlayarak b\u00f6lgede \u00e7al\u0131\u015fmalar\u0131na ba\u015flad\u0131. \u00d6zellikle killi topra\u011f\u0131n suya doygun hale gelmesi sonucu \u00e7e\u015fitli zemin problemleri ve hareketliliklerin meydana geldi\u011fi mezarl\u0131k b\u00f6lgesinde, bu durum kabarmalar ve kil tabakalar\u0131 aras\u0131ndaki hareketlili\u011fi tetikleyerek topra\u011f\u0131n y\u00fczeysel olarak kaymas\u0131na neden oluyor. Samsun B\u00fcy\u00fck\u015fehir Belediyesi, bu olumsuz etkileri giderebilmek amac\u0131yla harekete ge\u00e7erek gerekli \u00f6nleme projelerini haz\u0131rlad\u0131 ve ihale s\u00fcrecini tamamlayarak Derecik Mezarl\u0131\u011f\u0131 b\u00f6lgesindeki \u00e7al\u0131\u015fmalar\u0131na ba\u015flad\u0131. B\u00fcy\u00fck\u015fehir Belediyesi taraf\u0131ndan y\u00fczeysel hareketlili\u011fi engellemek ve zemin suyunun h\u0131zl\u0131 bir \u015fekilde uzakla\u015ft\u0131r\u0131lmas\u0131n\u0131 sa\u011flamak amac\u0131yla kapsaml\u0131 bir drenaj projesi haz\u0131rland\u0131. Haz\u0131rlanan proje do\u011frultusunda Derecik Mezarl\u0131\u011f\u0131 ve \u00e7evresindeki alan\u0131n daha g\u00fcvenli hale gelmesi i\u00e7in drenaj sistemi in\u015fa edilmeye ba\u015fland\u0131. \u0130ki ana ba\u015fl\u0131k alt\u0131nda ger\u00e7ekle\u015ftirilecek proje kapsam\u0131nda ilk olarak mezarl\u0131k alan\u0131na suyun girmesini engellemek amac\u0131yla drenaj borulu kafa hende\u011fi a\u00e7\u0131lacak; daha sonra ise alan i\u00e7indeki suyun uzakla\u015ft\u0131r\u0131labilmesi i\u00e7in drenaj kanal a\u011f\u0131 olu\u015fturulacak. Samsun B\u00fcy\u00fck\u015fehir Belediyesi, bu drenaj imalat\u0131n\u0131n 20 g\u00fcn i\u00e7inde tamamlanmas\u0131n\u0131 planlamakta olup ayn\u0131 zamanda b\u00f6lgede meydana gelen mevcut hasarlar\u0131n onar\u0131lmas\u0131 i\u00e7in rehabilitasyon \u00e7al\u0131\u015fmalar\u0131 da ger\u00e7ekle\u015ftirilecek. \u00c7ALI\u015eMALAR BA\u015eLADI &hellip;"}