{"version":"1.0","provider_name":"Av. Deniz Can K\u0131z\u0131l","provider_url":"https:\/\/denizcankizil.tr\/ru","author_name":"admin","author_url":"https:\/\/denizcankizil.tr\/ru\/author\/admin\/","title":"Protokol\u00fcn Bayram arifesi mezarl\u0131k ziyareti\u2026","type":"rich","width":600,"height":338,"html":"<blockquote class=\"wp-embedded-content\" data-secret=\"hpJPxnYkLC\"><a href=\"https:\/\/denizcankizil.tr\/ru\/haberler\/gundem\/protokolun-bayram-arifesi-mezarlik-ziyareti\/\">Protokol\u00fcn Bayram arifesi mezarl\u0131k ziyareti\u2026<\/a><\/blockquote><iframe sandbox=\"allow-scripts\" security=\"restricted\" src=\"https:\/\/denizcankizil.tr\/ru\/haberler\/gundem\/protokolun-bayram-arifesi-mezarlik-ziyareti\/embed\/#?secret=hpJPxnYkLC\" width=\"600\" height=\"338\" title=\"\u00abProtokol\u00fcn Bayram arifesi mezarl\u0131k ziyareti\u2026\u00bb &#8212; Av. Deniz Can K\u0131z\u0131l\" data-secret=\"hpJPxnYkLC\" frameborder=\"0\" marginwidth=\"0\" marginheight=\"0\" scrolling=\"no\" class=\"wp-embedded-content\"><\/iframe><script>\n\/*! This file is auto-generated *\/\n!function(d,l){\"use strict\";l.querySelector&&d.addEventListener&&\"undefined\"!=typeof URL&&(d.wp=d.wp||{},d.wp.receiveEmbedMessage||(d.wp.receiveEmbedMessage=function(e){var t=e.data;if((t||t.secret||t.message||t.value)&&!\/[^a-zA-Z0-9]\/.test(t.secret)){for(var s,r,n,a=l.querySelectorAll('iframe[data-secret=\"'+t.secret+'\"]'),o=l.querySelectorAll('blockquote[data-secret=\"'+t.secret+'\"]'),c=new RegExp(\"^https?:$\",\"i\"),i=0;i<o.length;i++)o[i].style.display=\"none\";for(i=0;i<a.length;i++)s=a[i],e.source===s.contentWindow&&(s.removeAttribute(\"style\"),\"height\"===t.message?(1e3<(r=parseInt(t.value,10))?r=1e3:~~r<200&&(r=200),s.height=r):\"link\"===t.message&&(r=new URL(s.getAttribute(\"src\")),n=new URL(t.value),c.test(n.protocol))&&n.host===r.host&&l.activeElement===s&&(d.top.location.href=t.value))}},d.addEventListener(\"message\",d.wp.receiveEmbedMessage,!1),l.addEventListener(\"DOMContentLoaded\",function(){for(var e,t,s=l.querySelectorAll(\"iframe.wp-embedded-content\"),r=0;r<s.length;r++)(t=(e=s[r]).getAttribute(\"data-secret\"))||(t=Math.random().toString(36).substring(2,12),e.src+=\"#?secret=\"+t,e.setAttribute(\"data-secret\",t)),e.contentWindow.postMessage({message:\"ready\",secret:t},\"*\")},!1)))}(window,document);\n\/\/# sourceURL=https:\/\/denizcankizil.tr\/wp-includes\/js\/wp-embed.min.js\n<\/script>","description":"\u0130skenderun Kaymakam\u0131 Muhammet \u00d6nder, Belediye Ba\u015fkan\u0131 Mehmet D\u00f6nmez, AK Parti Hatay Milletvekili Abd\u00fclkadir \u00d6zel, Garnizon Komutan\u0131 Tu\u011fgeneral B\u00fclent Tarhan, Deniz \u00dcs Komutan\u0131 Deniz Albay Necati Ko\u015far Salar, kurum amirleri, siyasi parti temsilcileri, \u015fehit aileleri ve vatanda\u015flar\u0131n kat\u0131ld\u0131\u011f\u0131 program, ilk olarak \u0130skenderun \u015eehitli\u011fi&#8217;nde ger\u00e7ekle\u015ftirildi. \u015eehitlikte d\u00fczenlenen t\u00f6rende, sayg\u0131 duru\u015fu ve \u0130stiklal Mar\u015f\u0131\u2019n\u0131n okunmas\u0131n\u0131n ard\u0131ndan \u0130l\u00e7e M\u00fcft\u00fcl\u00fc\u011f\u00fc taraf\u0131ndan dua okundu. Protokol \u00fcyeleri, \u015fehit mezarlar\u0131n\u0131 tek tek ziyaret ederek karanfiller b\u0131rakt\u0131, ailelere ba\u015fsa\u011fl\u0131\u011f\u0131 dileklerini iletti. Program\u0131n devam\u0131nda, protokol \u00fcyeleri \u0130skenderun \u00c7ankaya Mezarl\u0131\u011f\u0131\u2019nda bulunan deprem \u015fehitlerini de ziyaret etti. Burada da dualar okundu, mezarl\u0131klar gezilerek yak\u0131nlar\u0131na taziyelerde bulunuldu. \u200bHatay\u2019\u0131n \u0130skenderun il\u00e7esinde protokol \u00fcyeleri taraf\u0131ndan, Kurban Bayram\u0131 arifesinde \u015eehitlik ve depremde hayat\u0131n\u0131 kaybeden vatanda\u015flar\u0131n mezarlar\u0131 ziyaret edildi, yak\u0131nlar\u0131n\u0131n kabirlerini ziyaret edenlere taziyeler iletildi.\u00a0 \u200bHaberin Al\u0131nt\u0131land\u0131\u011f\u0131 Kaynak: www.iskenderun.org"}