{"version":"1.0","provider_name":"Av. Deniz Can K\u0131z\u0131l","provider_url":"https:\/\/denizcankizil.tr\/ru","author_name":"admin","author_url":"https:\/\/denizcankizil.tr\/ru\/author\/admin\/","title":"Orta Karadeniz ve \u0130\u00e7 Anadolu'da 'kar' uyar\u0131s\u0131!","type":"rich","width":600,"height":338,"html":"<blockquote class=\"wp-embedded-content\" data-secret=\"vNEFleex2y\"><a href=\"https:\/\/denizcankizil.tr\/ru\/haberler\/gundem\/orta-karadeniz-ve-ic-anadoluda-kar-uyarisi\/\">Orta Karadeniz ve \u0130\u00e7 Anadolu&#8217;da &#8216;kar&#8217; uyar\u0131s\u0131!<\/a><\/blockquote><iframe sandbox=\"allow-scripts\" security=\"restricted\" src=\"https:\/\/denizcankizil.tr\/ru\/haberler\/gundem\/orta-karadeniz-ve-ic-anadoluda-kar-uyarisi\/embed\/#?secret=vNEFleex2y\" width=\"600\" height=\"338\" title=\"\u00abOrta Karadeniz ve \u0130\u00e7 Anadolu&#8217;da &#8216;kar&#8217; uyar\u0131s\u0131!\u00bb &#8212; Av. Deniz Can K\u0131z\u0131l\" data-secret=\"vNEFleex2y\" frameborder=\"0\" marginwidth=\"0\" marginheight=\"0\" scrolling=\"no\" class=\"wp-embedded-content\"><\/iframe><script>\n\/*! This file is auto-generated *\/\n!function(d,l){\"use strict\";l.querySelector&&d.addEventListener&&\"undefined\"!=typeof URL&&(d.wp=d.wp||{},d.wp.receiveEmbedMessage||(d.wp.receiveEmbedMessage=function(e){var t=e.data;if((t||t.secret||t.message||t.value)&&!\/[^a-zA-Z0-9]\/.test(t.secret)){for(var s,r,n,a=l.querySelectorAll('iframe[data-secret=\"'+t.secret+'\"]'),o=l.querySelectorAll('blockquote[data-secret=\"'+t.secret+'\"]'),c=new RegExp(\"^https?:$\",\"i\"),i=0;i<o.length;i++)o[i].style.display=\"none\";for(i=0;i<a.length;i++)s=a[i],e.source===s.contentWindow&&(s.removeAttribute(\"style\"),\"height\"===t.message?(1e3<(r=parseInt(t.value,10))?r=1e3:~~r<200&&(r=200),s.height=r):\"link\"===t.message&&(r=new URL(s.getAttribute(\"src\")),n=new URL(t.value),c.test(n.protocol))&&n.host===r.host&&l.activeElement===s&&(d.top.location.href=t.value))}},d.addEventListener(\"message\",d.wp.receiveEmbedMessage,!1),l.addEventListener(\"DOMContentLoaded\",function(){for(var e,t,s=l.querySelectorAll(\"iframe.wp-embedded-content\"),r=0;r<s.length;r++)(t=(e=s[r]).getAttribute(\"data-secret\"))||(t=Math.random().toString(36).substring(2,12),e.src+=\"#?secret=\"+t,e.setAttribute(\"data-secret\",t)),e.contentWindow.postMessage({message:\"ready\",secret:t},\"*\")},!1)))}(window,document);\n\/\/# sourceURL=https:\/\/denizcankizil.tr\/wp-includes\/js\/wp-embed.min.js\n<\/script>","description":"Meteoroloji Genel M\u00fcd\u00fcrl\u00fc\u011f\u00fc taraf\u0131ndan yap\u0131lan tahminlere g\u00f6re yurdun genelinin par\u00e7al\u0131 ve \u00e7ok bulutlu, Marmara\u2019n\u0131n do\u011fusu (Bilecik hari\u00e7), Do\u011fu Akdeniz, \u0130\u00e7 Anadolu\u2019nun kuzey ve do\u011fusu, Bat\u0131 ve Orta Karadeniz, G\u00fcneydo\u011fu Anadolu\u2019nun bat\u0131s\u0131, Bal\u0131kesir ve Giresun \u00e7evreleri ile K\u0131rklareli ve Tekirda\u011f&#8217;\u0131n do\u011fusunun aral\u0131kl\u0131 ya\u011f\u0131\u015fl\u0131 ge\u00e7ece\u011fi tahmin ediliyor.ANKARA (\u0130GFA) &#8211;\u00a0Meteoroloji Genel M\u00fcd\u00fcrl\u00fc\u011f\u00fc, 11 \u015eubat Sal\u0131\u00a0g\u00fcn\u00fcne ili\u015fkin g\u00fcnl\u00fck hava tahmin raporunu yay\u0131mlad\u0131. Do\u011fu Akdeniz k\u0131y\u0131lar\u0131, Orta Karadeniz k\u0131y\u0131lar\u0131 ile Kilis ve Mardin \u00e7evrelerinde ya\u011fmur, ya\u011f\u0131\u015f alan di\u011fer yerlerde karla kar\u0131\u015f\u0131k ya\u011fmur ve kar \u015feklinde olmas\u0131 beklenen ya\u011f\u0131\u015flar\u0131n, Amasya ve Kayseri \u00e7evreleri ile Samsun&#8217;un i\u00e7 kesimleri, Yozgat&#8217;\u0131n do\u011fu, Tokat ve Sivas&#8217;\u0131n bat\u0131 il\u00e7elerinde yerel kuvvetli olmas\u0131 bekleniyor. Sabah ve gece saatlerinde i\u00e7 ve do\u011fu kesimlerde buzlanma ve don ile birlikte pus ve yer yer sis bekleniyor. Do\u011fu Karadeniz\u2019in i\u00e7 kesimlerinin y\u00fcksekleri ile Do\u011fu Anadolu\u2019nun y\u00fcksek ve dik yama\u00e7lar\u0131nda \u00e7\u0131\u011f tehlikesi bulunmaktad\u0131r. \u00a0Hava s\u0131cakl\u0131\u011f\u0131nda \u00f6nemli bir de\u011fi\u015fiklik olmayaca\u011f\u0131 ve mevsim normallerinin alt\u0131nda seyretmeye devam edece\u011fi tahmin ediliyor.\u00a0R\u00fczg\u00e2r\u0131n, genellikle kuzeyli y\u00f6nlerden hafif, ara s\u0131ra orta kuvvette, Marmara\u2019n\u0131n bat\u0131s\u0131 ile K\u0131y\u0131 Ege\u2019de kuvvetli (40-60 km\/saat) esmesi bekleniyor. Orta Karadeniz&#8217;in \u0130\u00e7 Kesimleri ile \u0130\u00e7 Anadolu&#8217;nun Kuzeydo\u011fusunda Kar Ya\u011f\u0131\u015flar\u0131na Dikkat! Amasya ve Kayseri \u00e7evreleri ile Samsun&#8217;un i\u00e7 kesimleri, Yozgat&#8217;\u0131n do\u011fu, Tokat ve Sivas&#8217;\u0131n bat\u0131 il\u00e7elerinde g\u00f6r\u00fclecek kar ya\u011f\u0131\u015flar\u0131n\u0131n yerel kuvvetli &hellip;"}