{"version":"1.0","provider_name":"Av. Deniz Can K\u0131z\u0131l","provider_url":"https:\/\/denizcankizil.tr\/ru","author_name":"admin","author_url":"https:\/\/denizcankizil.tr\/ru\/author\/admin\/","title":"OGM: Yang\u0131nlarla m\u00fccadelede as\u0131l g\u00fc\u00e7, kara g\u00fcc\u00fcd\u00fcr","type":"rich","width":600,"height":338,"html":"<blockquote class=\"wp-embedded-content\" data-secret=\"BENtgUskip\"><a href=\"https:\/\/denizcankizil.tr\/ru\/haberler\/gundem\/ogm-yanginlarla-mucadelede-asil-guc-kara-gucudur\/\">OGM: Yang\u0131nlarla m\u00fccadelede as\u0131l g\u00fc\u00e7, kara g\u00fcc\u00fcd\u00fcr<\/a><\/blockquote><iframe sandbox=\"allow-scripts\" security=\"restricted\" src=\"https:\/\/denizcankizil.tr\/ru\/haberler\/gundem\/ogm-yanginlarla-mucadelede-asil-guc-kara-gucudur\/embed\/#?secret=BENtgUskip\" width=\"600\" height=\"338\" title=\"\u00abOGM: Yang\u0131nlarla m\u00fccadelede as\u0131l g\u00fc\u00e7, kara g\u00fcc\u00fcd\u00fcr\u00bb &#8212; Av. Deniz Can K\u0131z\u0131l\" data-secret=\"BENtgUskip\" frameborder=\"0\" marginwidth=\"0\" marginheight=\"0\" scrolling=\"no\" class=\"wp-embedded-content\"><\/iframe><script>\n\/*! This file is auto-generated *\/\n!function(d,l){\"use strict\";l.querySelector&&d.addEventListener&&\"undefined\"!=typeof URL&&(d.wp=d.wp||{},d.wp.receiveEmbedMessage||(d.wp.receiveEmbedMessage=function(e){var t=e.data;if((t||t.secret||t.message||t.value)&&!\/[^a-zA-Z0-9]\/.test(t.secret)){for(var s,r,n,a=l.querySelectorAll('iframe[data-secret=\"'+t.secret+'\"]'),o=l.querySelectorAll('blockquote[data-secret=\"'+t.secret+'\"]'),c=new RegExp(\"^https?:$\",\"i\"),i=0;i<o.length;i++)o[i].style.display=\"none\";for(i=0;i<a.length;i++)s=a[i],e.source===s.contentWindow&&(s.removeAttribute(\"style\"),\"height\"===t.message?(1e3<(r=parseInt(t.value,10))?r=1e3:~~r<200&&(r=200),s.height=r):\"link\"===t.message&&(r=new URL(s.getAttribute(\"src\")),n=new URL(t.value),c.test(n.protocol))&&n.host===r.host&&l.activeElement===s&&(d.top.location.href=t.value))}},d.addEventListener(\"message\",d.wp.receiveEmbedMessage,!1),l.addEventListener(\"DOMContentLoaded\",function(){for(var e,t,s=l.querySelectorAll(\"iframe.wp-embedded-content\"),r=0;r<s.length;r++)(t=(e=s[r]).getAttribute(\"data-secret\"))||(t=Math.random().toString(36).substring(2,12),e.src+=\"#?secret=\"+t,e.setAttribute(\"data-secret\",t)),e.contentWindow.postMessage({message:\"ready\",secret:t},\"*\")},!1)))}(window,document);\n\/\/# sourceURL=https:\/\/denizcankizil.tr\/wp-includes\/js\/wp-embed.min.js\n<\/script>","description":"Orman Genel M\u00fcd\u00fcrl\u00fc\u011f\u00fc, 186 y\u0131ll\u0131k tecr\u00fcbesiyle orman yang\u0131nlar\u0131yla m\u00fccadelede kara g\u00fcc\u00fcn\u00fcn kritik \u00f6nemini vurgulad\u0131. M\u00fcd\u00fcrl\u00fckten yap\u0131lan m\u00fccadele g\u00fcc\u00fc konulu a\u00e7\u0131klamada, u\u00e7ak ve helikopterlerin kara ekiplerine destek sa\u011flad\u0131\u011f\u0131, t\u00fcm kaynaklar\u0131n koordineli kullan\u0131ld\u0131\u011f\u0131 a\u00e7\u0131kland\u0131.ANKARA (\u0130GFA) -Orman Genel M\u00fcd\u00fcrl\u00fc\u011f\u00fc (OGM), T\u00fcrkiye\u2019nin orman yang\u0131nlar\u0131yla m\u00fccadeledeki g\u00fcc\u00fcn\u00fc ve stratejisini a\u00e7\u0131klayan bir payla\u015f\u0131mda bulundu. A\u00e7\u0131klamada, 186 y\u0131ll\u0131k tecr\u00fcbeyle binlerce yang\u0131na m\u00fcdahale eden OGM\u2019nin, ekip, ekipman, personel ve teknolojisini s\u00fcrekli g\u00fcncelledi\u011fi belirtildi. \u201cKARA G\u00dcC\u00dc YANGINLARI S\u00d6ND\u00dcR\u00dcYOR\u201d OGM, T\u00fcrkiye\u2019nin yang\u0131nlarla m\u00fccadelede yeterli hava g\u00fcc\u00fcne sahip oldu\u011funu vurgularken, \u201cOrman yang\u0131nlar\u0131n\u0131 kontrol alt\u0131na alan as\u0131l g\u00fc\u00e7, kara g\u00fcc\u00fcd\u00fcr\u201d ifadesine yer verdi. Y\u00fcksek enerjili orman yang\u0131nlar\u0131n\u0131n merkezine havadan m\u00fcdahalenin kaynak israf\u0131 olaca\u011f\u0131 belirtilerek, u\u00e7ak ve helikopterlerin ate\u015fin yay\u0131lma y\u00f6n\u00fcne veya d\u00fc\u015f\u00fck enerjili alanlara m\u00fcdahale ederek kara ekiplerine destek sa\u011flad\u0131\u011f\u0131 ifade edildi. Yang\u0131nla m\u00fccadelede koordinasyonun \u00f6nemine dikkat \u00e7eken OGM, u\u00e7aklar, helikopterler, kara ara\u00e7lar\u0131 ve personelin Yang\u0131n Y\u00f6netim Merkezi\u2019nde anl\u0131k olarak takip edildi\u011fini, karar destek sistemleri ve tecr\u00fcbeli personelin sevk ve idarede kilit rol oynad\u0131\u011f\u0131n\u0131 belirtti. Yang\u0131nla m\u00fccadelede t\u00fcm ara\u00e7lar\u0131n ve personelin uyumlu \u00e7al\u0131\u015fmas\u0131n\u0131n hayati oldu\u011fu vurguland\u0131. Personel, destek veren kurumlar, g\u00f6n\u00fcll\u00fcler ve sivil toplum kurulu\u015flar\u0131yla insan\u00fcst\u00fc bir gayret sarf edildi\u011fini belirten OGM, \u201c\u0130nanc\u0131m\u0131z tam. \u00d6nce yang\u0131nlar\u0131 s\u00f6nd\u00fcrece\u011fiz; sonra k\u00fcle d\u00f6nen her bir kar\u0131\u015f\u0131 yeniden ye\u015fertece\u011fiz\u201d mesaj\u0131n\u0131 verdi. \u200bOrman Genel M\u00fcd\u00fcrl\u00fc\u011f\u00fc, 186 y\u0131ll\u0131k &hellip;"}