{"version":"1.0","provider_name":"Av. Deniz Can K\u0131z\u0131l","provider_url":"https:\/\/denizcankizil.tr\/ru","author_name":"admin","author_url":"https:\/\/denizcankizil.tr\/ru\/author\/admin\/","title":"Naz\u0131m Hikmet\u2019in \u015fiirleri \u0130zmir Bornova\u2019da yank\u0131land\u0131","type":"rich","width":600,"height":338,"html":"<blockquote class=\"wp-embedded-content\" data-secret=\"EPcG25MDDd\"><a href=\"https:\/\/denizcankizil.tr\/ru\/haberler\/gundem\/nazim-hikmetin-siirleri-izmir-bornovada-yankilandi\/\">Naz\u0131m Hikmet\u2019in \u015fiirleri \u0130zmir Bornova\u2019da yank\u0131land\u0131<\/a><\/blockquote><iframe sandbox=\"allow-scripts\" security=\"restricted\" src=\"https:\/\/denizcankizil.tr\/ru\/haberler\/gundem\/nazim-hikmetin-siirleri-izmir-bornovada-yankilandi\/embed\/#?secret=EPcG25MDDd\" width=\"600\" height=\"338\" title=\"\u00abNaz\u0131m Hikmet\u2019in \u015fiirleri \u0130zmir Bornova\u2019da yank\u0131land\u0131\u00bb &#8212; Av. Deniz Can K\u0131z\u0131l\" data-secret=\"EPcG25MDDd\" frameborder=\"0\" marginwidth=\"0\" marginheight=\"0\" scrolling=\"no\" class=\"wp-embedded-content\"><\/iframe><script>\n\/*! This file is auto-generated *\/\n!function(d,l){\"use strict\";l.querySelector&&d.addEventListener&&\"undefined\"!=typeof URL&&(d.wp=d.wp||{},d.wp.receiveEmbedMessage||(d.wp.receiveEmbedMessage=function(e){var t=e.data;if((t||t.secret||t.message||t.value)&&!\/[^a-zA-Z0-9]\/.test(t.secret)){for(var s,r,n,a=l.querySelectorAll('iframe[data-secret=\"'+t.secret+'\"]'),o=l.querySelectorAll('blockquote[data-secret=\"'+t.secret+'\"]'),c=new RegExp(\"^https?:$\",\"i\"),i=0;i<o.length;i++)o[i].style.display=\"none\";for(i=0;i<a.length;i++)s=a[i],e.source===s.contentWindow&&(s.removeAttribute(\"style\"),\"height\"===t.message?(1e3<(r=parseInt(t.value,10))?r=1e3:~~r<200&&(r=200),s.height=r):\"link\"===t.message&&(r=new URL(s.getAttribute(\"src\")),n=new URL(t.value),c.test(n.protocol))&&n.host===r.host&&l.activeElement===s&&(d.top.location.href=t.value))}},d.addEventListener(\"message\",d.wp.receiveEmbedMessage,!1),l.addEventListener(\"DOMContentLoaded\",function(){for(var e,t,s=l.querySelectorAll(\"iframe.wp-embedded-content\"),r=0;r<s.length;r++)(t=(e=s[r]).getAttribute(\"data-secret\"))||(t=Math.random().toString(36).substring(2,12),e.src+=\"#?secret=\"+t,e.setAttribute(\"data-secret\",t)),e.contentWindow.postMessage({message:\"ready\",secret:t},\"*\")},!1)))}(window,document);\n\/\/# sourceURL=https:\/\/denizcankizil.tr\/wp-includes\/js\/wp-embed.min.js\n<\/script>","description":"\u0130zmir Bornova Kent S\u00f6yle\u015fileri do\u011fumunun 123. Y\u0131l\u0131nda &#8220;Naz\u0131m Hikmet&#8217;i Anma&#8221; etkinli\u011fi ile ba\u015flad\u0131. D\u00fczenlenen panelde, Bilsen Ba\u015faran ve Haluk I\u015f\u0131k, Naz\u0131m Hikmet&#8217;in edebi miras\u0131n\u0131 ele ald\u0131. Bornova Belediye Ba\u015fkan\u0131 \u00d6mer E\u015fki, Naz\u0131m Hikmet&#8217;in insan haklar\u0131 ve \u00f6zg\u00fcrl\u00fck m\u00fccadelesindeki \u00f6nemine vurgu yaparak, Bornova\u2019y\u0131 sanat ve k\u00fclt\u00fcr\u00fcn merkezi haline getirmeyi hedeflerini s\u00f6yledi.\u0130ZM\u0130R (\u0130GFA) &#8211; \u0130zmir\u00a0Bornova Belediyesi taraf\u0131ndan d\u00fczenlenen \u201cNaz\u0131m Hikmet&#8217;i Anma\u201d etkinli\u011fi, U\u011fur Mumcu K\u00fclt\u00fcr Merkezi \u00c7ok Ama\u00e7l\u0131 Salonda yo\u011fun bir kat\u0131l\u0131mla ger\u00e7ekle\u015fti. 123. Do\u011fum y\u0131l\u0131nda Naz\u0131m Hikmet&#8217;in kendi sesinden \u015fiirleriyle ba\u015flayan etkinlikteki video g\u00f6sterimi b\u00fcy\u00fck be\u011feni toplad\u0131. Panelde ise Bilsen Ba\u015faran ve Haluk I\u015f\u0131k, Naz\u0131m Hikmet&#8217;in sanat\u00e7\u0131 ki\u015fili\u011fi ve edebi miras\u0131 \u00fczerine \u00e7arp\u0131c\u0131 g\u00f6r\u00fc\u015fler payla\u015ft\u0131. Ba\u015faran, Naz\u0131m Hikmeti; \u201cT\u00fcrk ve D\u00fcnya Edebiyat\u0131\u2019n\u0131n devi\u201d, I\u015f\u0131k ise; \u201cZaman\u0131n \u00f6tesinde bir adam\u201d s\u00f6zleriyle anlatt\u0131. Etkinli\u011fin sunumunu \u0130brahim Akta\u015f, moderat\u00f6rl\u00fc\u011f\u00fcn\u00fc ise Atilla Er \u00fcstlendi. \u00a0Ba\u015fkan E\u015fki: \u201cNaz\u0131m Hikmet&#8217;in de\u011ferlerine sahip \u00e7\u0131k\u0131yoruz\u201d \u00a0Bornova Belediye Ba\u015fkan\u0131 \u00d6mer E\u015fki, Naz\u0131m Hikmet\u2019in yaln\u0131zca bir \u015fair de\u011fil; ayn\u0131 zamanda evrensel insan haklar\u0131 ve \u00f6zg\u00fcrl\u00fck m\u00fccadelesinin sembol isimlerinden biri oldu\u011funu ifade etti. E\u015fki, \u201cBornova Belediyesi olarak, onun de\u011ferlerine sahip \u00e7\u0131k\u0131yor ve yeni nesillere tan\u0131t\u0131yoruz. Kent S\u00f6yle\u015fileri kapsam\u0131nda her ay d\u00fczenleyece\u011fimiz etkinliklerle sanat\u0131, edebiyat\u0131 ve toplumsal de\u011ferleri bulu\u015fturmay\u0131 hedefliyoruz. Bornova\u2019y\u0131 k\u00fclt\u00fcr ve sanat\u0131n ba\u015fkenti yapma yolunda kararl\u0131y\u0131z\u201d dedi. \u00a0Kat\u0131l\u0131mc\u0131lar\u0131n yo\u011fun ilgisi \u00a0Etkinlik &hellip;"}