{"version":"1.0","provider_name":"Av. Deniz Can K\u0131z\u0131l","provider_url":"https:\/\/denizcankizil.tr\/ru","author_name":"Av. Deniz Can K\u0131z\u0131l","author_url":"https:\/\/denizcankizil.tr\/ru","title":"Narin'in ismi Alanya'da ya\u015fat\u0131lacak","type":"rich","width":600,"height":338,"html":"<blockquote class=\"wp-embedded-content\" data-secret=\"LM38EWrrf4\"><a href=\"https:\/\/denizcankizil.tr\/ru\/haberler\/gundem\/narinin-ismi-alanyada-yasatilacak\/\">Narin&#8217;in ismi Alanya&#8217;da ya\u015fat\u0131lacak<\/a><\/blockquote><iframe sandbox=\"allow-scripts\" security=\"restricted\" src=\"https:\/\/denizcankizil.tr\/ru\/haberler\/gundem\/narinin-ismi-alanyada-yasatilacak\/embed\/#?secret=LM38EWrrf4\" width=\"600\" height=\"338\" title=\"\u00abNarin&#8217;in ismi Alanya&#8217;da ya\u015fat\u0131lacak\u00bb &#8212; Av. Deniz Can K\u0131z\u0131l\" data-secret=\"LM38EWrrf4\" frameborder=\"0\" marginwidth=\"0\" marginheight=\"0\" scrolling=\"no\" class=\"wp-embedded-content\"><\/iframe><script>\n\/*! This file is auto-generated *\/\n!function(d,l){\"use strict\";l.querySelector&&d.addEventListener&&\"undefined\"!=typeof URL&&(d.wp=d.wp||{},d.wp.receiveEmbedMessage||(d.wp.receiveEmbedMessage=function(e){var t=e.data;if((t||t.secret||t.message||t.value)&&!\/[^a-zA-Z0-9]\/.test(t.secret)){for(var s,r,n,a=l.querySelectorAll('iframe[data-secret=\"'+t.secret+'\"]'),o=l.querySelectorAll('blockquote[data-secret=\"'+t.secret+'\"]'),c=new RegExp(\"^https?:$\",\"i\"),i=0;i<o.length;i++)o[i].style.display=\"none\";for(i=0;i<a.length;i++)s=a[i],e.source===s.contentWindow&&(s.removeAttribute(\"style\"),\"height\"===t.message?(1e3<(r=parseInt(t.value,10))?r=1e3:~~r<200&&(r=200),s.height=r):\"link\"===t.message&&(r=new URL(s.getAttribute(\"src\")),n=new URL(t.value),c.test(n.protocol))&&n.host===r.host&&l.activeElement===s&&(d.top.location.href=t.value))}},d.addEventListener(\"message\",d.wp.receiveEmbedMessage,!1),l.addEventListener(\"DOMContentLoaded\",function(){for(var e,t,s=l.querySelectorAll(\"iframe.wp-embedded-content\"),r=0;r<s.length;r++)(t=(e=s[r]).getAttribute(\"data-secret\"))||(t=Math.random().toString(36).substring(2,12),e.src+=\"#?secret=\"+t,e.setAttribute(\"data-secret\",t)),e.contentWindow.postMessage({message:\"ready\",secret:t},\"*\")},!1)))}(window,document);\n\/\/# sourceURL=https:\/\/denizcankizil.tr\/wp-includes\/js\/wp-embed.min.js\n<\/script>","description":"\u00c7ocuk ihmal ve istismar\u0131na kar\u015f\u0131 verdi\u011fi m\u00fccadeleyle tan\u0131nan Alanya Alaaddin Keykubat \u00dcniversitesi (ALK\u00dc) Mavi Kelebek \u00c7ocuk Haklar\u0131 Toplulu\u011fu daha iyi bir gelecek i\u00e7in faaliyetlerine t\u00fcm h\u0131z\u0131yla devam ediyor. ALK\u00dc Mavi Kelebek \u00c7ocuk Haklar\u0131 Toplulu\u011fu t\u00fcm T\u00fcrkiye\u2019yi derinden sarsan ve Diyarbak\u0131r\u2019da \u00f6ld\u00fcr\u00fcld\u00fckten sonra &#8216;kayboldu&#8217; ihbar\u0131 yap\u0131lan, 19 g\u00fcn sonra cans\u0131z bedenine ula\u015f\u0131lan 8 ya\u015f\u0131ndaki Narin G\u00fcran&#8217;\u0131n ad\u0131n\u0131 ya\u015fatmak i\u00e7in \u2018Narin \u00c7ocuklar K\u00fct\u00fcphanesi\u2018 projesini \u00a0ba\u015flatt\u0131. UC\u0130M, NAR\u0130N G\u00dcRAN&#8217;IN \u0130SM\u0130N\u0130 YA\u015eATACAK\u00a0 Antalya\u00b4daki \u00a0k\u00f6y okullar\u0131nda e\u011fitim g\u00f6ren \u00e7ocuklar\u0131n bilgiye eri\u015fim olanaklar\u0131n\u0131n \u00a0art\u0131r\u0131lmas\u0131 hedeflenen \u00a0k\u00fct\u00fcphanenin ilki 20 Kas\u0131m 2024 D\u00fcnya \u00c7ocuk Haklar\u0131 G\u00fcn\u00fc\u2019nde a\u00e7\u0131ld\u0131.\u00a0Projenin ama\u00e7lar\u0131 aras\u0131nda k\u0131rsal b\u00f6lgelerde e\u011fitim g\u00f6ren \u00e7ocuklar\u0131n kitaplara eri\u015fimini kolayla\u015ft\u0131rmak, e\u011fitim haklar\u0131n\u0131 desteklemek, zengin \u00f6\u011frenme kaynaklar\u0131 sunmak, toplumda \u00e7ocuk haklar\u0131na duyarl\u0131l\u0131k yaratmak ve bu konuda fark\u0131ndal\u0131k olu\u015fturulmas\u0131 hedeflendi. Ayn\u0131 zamanda UC\u0130M, Narin G\u00fcran\u2019\u0131n ad\u0131n\u0131 ya\u015fat\u0131yor. SAADET \u00d6\u011eRETMEN DE KATILDI\u00a0 K\u00fct\u00fcphane a\u00e7\u0131l\u0131\u015f\u0131na ALK\u00dc Rekt\u00f6r yard\u0131mc\u0131s\u0131 Prof. Dr. At\u0131f Bayramo\u011flu, UC\u0130M-Saadet \u00d6\u011fretmen \u00c7ocuk \u0130stismar\u0131 ile M\u00fccadele Derne\u011fi Ba\u015fkanlar\u0131 Saadet \u00d6zkan ve Y\u00fccel Ceylan, Akdeniz \u00dcniversitesi Mavi kelebekler \u00a0\u00c7ocuk Haklar\u0131 Toplulu\u011fu ve Alanya Alaaddin Keykubat \u00dcniversitesi Mavi Kelebek \u00c7ocuk Haklar\u0131 Toplulu\u011fu \u00f6\u011frencileri kat\u0131ld\u0131. &#8220;NAR\u0130N \u0130\u00c7\u0130N NELER YAPAB\u0130L\u0130R\u0130Z?&#8221; D\u0130YEREK BA\u015eLADIK \u00c7ocuk Haklar\u0131 G\u00fcn\u00fc&#8217;nde konu\u015fma yapan Saadet \u00d6zkan; Ya\u015fama hakk\u0131, e\u011fitim hakk\u0131, sa\u011fl\u0131k hizmetlerine eri\u015fim hakk\u0131, oyun oynama hakk\u0131, sevgi ve anlay\u0131\u015f g\u00f6rme haklar\u0131na dikkat \u00e7ekti. &hellip;"}