{"version":"1.0","provider_name":"Av. Deniz Can K\u0131z\u0131l","provider_url":"https:\/\/denizcankizil.tr\/ru","author_name":"Av. Deniz Can K\u0131z\u0131l","author_url":"https:\/\/denizcankizil.tr\/ru","title":"Muratpa\u015fa Belediyesi'nden 'salon tahsisi' a\u00e7\u0131klamas\u0131!","type":"rich","width":600,"height":338,"html":"<blockquote class=\"wp-embedded-content\" data-secret=\"2L2mYDFyN7\"><a href=\"https:\/\/denizcankizil.tr\/ru\/haberler\/gundem\/muratpasa-belediyesinden-salon-tahsisi-aciklamasi\/\">Muratpa\u015fa Belediyesi&#8217;nden &#8216;salon tahsisi&#8217; a\u00e7\u0131klamas\u0131!<\/a><\/blockquote><iframe sandbox=\"allow-scripts\" security=\"restricted\" src=\"https:\/\/denizcankizil.tr\/ru\/haberler\/gundem\/muratpasa-belediyesinden-salon-tahsisi-aciklamasi\/embed\/#?secret=2L2mYDFyN7\" width=\"600\" height=\"338\" title=\"\u00abMuratpa\u015fa Belediyesi&#8217;nden &#8216;salon tahsisi&#8217; a\u00e7\u0131klamas\u0131!\u00bb &#8212; Av. Deniz Can K\u0131z\u0131l\" data-secret=\"2L2mYDFyN7\" frameborder=\"0\" marginwidth=\"0\" marginheight=\"0\" scrolling=\"no\" class=\"wp-embedded-content\"><\/iframe><script>\n\/*! This file is auto-generated *\/\n!function(d,l){\"use strict\";l.querySelector&&d.addEventListener&&\"undefined\"!=typeof URL&&(d.wp=d.wp||{},d.wp.receiveEmbedMessage||(d.wp.receiveEmbedMessage=function(e){var t=e.data;if((t||t.secret||t.message||t.value)&&!\/[^a-zA-Z0-9]\/.test(t.secret)){for(var s,r,n,a=l.querySelectorAll('iframe[data-secret=\"'+t.secret+'\"]'),o=l.querySelectorAll('blockquote[data-secret=\"'+t.secret+'\"]'),c=new RegExp(\"^https?:$\",\"i\"),i=0;i<o.length;i++)o[i].style.display=\"none\";for(i=0;i<a.length;i++)s=a[i],e.source===s.contentWindow&&(s.removeAttribute(\"style\"),\"height\"===t.message?(1e3<(r=parseInt(t.value,10))?r=1e3:~~r<200&&(r=200),s.height=r):\"link\"===t.message&&(r=new URL(s.getAttribute(\"src\")),n=new URL(t.value),c.test(n.protocol))&&n.host===r.host&&l.activeElement===s&&(d.top.location.href=t.value))}},d.addEventListener(\"message\",d.wp.receiveEmbedMessage,!1),l.addEventListener(\"DOMContentLoaded\",function(){for(var e,t,s=l.querySelectorAll(\"iframe.wp-embedded-content\"),r=0;r<s.length;r++)(t=(e=s[r]).getAttribute(\"data-secret\"))||(t=Math.random().toString(36).substring(2,12),e.src+=\"#?secret=\"+t,e.setAttribute(\"data-secret\",t)),e.contentWindow.postMessage({message:\"ready\",secret:t},\"*\")},!1)))}(window,document);\n\/\/# sourceURL=https:\/\/denizcankizil.tr\/wp-includes\/js\/wp-embed.min.js\n<\/script>","description":"Antalya\u2019da sanat\u00e7\u0131 Azad Bedran konserinin Muratapa\u015fa Belediyesi K\u00fclt\u00fcr Salonu\u2019nda ger\u00e7ekle\u015ftirilecek. Salon tahsisinden dolay\u0131 il\u00e7e Belediyesi&#8217;ne son g\u00fcnlerde baz\u0131 sosyal medya hesaplar\u0131ndan, \u201cTer\u00f6r \u00f6rg\u00fct\u00fc destek\u00e7isi bir sanat\u00e7\u0131ya salonu nas\u0131l tahsis edersin\u201d \u015feklinde ele\u015ftiriler geldi. Belediye ise bu ele\u015ftirilere y\u00f6nelik olarak a\u00e7\u0131klama yapt\u0131.\u00a0 ELE\u015eT\u0130R\u0130N\u0130N ARDINDAN A\u00c7IKLAMA YAPTI Muratpa\u015fa Belediyesi, sanat\u00e7\u0131 Azad Bedran&#8217;a 15 Kas\u0131m&#8217;da konser i\u00e7in salon tahsis etti. Salon tahsisi sosyal medyada ele\u015ftiri konusu olunca, Muratpa\u015fa Belediyesi yaz\u0131l\u0131 a\u00e7\u0131klama yapt\u0131. \u201cDe\u011ferli kom\u015fular\u0131m\u0131z, belediyemizin salonlar\u0131n\u0131n kullan\u0131m\u0131 ve etkinliklerle ilgili sorular\u0131n\u0131z\u0131 yan\u0131tlamak isteriz\u201d \u015feklinde ba\u015flayan a\u00e7\u0131klamada, \u201cBelediyemize ait k\u00fclt\u00fcr ve sanat merkezlerimizde konser, tiyatro, s\u00f6yle\u015fi gibi biletli etkinlikler, \u00fccret kar\u015f\u0131l\u0131\u011f\u0131nda kiralanarak d\u00fczenlenebilir. Ayr\u0131ca sergi salonlar\u0131m\u0131z ve di\u011fer etkinlik alanlar\u0131m\u0131z, sanat\u00e7\u0131lar\u0131m\u0131z\u0131n kullan\u0131m\u0131na a\u00e7\u0131kt\u0131r\u201d denildi.\u00a0 BELED\u0130YEM\u0130Z\u0130N YETK\u0130S\u0130 YOK! Toplant\u0131, g\u00f6steri ve y\u00fcr\u00fcy\u00fc\u015flere k\u0131s\u0131tlamaya y\u00f6nelik karar yetkisinin M\u00fclki \u0130dare&#8217;nin yetkisinde oldu\u011funu belirten Belediye, \u201cAncak d\u00fczenlenecek her t\u00fcrl\u00fc organizasyonun ertelenmesi, k\u0131s\u0131tlanmas\u0131 veya yasaklanmas\u0131 yetkisi, 5442 say\u0131l\u0131 \u0130l \u0130daresi Kanunu, 2911 say\u0131l\u0131 Toplant\u0131 ve G\u00f6steri Y\u00fcr\u00fcy\u00fc\u015fleri Kanunu ve nihayet T\u00fcrk Ceza Kanunu kapsam\u0131nda yaln\u0131zca M\u00fclki \u0130dare&#8217;nin yetkisindedir. Belediyemizin kamu d\u00fczenine dair bu t\u00fcr kararlar\u0131 alma yetkisi bulunmamaktad\u0131r. Bu \u00e7er\u00e7evede, m\u00fclki idare taraf\u0131ndan ertelenme, k\u0131s\u0131tlama veya yasaklama karar\u0131 olmayan her t\u00fcrl\u00fc organizasyon, belediyemizin salonlar\u0131nda ger\u00e7ekle\u015ftirilebilir. Kamuoyuna sayg\u0131lar\u0131m\u0131zla.\u201d \u200bMuratpa\u015fa Belediyesi, sanat\u00e7\u0131 Azad Bedran&#8217;a 15 Kas\u0131m&#8217;da konser i\u00e7in salon tahsis etti. &hellip;"}