{"version":"1.0","provider_name":"Av. Deniz Can K\u0131z\u0131l","provider_url":"https:\/\/denizcankizil.tr\/ru","author_name":"admin","author_url":"https:\/\/denizcankizil.tr\/ru\/author\/admin\/","title":"Motorlu kara ta\u015f\u0131tlar\u0131nda d\u00fc\u015f\u00fc\u015f!","type":"rich","width":600,"height":338,"html":"<blockquote class=\"wp-embedded-content\" data-secret=\"f8gIEktyRU\"><a href=\"https:\/\/denizcankizil.tr\/ru\/haberler\/gundem\/motorlu-kara-tasitlarinda-dusus\/\">Motorlu kara ta\u015f\u0131tlar\u0131nda d\u00fc\u015f\u00fc\u015f!<\/a><\/blockquote><iframe sandbox=\"allow-scripts\" security=\"restricted\" src=\"https:\/\/denizcankizil.tr\/ru\/haberler\/gundem\/motorlu-kara-tasitlarinda-dusus\/embed\/#?secret=f8gIEktyRU\" width=\"600\" height=\"338\" title=\"\u00abMotorlu kara ta\u015f\u0131tlar\u0131nda d\u00fc\u015f\u00fc\u015f!\u00bb &#8212; Av. Deniz Can K\u0131z\u0131l\" data-secret=\"f8gIEktyRU\" frameborder=\"0\" marginwidth=\"0\" marginheight=\"0\" scrolling=\"no\" class=\"wp-embedded-content\"><\/iframe><script>\n\/*! This file is auto-generated *\/\n!function(d,l){\"use strict\";l.querySelector&&d.addEventListener&&\"undefined\"!=typeof URL&&(d.wp=d.wp||{},d.wp.receiveEmbedMessage||(d.wp.receiveEmbedMessage=function(e){var t=e.data;if((t||t.secret||t.message||t.value)&&!\/[^a-zA-Z0-9]\/.test(t.secret)){for(var s,r,n,a=l.querySelectorAll('iframe[data-secret=\"'+t.secret+'\"]'),o=l.querySelectorAll('blockquote[data-secret=\"'+t.secret+'\"]'),c=new RegExp(\"^https?:$\",\"i\"),i=0;i<o.length;i++)o[i].style.display=\"none\";for(i=0;i<a.length;i++)s=a[i],e.source===s.contentWindow&&(s.removeAttribute(\"style\"),\"height\"===t.message?(1e3<(r=parseInt(t.value,10))?r=1e3:~~r<200&&(r=200),s.height=r):\"link\"===t.message&&(r=new URL(s.getAttribute(\"src\")),n=new URL(t.value),c.test(n.protocol))&&n.host===r.host&&l.activeElement===s&&(d.top.location.href=t.value))}},d.addEventListener(\"message\",d.wp.receiveEmbedMessage,!1),l.addEventListener(\"DOMContentLoaded\",function(){for(var e,t,s=l.querySelectorAll(\"iframe.wp-embedded-content\"),r=0;r<s.length;r++)(t=(e=s[r]).getAttribute(\"data-secret\"))||(t=Math.random().toString(36).substring(2,12),e.src+=\"#?secret=\"+t,e.setAttribute(\"data-secret\",t)),e.contentWindow.postMessage({message:\"ready\",secret:t},\"*\")},!1)))}(window,document);\n\/\/# sourceURL=https:\/\/denizcankizil.tr\/wp-includes\/js\/wp-embed.min.js\n<\/script>","description":"\u015eubat ay\u0131nda 136 bin 810 adet ta\u015f\u0131t\u0131n trafi\u011fe kayd\u0131 yap\u0131ld\u0131. Trafi\u011fe kayd\u0131 yap\u0131lan ta\u015f\u0131t say\u0131s\u0131 bir \u00f6nceki aya g\u00f6re y\u00fczde 17,5 azald\u0131. Y\u0131l\u0131n ilk iki ay\u0131nda 302 bin 544 adet ta\u015f\u0131t\u0131n trafi\u011fe kayd\u0131 yap\u0131ld\u0131.ANKARA (\u0130GFA) &#8211; T\u00dc\u0130K, \u015eubat ay\u0131na ili\u015fkin Motorlu Kara Ta\u015f\u0131tlar\u0131 istatistiklerini yay\u0131mlad\u0131. \u015eubat ay\u0131nda 136 bin 810 adet ta\u015f\u0131t\u0131n trafi\u011fe kayd\u0131 yap\u0131ld\u0131 \u015eubat ay\u0131nda trafi\u011fe kayd\u0131 yap\u0131lan ta\u015f\u0131tlar\u0131n y\u00fczde 50,2&#8217;sini otomobil, y\u00fczde 32,7&#8217;sini motosiklet, y\u00fczde 9,2&#8217;sini kamyonet, y\u00fczde 3,3&#8217;\u00fcn\u00fc trakt\u00f6r, y\u00fczde 2,2&#8217;sini kamyon, y\u00fczde 1,5&#8217;ini minib\u00fcs, y\u00fczde 0,8&#8217;ini otob\u00fcs ve y\u00fczde 0,1&#8217;ini \u00f6zel ama\u00e7l\u0131 ta\u015f\u0131tlar olu\u015fturdu. Trafi\u011fe kayd\u0131 yap\u0131lan ta\u015f\u0131t say\u0131s\u0131 bir \u00f6nceki aya g\u00f6re, motosiklette y\u00fczde 61,9, otob\u00fcste y\u00fczde 52,6, trakt\u00f6rde y\u00fczde 47,2, \u00f6zel ama\u00e7l\u0131 ta\u015f\u0131tta y\u00fczde 41,2, minib\u00fcste y\u00fczde 16,8 artarken kamyonette y\u00fczde 48,3, otomobilde y\u00fczde 34,1 ve kamyonda y\u00fczde 21,4 azald\u0131. Trafi\u011fe kayd\u0131 yap\u0131lan ta\u015f\u0131t say\u0131s\u0131 ge\u00e7en y\u0131l\u0131n ayn\u0131 ay\u0131na g\u00f6re y\u00fczde 29,3 azald\u0131 \u015eubat ay\u0131nda ge\u00e7en y\u0131l\u0131n ayn\u0131 ay\u0131na g\u00f6re trafi\u011fe kayd\u0131 yap\u0131lan ta\u015f\u0131t say\u0131s\u0131 otob\u00fcste y\u00fczde 41,1, minib\u00fcste y\u00fczde 29,2 artarken motosiklette y\u00fczde 47,2, trakt\u00f6rde y\u00fczde 38,1, kamyonette y\u00fczde 31,1, \u00f6zel ama\u00e7l\u0131 ta\u015f\u0131tta y\u00fczde 26,0, kamyonda y\u00fczde 23,4 ve otomobilde y\u00fczde 10,6 azald\u0131. \u015eubat ay\u0131 sonu itibar\u0131yla trafi\u011fe kay\u0131tl\u0131 ta\u015f\u0131tlar\u0131n y\u00fczde 51,9&#8217;unu otomobil, y\u00fczde 20,0&#8217;\u0131n\u0131 motosiklet, y\u00fczde 15,0&#8217;\u0131n\u0131 kamyonet, y\u00fczde 7,2&#8217;sini trakt\u00f6r, &hellip;"}