{"version":"1.0","provider_name":"Av. Deniz Can K\u0131z\u0131l","provider_url":"https:\/\/denizcankizil.tr\/ru","author_name":"admin","author_url":"https:\/\/denizcankizil.tr\/ru\/author\/admin\/","title":"Meteoroloji uyard\u0131! Sa\u011fanak ya\u011f\u0131\u015f devam ediyor","type":"rich","width":600,"height":338,"html":"<blockquote class=\"wp-embedded-content\" data-secret=\"VdmquHbU8d\"><a href=\"https:\/\/denizcankizil.tr\/ru\/haberler\/gundem\/meteoroloji-uyardi-saganak-yagis-devam-ediyor\/\">Meteoroloji uyard\u0131! Sa\u011fanak ya\u011f\u0131\u015f devam ediyor<\/a><\/blockquote><iframe sandbox=\"allow-scripts\" security=\"restricted\" src=\"https:\/\/denizcankizil.tr\/ru\/haberler\/gundem\/meteoroloji-uyardi-saganak-yagis-devam-ediyor\/embed\/#?secret=VdmquHbU8d\" width=\"600\" height=\"338\" title=\"\u00abMeteoroloji uyard\u0131! Sa\u011fanak ya\u011f\u0131\u015f devam ediyor\u00bb &#8212; Av. Deniz Can K\u0131z\u0131l\" data-secret=\"VdmquHbU8d\" frameborder=\"0\" marginwidth=\"0\" marginheight=\"0\" scrolling=\"no\" class=\"wp-embedded-content\"><\/iframe><script>\n\/*! This file is auto-generated *\/\n!function(d,l){\"use strict\";l.querySelector&&d.addEventListener&&\"undefined\"!=typeof URL&&(d.wp=d.wp||{},d.wp.receiveEmbedMessage||(d.wp.receiveEmbedMessage=function(e){var t=e.data;if((t||t.secret||t.message||t.value)&&!\/[^a-zA-Z0-9]\/.test(t.secret)){for(var s,r,n,a=l.querySelectorAll('iframe[data-secret=\"'+t.secret+'\"]'),o=l.querySelectorAll('blockquote[data-secret=\"'+t.secret+'\"]'),c=new RegExp(\"^https?:$\",\"i\"),i=0;i<o.length;i++)o[i].style.display=\"none\";for(i=0;i<a.length;i++)s=a[i],e.source===s.contentWindow&&(s.removeAttribute(\"style\"),\"height\"===t.message?(1e3<(r=parseInt(t.value,10))?r=1e3:~~r<200&&(r=200),s.height=r):\"link\"===t.message&&(r=new URL(s.getAttribute(\"src\")),n=new URL(t.value),c.test(n.protocol))&&n.host===r.host&&l.activeElement===s&&(d.top.location.href=t.value))}},d.addEventListener(\"message\",d.wp.receiveEmbedMessage,!1),l.addEventListener(\"DOMContentLoaded\",function(){for(var e,t,s=l.querySelectorAll(\"iframe.wp-embedded-content\"),r=0;r<s.length;r++)(t=(e=s[r]).getAttribute(\"data-secret\"))||(t=Math.random().toString(36).substring(2,12),e.src+=\"#?secret=\"+t,e.setAttribute(\"data-secret\",t)),e.contentWindow.postMessage({message:\"ready\",secret:t},\"*\")},!1)))}(window,document);\n\/\/# sourceURL=https:\/\/denizcankizil.tr\/wp-includes\/js\/wp-embed.min.js\n<\/script>","description":"Meteoroloji Genel M\u00fcd\u00fcrl\u00fc\u011f\u00fc taraf\u0131ndan yap\u0131lan tahminlere g\u00f6re, yurdun b\u00fcy\u00fck b\u00f6l\u00fcm\u00fcnde sa\u011fanak ya\u011f\u0131\u015f ve g\u00f6k g\u00fcr\u00fclt\u00fcl\u00fc sa\u011fanak etkisini g\u00f6sterecek.ANKARA (\u0130GFA) &#8211;\u00a0Meteoroloji Genel M\u00fcd\u00fcrl\u00fc\u011f\u00fc taraf\u0131ndan yap\u0131lan tahminlere g\u00f6re, yurdun\u00a0genelinin par\u00e7al\u0131 ve \u00e7ok bulutlu, Marmara\u2019n\u0131n bat\u0131s\u0131 ile I\u011fd\u0131r ve Van \u00e7evreleri d\u0131\u015f\u0131nda t\u00fcm yurdun aral\u0131kl\u0131 sa\u011fanak ve g\u00f6k g\u00fcr\u00fclt\u00fcl\u00fc sa\u011fanak ya\u011f\u0131\u015fl\u0131 ge\u00e7ece\u011fi tahmin ediliyor. Ya\u011f\u0131\u015flar\u0131n, G\u00fcney Ege, Akdeniz, \u0130\u00e7 Anadolu\u2019nun kuzeybat\u0131s\u0131, Bat\u0131 Karadeniz\u2019in bat\u0131s\u0131 ile Kocaeli, Sakarya, Bilecik, K\u00fctahya, U\u015fak, Sivas, Tokat \u00e7evreleri, Bursa ve Bal\u0131kesir&#8217;in g\u00fcney kesimleri, Kayseri&#8217;nin g\u00fcney ve do\u011fusunda yerel olmak \u00fczere kuvvetli olmas\u0131 bekleniyor. R\u00fczgar\u0131n Marmara\u2019da kuzey ve kuzeydo\u011fu, Do\u011fu Akdeniz, \u0130\u00e7 Anadolu\u2019nun do\u011fusu ile Do\u011fu ve G\u00fcney Do\u011fu Anadolu&#8217;da g\u00fcneyli y\u00f6nlerden kuvvetli ve yer yer f\u0131rt\u0131na (40-80 km\/sa) \u015feklinde esece\u011fi tahmin ediliyor. Do\u011fu Anadolu\u2019nun g\u00fcney ve bat\u0131s\u0131 ile G\u00fcneydo\u011fu Anadolu\u2019da toz ta\u015f\u0131n\u0131m\u0131 bekleniyor. Hava s\u0131cakl\u0131\u011f\u0131n\u0131n mevsim normalleri civar\u0131nda seyredece\u011fi tahmin ediliyor. R\u00fczgar\u0131n genellikle kuzey ve kuzeydo\u011fu, g\u00fcneydo\u011fu kesimlerde g\u00fcneybat\u0131 y\u00f6nlerden hafif, ara s\u0131ra orta kuvvette, Marmara\u2019da kuzey ve kuzeydo\u011fu, Do\u011fu Akdeniz, \u0130\u00e7 Anadolu\u2019nun do\u011fusu ile Do\u011fu ve G\u00fcneydo\u011fu Anadolu&#8217;da g\u00fcneyli y\u00f6nlerden kuvvetli ve f\u0131rt\u0131na (40-80 km\/sa) \u015feklinde esmesi bekleniyor. KUVVETL\u0130 YA\u011eI\u015e UYARISI: Ya\u011f\u0131\u015flar\u0131n; G\u00fcney Ege, Akdeniz, \u0130\u00e7 Anadolu\u2019nun kuzeybat\u0131s\u0131, Bat\u0131 Karadeniz\u2019in bat\u0131s\u0131 ile Kocaeli, Sakarya, Bilecik, K\u00fctahya, U\u015fak, Sivas, Tokat \u00e7evreleri, Bursa ve Bal\u0131kesir&#8217;in g\u00fcney kesimleri, Kayseri&#8217;nin g\u00fcney &hellip;"}