{"version":"1.0","provider_name":"Av. Deniz Can K\u0131z\u0131l","provider_url":"https:\/\/denizcankizil.tr\/ru","author_name":"Antalya K\u00f6rfez","author_url":"https:\/\/denizcankizil.tr\/ru\/author\/www-antalyakorfez-com\/","title":"Mansur Yava\u015f hakk\u0131nda su\u00e7 duyurusu!","type":"rich","width":600,"height":338,"html":"<blockquote class=\"wp-embedded-content\" data-secret=\"d4QQ2iS3fO\"><a href=\"https:\/\/denizcankizil.tr\/ru\/haberler\/gundem\/mansur-yavas-hakkinda-suc-duyurusu\/\">Mansur Yava\u015f hakk\u0131nda su\u00e7 duyurusu!<\/a><\/blockquote><iframe sandbox=\"allow-scripts\" security=\"restricted\" src=\"https:\/\/denizcankizil.tr\/ru\/haberler\/gundem\/mansur-yavas-hakkinda-suc-duyurusu\/embed\/#?secret=d4QQ2iS3fO\" width=\"600\" height=\"338\" title=\"\u00abMansur Yava\u015f hakk\u0131nda su\u00e7 duyurusu!\u00bb &#8212; Av. Deniz Can K\u0131z\u0131l\" data-secret=\"d4QQ2iS3fO\" frameborder=\"0\" marginwidth=\"0\" marginheight=\"0\" scrolling=\"no\" class=\"wp-embedded-content\"><\/iframe><script>\n\/*! This file is auto-generated *\/\n!function(d,l){\"use strict\";l.querySelector&&d.addEventListener&&\"undefined\"!=typeof URL&&(d.wp=d.wp||{},d.wp.receiveEmbedMessage||(d.wp.receiveEmbedMessage=function(e){var t=e.data;if((t||t.secret||t.message||t.value)&&!\/[^a-zA-Z0-9]\/.test(t.secret)){for(var s,r,n,a=l.querySelectorAll('iframe[data-secret=\"'+t.secret+'\"]'),o=l.querySelectorAll('blockquote[data-secret=\"'+t.secret+'\"]'),c=new RegExp(\"^https?:$\",\"i\"),i=0;i<o.length;i++)o[i].style.display=\"none\";for(i=0;i<a.length;i++)s=a[i],e.source===s.contentWindow&&(s.removeAttribute(\"style\"),\"height\"===t.message?(1e3<(r=parseInt(t.value,10))?r=1e3:~~r<200&&(r=200),s.height=r):\"link\"===t.message&&(r=new URL(s.getAttribute(\"src\")),n=new URL(t.value),c.test(n.protocol))&&n.host===r.host&&l.activeElement===s&&(d.top.location.href=t.value))}},d.addEventListener(\"message\",d.wp.receiveEmbedMessage,!1),l.addEventListener(\"DOMContentLoaded\",function(){for(var e,t,s=l.querySelectorAll(\"iframe.wp-embedded-content\"),r=0;r<s.length;r++)(t=(e=s[r]).getAttribute(\"data-secret\"))||(t=Math.random().toString(36).substring(2,12),e.src+=\"#?secret=\"+t,e.setAttribute(\"data-secret\",t)),e.contentWindow.postMessage({message:\"ready\",secret:t},\"*\")},!1)))}(window,document);\n\/\/# sourceURL=https:\/\/denizcankizil.tr\/wp-includes\/js\/wp-embed.min.js\n<\/script>","description":"Diyarbak\u0131r Barosu, Ankara B\u00fcy\u00fck\u015fehir Belediye Ba\u015fkan\u0131 Mansur Yava\u015f hakk\u0131nda \u0130stanbul Cumhuriyet Ba\u015fsavc\u0131l\u0131\u011f\u0131&#8217;na su\u00e7 duyurusunda bulundu. Su\u00e7 duyurusunun gerek\u00e7esi olarak Yava\u015f&#8217;\u0131n \u0130stanbul&#8217;da yapt\u0131\u011f\u0131 konu\u015fmada, &#8220;D\u00fcn Do\u011fu&#8217;da bir yerde bana g\u00f6re pa\u00e7avra olan bayraklar sallan\u0131rken&#8230;&#8221; ifadelerini kullanarak halk\u0131 kin ve d\u00fc\u015fmanl\u0131\u011fa tahrik etti\u011fi ve toplumda ayr\u0131\u015fmaya sebebiyet verdi\u011fi \u00f6ne s\u00fcr\u00fcld\u00fc.\u00a0 &#8220;PA\u00c7AVRA BAYRAKLAR&#8230;&#8221;\u00a0 Ankara B\u00fcy\u00fck\u015fehir Belediye Ba\u015fkan\u0131 Mansur Yava\u015f d\u00fcn Sara\u00e7hane&#8217;de d\u00fczenlenen mitingde\u00a0\u015e\u0131rnak&#8217;taki Nevruz&#8217;u kastederek &#8220;D\u00fcn Do\u011fu&#8217;da bir yerde bana g\u00f6re pa\u00e7avra olan bayraklar sallan\u0131rken, o mitinge gidenlere polisler pamuk \u015fekeri verirken buradaki m\u00fcdahaleyi do\u011fru bulmuyorum. Emniyet g\u00fc\u00e7lerinden buradaki gen\u00e7lere de pamuk \u015fekeri ikram etmelerini bekliyoruz&#8221; ifadelerini kulland\u0131. Ba\u015fkan Yava\u015f&#8217;\u0131n bu ifadeleri, Halklar\u0131n E\u015fitlik ve Demokrasi Partisi (DEM) taraf\u0131ndan tepkiyle kar\u015f\u0131land\u0131.\u00a0 \u00d6NCE VAN SONRA DA D\u0130YARBAKIR BAROSU &#8216;SU\u00c7 DUYURUSUNDA&#8217; BULUNDU\u00a0 Van Barosu, Ba\u015fkan Yava\u015f&#8217;\u0131n bu s\u00f6ylemlerine tepki g\u00f6stererek, &#8220;Mansur Yava\u015f\u2019\u0131n anayasal haklar\u0131n kullan\u0131lmas\u0131n\u0131 de\u011fil, engellenmesini g\u00fcndemine almas\u0131n\u0131; K\u00fcrt halk\u0131na y\u00f6nelik sayg\u0131s\u0131z ve k\u0131\u015fk\u0131rt\u0131c\u0131 tutumunu k\u0131nad\u0131\u011f\u0131m\u0131z\u0131 belirtiriz. Bu a\u00e7\u0131klamalar hakk\u0131nda \u0130stanbul Cumhuriyet Ba\u015fsavc\u0131l\u0131\u011f\u0131 nezdinde su\u00e7 duyurusunda bulunulacakt\u0131r&#8221; dedi.\u00a0Van Barosu&#8217;nun ard\u0131ndan Diyarbak\u0131r Barosu&#8217;da\u00a0Ankara B\u00fcy\u00fck\u015fehir Belediye Ba\u015fkan\u0131 Mansur Yava\u015f hakk\u0131nda su\u00e7 duyurusunda bulundu\u011funu a\u00e7\u0131klad\u0131.\u00a0 &#8220;HALKI K\u0130N VE D\u00dc\u015eMANLI\u011eA TAHR\u0130K&#8221; VE &#8220;NEFRET SU\u00c7U&#8221; \u0130DD\u0130ASI\u00a0 Baro taraf\u0131ndan yap\u0131lan su\u00e7 duyurusunda, Yava\u015f&#8217;\u0131n s\u00f6zlerinin T\u00fcrk Ceza Kanunu&#8217;nun 216. ve 122. maddelerine ayk\u0131r\u0131 oldu\u011fu belirtilerek, halk\u0131 kin ve d\u00fc\u015fmanl\u0131\u011fa tahrik etti\u011fi, &hellip;"}