{"version":"1.0","provider_name":"Av. Deniz Can K\u0131z\u0131l","provider_url":"https:\/\/denizcankizil.tr\/ru","author_name":"admin","author_url":"https:\/\/denizcankizil.tr\/ru\/author\/admin\/","title":"Manisa'da \u201cF\u0131r\u00e7a \u0130zleri\u201d sanatseverlerle bulu\u015ftu","type":"rich","width":600,"height":338,"html":"<blockquote class=\"wp-embedded-content\" data-secret=\"VadmjVn8B8\"><a href=\"https:\/\/denizcankizil.tr\/ru\/haberler\/gundem\/manisada-firca-izleri-sanatseverlerle-bulustu\/\">Manisa&#8217;da \u201cF\u0131r\u00e7a \u0130zleri\u201d sanatseverlerle bulu\u015ftu<\/a><\/blockquote><iframe sandbox=\"allow-scripts\" security=\"restricted\" src=\"https:\/\/denizcankizil.tr\/ru\/haberler\/gundem\/manisada-firca-izleri-sanatseverlerle-bulustu\/embed\/#?secret=VadmjVn8B8\" width=\"600\" height=\"338\" title=\"\u00abManisa&#8217;da \u201cF\u0131r\u00e7a \u0130zleri\u201d sanatseverlerle bulu\u015ftu\u00bb &#8212; Av. Deniz Can K\u0131z\u0131l\" data-secret=\"VadmjVn8B8\" frameborder=\"0\" marginwidth=\"0\" marginheight=\"0\" scrolling=\"no\" class=\"wp-embedded-content\"><\/iframe><script>\n\/*! This file is auto-generated *\/\n!function(d,l){\"use strict\";l.querySelector&&d.addEventListener&&\"undefined\"!=typeof URL&&(d.wp=d.wp||{},d.wp.receiveEmbedMessage||(d.wp.receiveEmbedMessage=function(e){var t=e.data;if((t||t.secret||t.message||t.value)&&!\/[^a-zA-Z0-9]\/.test(t.secret)){for(var s,r,n,a=l.querySelectorAll('iframe[data-secret=\"'+t.secret+'\"]'),o=l.querySelectorAll('blockquote[data-secret=\"'+t.secret+'\"]'),c=new RegExp(\"^https?:$\",\"i\"),i=0;i<o.length;i++)o[i].style.display=\"none\";for(i=0;i<a.length;i++)s=a[i],e.source===s.contentWindow&&(s.removeAttribute(\"style\"),\"height\"===t.message?(1e3<(r=parseInt(t.value,10))?r=1e3:~~r<200&&(r=200),s.height=r):\"link\"===t.message&&(r=new URL(s.getAttribute(\"src\")),n=new URL(t.value),c.test(n.protocol))&&n.host===r.host&&l.activeElement===s&&(d.top.location.href=t.value))}},d.addEventListener(\"message\",d.wp.receiveEmbedMessage,!1),l.addEventListener(\"DOMContentLoaded\",function(){for(var e,t,s=l.querySelectorAll(\"iframe.wp-embedded-content\"),r=0;r<s.length;r++)(t=(e=s[r]).getAttribute(\"data-secret\"))||(t=Math.random().toString(36).substring(2,12),e.src+=\"#?secret=\"+t,e.setAttribute(\"data-secret\",t)),e.contentWindow.postMessage({message:\"ready\",secret:t},\"*\")},!1)))}(window,document);\n\/\/# sourceURL=https:\/\/denizcankizil.tr\/wp-includes\/js\/wp-embed.min.js\n<\/script>","description":"Manisa B\u00fcy\u00fck\u015fehir Belediyesi, D\u00fcnya Ressamlar G\u00fcn\u00fc\u2019ne \u00f6zel olarak \u201cF\u0131r\u00e7a \u0130zleri\u201d adl\u0131 karma resim sergisine ev sahipli\u011fi yapt\u0131. K\u00fclt\u00fcr Merkezi Lale Fuaye&#8217;de d\u00fczenlenen etkinlik, sanatseverlerin b\u00fcy\u00fck be\u011fenisini kazand\u0131.MAN\u0130SA (\u0130GFA) &#8211; Manisa&#8217;da\u00a0sergide, hayal g\u00fc\u00e7lerini ve d\u00fc\u015f\u00fcncelerini f\u0131r\u00e7a darbeleriyle tuvale aktaran ressamlar H\u00fclya Ersezgin, Bet\u00fcl \u015eeker, Nagehan Erdo\u011fan, Reyhan Elbirliler, Haldun Ta\u015f\u00e7eviren, Fehim Ta\u015f\u00e7eviren, Ramazan G\u00f6kta\u015f ve Hidayet G\u00fcltekin&#8217;in eserleri sanatseverlerle bulu\u015ftu. Birbirinden farkl\u0131 \u00fcslup ve tekniklerle olu\u015fturulan tablolar, ziyaret\u00e7ilerin be\u011fenisine sunuldu. Ziyaret\u00e7iler, ressam H\u00fclya Ersezgin&#8217;in 2008 y\u0131l\u0131nda \u00f6d\u00fcl alan Kuvay-i Milliye konulu eserini de yak\u0131ndan g\u00f6rme f\u0131rsat\u0131 buldu. Etkinlik boyunca d\u00fczenlenen \u00f6zel sanat performanslar\u0131, sergiye renk katt\u0131. \u00d6\u011eRENC\u0130LERDEN YO\u011eUN \u0130LG\u0130 Minik sanatseverlerin de yo\u011fun kat\u0131l\u0131m g\u00f6sterdi\u011fi serginin a\u00e7\u0131l\u0131\u015f\u0131n\u0131, B\u00fcy\u00fck\u015fehir Belediyesi K\u00fclt\u00fcr Sanat \u015eube M\u00fcd\u00fcr\u00fc Okan G\u00fcnd\u00fcz ve sergide yer alan ressamlar birlikte ger\u00e7ekle\u015ftirdi. \u201cF\u0131r\u00e7a \u0130zleri\u201d sergisi, Manisa&#8217;n\u0131n k\u00fclt\u00fcrel ve sanatsal zenginli\u011fine \u00f6nemli katk\u0131 sa\u011flad\u0131. Sergi, farkl\u0131 tarzlardaki eserleri bir araya getirerek sanatseverlere geni\u015f bir yelpaze sundu. Ayr\u0131ca, \u00a0Manisa Anadolu Lisesi \u00f6\u011frencilerinin ziyaretiyle de sanat\u0131n gelecek nesillere aktar\u0131lmas\u0131na katk\u0131da da bulundu. Ressamlar, sanata ve sanat\u00e7\u0131ya destekleri nedeniyle Manisa B\u00fcy\u00fck\u015fehir Belediyesi\u2019ne te\u015fekk\u00fcr ederek, bu t\u00fcr organizasyonlar\u0131n kent k\u00fclt\u00fcr ve sanat ya\u015fam\u0131na b\u00fcy\u00fck katk\u0131 sa\u011flad\u0131\u011f\u0131n\u0131 vurgulad\u0131. \u200bManisa B\u00fcy\u00fck\u015fehir Belediyesi, D\u00fcnya Ressamlar G\u00fcn\u00fc\u2019ne \u00f6zel olarak \u201cF\u0131r\u00e7a \u0130zleri\u201d adl\u0131 karma resim sergisine ev sahipli\u011fi yapt\u0131. K\u00fclt\u00fcr Merkezi &hellip;"}