{"version":"1.0","provider_name":"Av. Deniz Can K\u0131z\u0131l","provider_url":"https:\/\/denizcankizil.tr\/ru","author_name":"Antalya K\u00f6rfez","author_url":"https:\/\/denizcankizil.tr\/ru\/author\/www-antalyakorfez-com\/","title":"Manavgat'a otizmli bireyler i\u00e7in yeni ya\u015fam alan\u0131","type":"rich","width":600,"height":338,"html":"<blockquote class=\"wp-embedded-content\" data-secret=\"0KfQ9x7xsO\"><a href=\"https:\/\/denizcankizil.tr\/ru\/haberler\/gundem\/manavgata-otizmli-bireyler-icin-yeni-yasam-alani\/\">Manavgat&#8217;a otizmli bireyler i\u00e7in yeni ya\u015fam alan\u0131<\/a><\/blockquote><iframe sandbox=\"allow-scripts\" security=\"restricted\" src=\"https:\/\/denizcankizil.tr\/ru\/haberler\/gundem\/manavgata-otizmli-bireyler-icin-yeni-yasam-alani\/embed\/#?secret=0KfQ9x7xsO\" width=\"600\" height=\"338\" title=\"\u00abManavgat&#8217;a otizmli bireyler i\u00e7in yeni ya\u015fam alan\u0131\u00bb &#8212; Av. Deniz Can K\u0131z\u0131l\" data-secret=\"0KfQ9x7xsO\" frameborder=\"0\" marginwidth=\"0\" marginheight=\"0\" scrolling=\"no\" class=\"wp-embedded-content\"><\/iframe><script>\n\/*! This file is auto-generated *\/\n!function(d,l){\"use strict\";l.querySelector&&d.addEventListener&&\"undefined\"!=typeof URL&&(d.wp=d.wp||{},d.wp.receiveEmbedMessage||(d.wp.receiveEmbedMessage=function(e){var t=e.data;if((t||t.secret||t.message||t.value)&&!\/[^a-zA-Z0-9]\/.test(t.secret)){for(var s,r,n,a=l.querySelectorAll('iframe[data-secret=\"'+t.secret+'\"]'),o=l.querySelectorAll('blockquote[data-secret=\"'+t.secret+'\"]'),c=new RegExp(\"^https?:$\",\"i\"),i=0;i<o.length;i++)o[i].style.display=\"none\";for(i=0;i<a.length;i++)s=a[i],e.source===s.contentWindow&&(s.removeAttribute(\"style\"),\"height\"===t.message?(1e3<(r=parseInt(t.value,10))?r=1e3:~~r<200&&(r=200),s.height=r):\"link\"===t.message&&(r=new URL(s.getAttribute(\"src\")),n=new URL(t.value),c.test(n.protocol))&&n.host===r.host&&l.activeElement===s&&(d.top.location.href=t.value))}},d.addEventListener(\"message\",d.wp.receiveEmbedMessage,!1),l.addEventListener(\"DOMContentLoaded\",function(){for(var e,t,s=l.querySelectorAll(\"iframe.wp-embedded-content\"),r=0;r<s.length;r++)(t=(e=s[r]).getAttribute(\"data-secret\"))||(t=Math.random().toString(36).substring(2,12),e.src+=\"#?secret=\"+t,e.setAttribute(\"data-secret\",t)),e.contentWindow.postMessage({message:\"ready\",secret:t},\"*\")},!1)))}(window,document);\n\/\/# sourceURL=https:\/\/denizcankizil.tr\/wp-includes\/js\/wp-embed.min.js\n<\/script>","description":"Manavgat\u2019\u0131n Il\u0131ca Mahallesi&#8217;nde bulunan 805 Ada 1 parsel \u00fczerindeki 2115,54 m\u00b2 y\u00fcz\u00f6l\u00e7\u00fcml\u00fc arsaya in\u015fa edilecek olan merkez, otizmli bireyler i\u00e7in \u00f6nemli bir ya\u015fam alan\u0131 olu\u015fturmay\u0131 hedefliyor. Hay\u0131rsever Mehmet Karamanc\u0131 taraf\u0131ndan yap\u0131lacak olan proje, hem fiziki hem de sosyal anlamda il\u00e7edeki otizmli bireylerin e\u011fitim, rehabilitasyon ve ya\u015fam kalitelerini iyile\u015ftirecek bir merkezin temellerini at\u0131yor. MERKEZ, OT\u0130ZML\u0130 B\u0130REYLER\u0130N YA\u015eAM KAL\u0130TES\u0130N\u0130 ARTTIRACAK Manavgat Belediyesi Otizm Merkezi, idarece haz\u0131rlanacak projesine ve ilgili mevzuatlara uygun olarak ger\u00e7ekle\u015ftirilecek. Projenin tamamlanmas\u0131n\u0131n ard\u0131ndan otizm merkezi, Manavgat Belediyesi\u2019ne teslim edilecek. Otizm Merkezi, il\u00e7edeki otizmli bireylerin ailelerine b\u00fcy\u00fck bir rahatl\u0131k ve destek sunmay\u0131 ama\u00e7l\u0131yor. Aileler, \u00e7ocuklar\u0131n\u0131n geli\u015fim s\u00fcre\u00e7lerinde profesyonel destek alabilecekleri, sosyal hayatlar\u0131na adapte olabilecekleri, \u00e7e\u015fitli terapilerle rehabilite olabilecekleri bir ortamda vakit ge\u00e7irebilecekler. \u201cBU PROJE, \u0130L\u00c7EM\u0130ZE UMUT OLACAK&#8221; Manavgat Belediye Ba\u015fkan\u0131 Dr. Niyazi Nefi Kara, imzalanan protokol\u00fcn \u00f6nemine de\u011finerek, \u201cBu proje, Manavgat i\u00e7in \u00e7ok de\u011ferli bir ad\u0131m. Otizmli bireylerimizin e\u011fitimine ve geli\u015fimine b\u00fcy\u00fck katk\u0131 sa\u011flayacak olan bu merkez, Manavgat\u2019\u0131 sosyal hizmetler anlam\u0131nda daha da g\u00fc\u00e7lendirecek. Mehmet Karamanc\u0131\u2019n\u0131n deste\u011fiyle il\u00e7emize kazand\u0131raca\u011f\u0131m\u0131z bu merkez, hem otizmli bireylerimize hem de t\u00fcm il\u00e7emize umut olacakt\u0131r. Kendisine ve projede eme\u011fi ge\u00e7en herkese te\u015fekk\u00fcr ederim.\u201d ifadelerini kulland\u0131. \u200bManavgat Belediyesi ve hay\u0131rsever Mehmet Karamanc\u0131 i\u015f birli\u011fiyle Il\u0131ca Mahallesi&#8217;nde in\u015fa edilecek olan Otizm Merkezi, \u00f6zel bireyler ve aileleri i\u00e7in &hellip;"}