{"version":"1.0","provider_name":"Av. Deniz Can K\u0131z\u0131l","provider_url":"https:\/\/denizcankizil.tr\/ru","author_name":"Antalya K\u00f6rfez","author_url":"https:\/\/denizcankizil.tr\/ru\/author\/www-antalyakorfez-com\/","title":"Kuzey K\u0131br\u0131s'\u0131n kahramanlar\u0131 Antalya'da an\u0131ld\u0131","type":"rich","width":600,"height":338,"html":"<blockquote class=\"wp-embedded-content\" data-secret=\"xp4HI0Aysi\"><a href=\"https:\/\/denizcankizil.tr\/ru\/haberler\/gundem\/kuzey-kibrisin-kahramanlari-antalyada-anildi\/\">Kuzey K\u0131br\u0131s&#8217;\u0131n kahramanlar\u0131 Antalya&#8217;da an\u0131ld\u0131<\/a><\/blockquote><iframe sandbox=\"allow-scripts\" security=\"restricted\" src=\"https:\/\/denizcankizil.tr\/ru\/haberler\/gundem\/kuzey-kibrisin-kahramanlari-antalyada-anildi\/embed\/#?secret=xp4HI0Aysi\" width=\"600\" height=\"338\" title=\"\u00abKuzey K\u0131br\u0131s&#8217;\u0131n kahramanlar\u0131 Antalya&#8217;da an\u0131ld\u0131\u00bb &#8212; Av. Deniz Can K\u0131z\u0131l\" data-secret=\"xp4HI0Aysi\" frameborder=\"0\" marginwidth=\"0\" marginheight=\"0\" scrolling=\"no\" class=\"wp-embedded-content\"><\/iframe><script>\n\/*! This file is auto-generated *\/\n!function(d,l){\"use strict\";l.querySelector&&d.addEventListener&&\"undefined\"!=typeof URL&&(d.wp=d.wp||{},d.wp.receiveEmbedMessage||(d.wp.receiveEmbedMessage=function(e){var t=e.data;if((t||t.secret||t.message||t.value)&&!\/[^a-zA-Z0-9]\/.test(t.secret)){for(var s,r,n,a=l.querySelectorAll('iframe[data-secret=\"'+t.secret+'\"]'),o=l.querySelectorAll('blockquote[data-secret=\"'+t.secret+'\"]'),c=new RegExp(\"^https?:$\",\"i\"),i=0;i<o.length;i++)o[i].style.display=\"none\";for(i=0;i<a.length;i++)s=a[i],e.source===s.contentWindow&&(s.removeAttribute(\"style\"),\"height\"===t.message?(1e3<(r=parseInt(t.value,10))?r=1e3:~~r<200&&(r=200),s.height=r):\"link\"===t.message&&(r=new URL(s.getAttribute(\"src\")),n=new URL(t.value),c.test(n.protocol))&&n.host===r.host&&l.activeElement===s&&(d.top.location.href=t.value))}},d.addEventListener(\"message\",d.wp.receiveEmbedMessage,!1),l.addEventListener(\"DOMContentLoaded\",function(){for(var e,t,s=l.querySelectorAll(\"iframe.wp-embedded-content\"),r=0;r<s.length;r++)(t=(e=s[r]).getAttribute(\"data-secret\"))||(t=Math.random().toString(36).substring(2,12),e.src+=\"#?secret=\"+t,e.setAttribute(\"data-secret\",t)),e.contentWindow.postMessage({message:\"ready\",secret:t},\"*\")},!1)))}(window,document);\n\/\/# sourceURL=https:\/\/denizcankizil.tr\/wp-includes\/js\/wp-embed.min.js\n<\/script>","description":"Kuzey K\u0131br\u0131s T\u00fcrk Cumhuriyeti\u2019nin Kurucu Cumhurba\u015fkan\u0131 Rauf Raif Denkta\u015f ve T\u00fcrk Mukavemet Te\u015fkilat\u0131 lideri Dr. Faz\u0131l K\u00fc\u00e7\u00fck\u2019\u00fcn \u00f6l\u00fcm y\u0131l d\u00f6n\u00fcm\u00fc dolay\u0131s\u0131yla Antalya\u2019da anma t\u00f6reni d\u00fczenlendi. YAVRU VATANIN \u0130K\u0130 L\u0130DER\u0130 DUALARLA ANILDI\u00a0 Kuzey K\u0131br\u0131s T\u00fcrk Cumhuriyeti Kurucu Cumhurba\u015fkan\u0131 Rauf Raif Denkta\u015f\u2019\u0131n vefat\u0131n\u0131n 13. y\u0131l d\u00f6n\u00fcm\u00fc ve T\u00fcrk Mukavemet Te\u015fkilat\u0131 lideri Dr. Faz\u0131l K\u00fc\u00e7\u00fck\u2019\u00fcn vefat\u0131n\u0131n 41. y\u0131l d\u00f6n\u00fcm\u00fc dolay\u0131s\u0131yla anma t\u00f6reni d\u00fczenlendi. K\u0131br\u0131s T\u00fcrk K\u00fclt\u00fcr Derne\u011fi Antalya \u015eubesi koordinesinde ger\u00e7ekle\u015ftirilen t\u00f6ren, sayg\u0131 duru\u015fu ve \u0130stiklal Mar\u015f\u0131 ile ba\u015flad\u0131. Daha sonra Rauf Raif Denkta\u015f ve Dr. Faz\u0131l K\u00fc\u00e7\u00fck\u2019\u00fcn, K\u0131br\u0131s T\u00fcrk halk\u0131n\u0131n ba\u011f\u0131ms\u0131zl\u0131k m\u00fccadelesi u\u011fruna verdi\u011fi emekler ve g\u00f6sterdikleri fedak\u00e2rl\u0131klar hat\u0131rlat\u0131larak her iki lider dualarla y\u00e2d edildi. HULUS\u0130 \u015eAH\u0130N&#8217;DE KATILDI\u00a0 K\u0131br\u0131s \u015eehitleri Park\u0131\u2019nda ger\u00e7ekle\u015ftirilen anma t\u00f6renine Antalya Valisi Hulusi \u015eahin, Muratpa\u015fa Kaymakam\u0131 \u0130hsan Kara, Muratpa\u015fa Belediye Ba\u015fkan\u0131 \u00dcmit Uysal, KKTC Antalya Ba\u015fkonsolosu Asl\u0131 Erkmen, 3. Piyade E\u011fitim Tugay\u0131 Komutan\u0131 Piyade Albay H\u00fcseyin Y\u0131lmaz, K\u0131br\u0131s T\u00fcrk K\u00fclt\u00fcr Derne\u011fi Antalya \u015eube Ba\u015fkan\u0131 Vural \u00d6nal, T\u00fcrkiye Muharip Gaziler Derne\u011fi Antalya \u015eube Ba\u015fkan\u0131 Emekli Albay Zeynel Abidin Sezer, STK temsilcileri, gaziler ve vatanda\u015flar kat\u0131ld\u0131. B\u00dcY\u00dcK DAVAYA \u0130NANAN KAHRAMANLARA BOR\u00c7LUYUZ\u00a0 T\u00f6rende yapt\u0131\u011f\u0131 konu\u015fmada Rauf Raif Denkta\u015f ve Dr. Faz\u0131l K\u00fc\u00e7\u00fck\u2019\u00fcn hayatlar\u0131n\u0131 K\u0131br\u0131s davas\u0131na ve K\u0131br\u0131s T\u00fcrklerinin haklar\u0131na adad\u0131klar\u0131n\u0131 ifade eden Vali \u015eahin, &#8220;T\u00fcrk milleti i\u00e7in en \u00f6nemli olan \u015fey, &hellip;"}