{"version":"1.0","provider_name":"Av. Deniz Can K\u0131z\u0131l","provider_url":"https:\/\/denizcankizil.tr\/ru","author_name":"admin","author_url":"https:\/\/denizcankizil.tr\/ru\/author\/admin\/","title":"Konya ak\u0131ll\u0131 \u015fehirde lider konumda olacak","type":"rich","width":600,"height":338,"html":"<blockquote class=\"wp-embedded-content\" data-secret=\"JZYxhRB2NO\"><a href=\"https:\/\/denizcankizil.tr\/ru\/haberler\/gundem\/konya-akilli-sehirde-lider-konumda-olacak\/\">Konya ak\u0131ll\u0131 \u015fehirde lider konumda olacak<\/a><\/blockquote><iframe sandbox=\"allow-scripts\" security=\"restricted\" src=\"https:\/\/denizcankizil.tr\/ru\/haberler\/gundem\/konya-akilli-sehirde-lider-konumda-olacak\/embed\/#?secret=JZYxhRB2NO\" width=\"600\" height=\"338\" title=\"\u00abKonya ak\u0131ll\u0131 \u015fehirde lider konumda olacak\u00bb &#8212; Av. Deniz Can K\u0131z\u0131l\" data-secret=\"JZYxhRB2NO\" frameborder=\"0\" marginwidth=\"0\" marginheight=\"0\" scrolling=\"no\" class=\"wp-embedded-content\"><\/iframe><script>\n\/*! This file is auto-generated *\/\n!function(d,l){\"use strict\";l.querySelector&&d.addEventListener&&\"undefined\"!=typeof URL&&(d.wp=d.wp||{},d.wp.receiveEmbedMessage||(d.wp.receiveEmbedMessage=function(e){var t=e.data;if((t||t.secret||t.message||t.value)&&!\/[^a-zA-Z0-9]\/.test(t.secret)){for(var s,r,n,a=l.querySelectorAll('iframe[data-secret=\"'+t.secret+'\"]'),o=l.querySelectorAll('blockquote[data-secret=\"'+t.secret+'\"]'),c=new RegExp(\"^https?:$\",\"i\"),i=0;i<o.length;i++)o[i].style.display=\"none\";for(i=0;i<a.length;i++)s=a[i],e.source===s.contentWindow&&(s.removeAttribute(\"style\"),\"height\"===t.message?(1e3<(r=parseInt(t.value,10))?r=1e3:~~r<200&&(r=200),s.height=r):\"link\"===t.message&&(r=new URL(s.getAttribute(\"src\")),n=new URL(t.value),c.test(n.protocol))&&n.host===r.host&&l.activeElement===s&&(d.top.location.href=t.value))}},d.addEventListener(\"message\",d.wp.receiveEmbedMessage,!1),l.addEventListener(\"DOMContentLoaded\",function(){for(var e,t,s=l.querySelectorAll(\"iframe.wp-embedded-content\"),r=0;r<s.length;r++)(t=(e=s[r]).getAttribute(\"data-secret\"))||(t=Math.random().toString(36).substring(2,12),e.src+=\"#?secret=\"+t,e.setAttribute(\"data-secret\",t)),e.contentWindow.postMessage({message:\"ready\",secret:t},\"*\")},!1)))}(window,document);\n\/\/# sourceURL=https:\/\/denizcankizil.tr\/wp-includes\/js\/wp-embed.min.js\n<\/script>","description":"Yerli ve mill\u00ee imkanlarla hayata ge\u00e7irdikleri, \u015fehirdeki t\u00fcm ak\u0131ll\u0131 ula\u015f\u0131m sistemlerinin entegre edildi\u011fi &#8220;Dijital \u0130kiz Teknolojisi Projesi&#8221; bilgilendirme toplant\u0131s\u0131nda konu\u015fan Konya B\u00fcy\u00fck\u015fehir Belediye Ba\u015fkan\u0131 U\u011fur \u0130brahim Altay, &#8216;Dijital \u0130kiz Teknolojisi&#8217; ile Konya\u2019y\u0131 ak\u0131ll\u0131 \u015fehircilikte lider konuma ta\u015f\u0131yacaklar\u0131n\u0131 s\u00f6yledi.KONYA (\u0130GFA) &#8211; Konya B\u00fcy\u00fck\u015fehir Belediye Ba\u015fkan\u0131 U\u011fur \u0130brahim Altay, B\u00fcy\u00fck\u015fehir Belediyesi taraf\u0131ndan t\u00fcm ak\u0131ll\u0131 ula\u015f\u0131m sistemlerinin entegre edildi\u011fi, yerli ve mill\u00ee \u201cDijital \u0130kiz Teknolojisi Projesi\u201d hakk\u0131nda bas\u0131n mensuplar\u0131yla bilgilendirme toplant\u0131s\u0131 yapt\u0131. Konya B\u00fcy\u00fck\u015fehir Belediyesi Ta\u015f Bina\u2019da d\u00fczenlenen toplant\u0131da konu\u015fan Ba\u015fkan Altay, \u201cBir \u015fehrin can damar\u0131 olan ula\u015f\u0131m, sadece yollar, kav\u015faklar ve toplu ta\u015f\u0131ma sistemlerinden ibaret de\u011fildir; ayn\u0131 zamanda bir medeniyetin vizyonunu, insan hayat\u0131na verdi\u011fi de\u011feri ve gelece\u011fe dair iddias\u0131n\u0131 ortaya koyan en b\u00fcy\u00fck g\u00f6stergedir\u201d dedi. Ba\u015fkan Altay, Konya Modeli Belediyecilik anlay\u0131\u015f\u0131nda sadece yollar in\u015fa etmekle kalmad\u0131klar\u0131n\u0131; ak\u0131ll\u0131, verimli ve \u00e7evreci ula\u015f\u0131m sistemleriyle \u015fehri g\u00fc\u00e7l\u00fc yar\u0131nlara ta\u015f\u0131d\u0131klar\u0131n\u0131 belirterek, \u201cBu kapsamda ula\u015f\u0131mda \u00f6ne \u00e7\u0131kan projelerimizden biri ak\u0131ll\u0131 ula\u015f\u0131m ve t\u00fcm ak\u0131ll\u0131 ula\u015f\u0131m sistemlerini entegre etti\u011fimiz Dijital \u0130kiz Teknolojisi projemizdir. Ak\u0131ll\u0131 ula\u015f\u0131m sistemleri, modern \u015fehirlerin daha verimli, s\u00fcrd\u00fcr\u00fclebilir ve \u00e7evre dostu bir \u015fekilde y\u00f6netilmesi i\u00e7in hayati \u00f6neme sahiptir. Bu sistemler; trafik ak\u0131\u015f\u0131n\u0131 d\u00fczenleyen, toplu ta\u015f\u0131ma hizmetlerini optimize eden, \u00e7evreye duyarl\u0131 ve kullan\u0131c\u0131 odakl\u0131 \u00e7\u00f6z\u00fcmler sunan teknolojik altyap\u0131lar\u0131 kapsamaktad\u0131r. Bu sistemlere, insan\u0131m\u0131z\u0131n hayat\u0131n\u0131 kolayla\u015ft\u0131rmay\u0131 ve Konya\u2019y\u0131 &hellip;"}