{"version":"1.0","provider_name":"Av. Deniz Can K\u0131z\u0131l","provider_url":"https:\/\/denizcankizil.tr\/ru","author_name":"admin","author_url":"https:\/\/denizcankizil.tr\/ru\/author\/admin\/","title":"K\u00f6m\u00fcr yard\u0131m\u0131 karar\u0131 'Resmi'le\u015fti","type":"rich","width":600,"height":338,"html":"<blockquote class=\"wp-embedded-content\" data-secret=\"FkAV4AWTqe\"><a href=\"https:\/\/denizcankizil.tr\/ru\/haberler\/gundem\/komur-yardimi-karari-resmilesti\/\">K\u00f6m\u00fcr yard\u0131m\u0131 karar\u0131 &#8216;Resmi&#8217;le\u015fti<\/a><\/blockquote><iframe sandbox=\"allow-scripts\" security=\"restricted\" src=\"https:\/\/denizcankizil.tr\/ru\/haberler\/gundem\/komur-yardimi-karari-resmilesti\/embed\/#?secret=FkAV4AWTqe\" width=\"600\" height=\"338\" title=\"\u00abK\u00f6m\u00fcr yard\u0131m\u0131 karar\u0131 &#8216;Resmi&#8217;le\u015fti\u00bb &#8212; Av. Deniz Can K\u0131z\u0131l\" data-secret=\"FkAV4AWTqe\" frameborder=\"0\" marginwidth=\"0\" marginheight=\"0\" scrolling=\"no\" class=\"wp-embedded-content\"><\/iframe><script>\n\/*! This file is auto-generated *\/\n!function(d,l){\"use strict\";l.querySelector&&d.addEventListener&&\"undefined\"!=typeof URL&&(d.wp=d.wp||{},d.wp.receiveEmbedMessage||(d.wp.receiveEmbedMessage=function(e){var t=e.data;if((t||t.secret||t.message||t.value)&&!\/[^a-zA-Z0-9]\/.test(t.secret)){for(var s,r,n,a=l.querySelectorAll('iframe[data-secret=\"'+t.secret+'\"]'),o=l.querySelectorAll('blockquote[data-secret=\"'+t.secret+'\"]'),c=new RegExp(\"^https?:$\",\"i\"),i=0;i<o.length;i++)o[i].style.display=\"none\";for(i=0;i<a.length;i++)s=a[i],e.source===s.contentWindow&&(s.removeAttribute(\"style\"),\"height\"===t.message?(1e3<(r=parseInt(t.value,10))?r=1e3:~~r<200&&(r=200),s.height=r):\"link\"===t.message&&(r=new URL(s.getAttribute(\"src\")),n=new URL(t.value),c.test(n.protocol))&&n.host===r.host&&l.activeElement===s&&(d.top.location.href=t.value))}},d.addEventListener(\"message\",d.wp.receiveEmbedMessage,!1),l.addEventListener(\"DOMContentLoaded\",function(){for(var e,t,s=l.querySelectorAll(\"iframe.wp-embedded-content\"),r=0;r<s.length;r++)(t=(e=s[r]).getAttribute(\"data-secret\"))||(t=Math.random().toString(36).substring(2,12),e.src+=\"#?secret=\"+t,e.setAttribute(\"data-secret\",t)),e.contentWindow.postMessage({message:\"ready\",secret:t},\"*\")},!1)))}(window,document);\n\/\/# sourceURL=https:\/\/denizcankizil.tr\/wp-includes\/js\/wp-embed.min.js\n<\/script>","description":"Cumhurba\u015fkan\u0131 Recep Tayyip Erdo\u011fan imzas\u0131yla bug\u00fcnk\u00fc Resmi Gazete&#8217;de yay\u0131mlanan karara g\u00f6re, k\u00f6m\u00fcr yard\u0131m\u0131, il ve il\u00e7e sosyal yard\u0131mla\u015fma ve dayan\u0131\u015fma vak\u0131flar\u0131nca belirlenecek ihtiya\u00e7 sahibi ailelere yap\u0131lacak.ANKARA (\u0130GFA) &#8211; \u0130htiya\u00e7 sahibi hanelere \u0131s\u0131nma ama\u00e7l\u0131 k\u00f6m\u00fcr yard\u0131m\u0131 yap\u0131lmas\u0131na ili\u015fkin karar bug\u00fcnk\u00fc Resmi Gazete&#8217;de yay\u0131mland\u0131. Cumhurba\u015fkan\u0131 Karar\u0131&#8217;na g\u00f6re il ve il\u00e7e baz\u0131nda hane ba\u015f\u0131 da\u011f\u0131t\u0131m\u0131 yap\u0131lacak k\u00f6m\u00fcr miktarlar\u0131, Hazine ve Maliye Bakanl\u0131\u011f\u0131nca b\u00f6lgenin iklim ko\u015fullar\u0131, ge\u00e7mi\u015f y\u0131llara ait da\u011f\u0131t\u0131m miktarlar\u0131 ve k\u00f6m\u00fcr\u00fcn \u0131s\u0131l de\u011ferleri dikkate al\u0131narak belirlenecek. Yard\u0131mdan faydalanacak haneler, her il ve il\u00e7ede kurulu bulunan vak\u0131flarca muhta\u00e7l\u0131k kriterine uygun olarak tespit edilecek. Vak\u0131flarca say\u0131lar\u0131 belirlenen hane say\u0131lar\u0131 ise Aile ve Sosyal Hizmetler Bakanl\u0131\u011f\u0131n\u0131n de\u011ferlendirmeleri sonucunda onaylanacak. K\u00f6m\u00fcr teslimatlar\u0131, s\u00f6z konusu karar\u0131n h\u00fck\u00fcmleri \u00e7er\u00e7evesinde ailelerin ihtiya\u00e7lar\u0131 nispetinde yap\u0131lacak. S\u00f6z konusu k\u00f6m\u00fcr yard\u0131m\u0131na ili\u015fkin karar\u0131n detaylar\u0131na ula\u015fmak i\u00e7in t\u0131klayabilirsiniz \u200bCumhurba\u015fkan\u0131 Recep Tayyip Erdo\u011fan imzas\u0131yla bug\u00fcnk\u00fc Resmi Gazete&#8217;de yay\u0131mlanan karara g\u00f6re, k\u00f6m\u00fcr yard\u0131m\u0131, il ve il\u00e7e sosyal yard\u0131mla\u015fma ve dayan\u0131\u015fma vak\u0131flar\u0131nca belirlenecek ihtiya\u00e7 sahibi ailelere yap\u0131lacak.ANKARA (\u0130GFA) &#8211; \u0130htiya\u00e7 sahibi hanelere \u0131s\u0131nma ama\u00e7l\u0131 k\u00f6m\u00fcr yard\u0131m\u0131 yap\u0131lmas\u0131na ili\u015fkin karar bug\u00fcnk\u00fc Resmi Gazete&#8217;de yay\u0131mland\u0131. Cumhurba\u015fkan\u0131 Karar\u0131&#8217;na g\u00f6re il ve il\u00e7e baz\u0131nda hane ba\u015f\u0131 da\u011f\u0131t\u0131m\u0131 yap\u0131lacak k\u00f6m\u00fcr miktarlar\u0131, Hazine ve Maliye Bakanl\u0131\u011f\u0131nca b\u00f6lgenin iklim ko\u015fullar\u0131, ge\u00e7mi\u015f y\u0131llara ait da\u011f\u0131t\u0131m miktarlar\u0131 ve k\u00f6m\u00fcr\u00fcn \u0131s\u0131l de\u011ferleri dikkate al\u0131narak belirlenecek. Yard\u0131mdan &hellip;"}