{"version":"1.0","provider_name":"Av. Deniz Can K\u0131z\u0131l","provider_url":"https:\/\/denizcankizil.tr\/ru","author_name":"admin","author_url":"https:\/\/denizcankizil.tr\/ru\/author\/admin\/","title":"Kad\u0131n Giri\u015fimcilerden Depremzede Ailelere Umut","type":"rich","width":600,"height":338,"html":"<blockquote class=\"wp-embedded-content\" data-secret=\"NgPiMnrIGR\"><a href=\"https:\/\/denizcankizil.tr\/ru\/haberler\/gundem\/kadin-girisimcilerden-depremzede-ailelere-umut\/\">Kad\u0131n Giri\u015fimcilerden Depremzede Ailelere Umut<\/a><\/blockquote><iframe sandbox=\"allow-scripts\" security=\"restricted\" src=\"https:\/\/denizcankizil.tr\/ru\/haberler\/gundem\/kadin-girisimcilerden-depremzede-ailelere-umut\/embed\/#?secret=NgPiMnrIGR\" width=\"600\" height=\"338\" title=\"\u00abKad\u0131n Giri\u015fimcilerden Depremzede Ailelere Umut\u00bb &#8212; Av. Deniz Can K\u0131z\u0131l\" data-secret=\"NgPiMnrIGR\" frameborder=\"0\" marginwidth=\"0\" marginheight=\"0\" scrolling=\"no\" class=\"wp-embedded-content\"><\/iframe><script>\n\/*! This file is auto-generated *\/\n!function(d,l){\"use strict\";l.querySelector&&d.addEventListener&&\"undefined\"!=typeof URL&&(d.wp=d.wp||{},d.wp.receiveEmbedMessage||(d.wp.receiveEmbedMessage=function(e){var t=e.data;if((t||t.secret||t.message||t.value)&&!\/[^a-zA-Z0-9]\/.test(t.secret)){for(var s,r,n,a=l.querySelectorAll('iframe[data-secret=\"'+t.secret+'\"]'),o=l.querySelectorAll('blockquote[data-secret=\"'+t.secret+'\"]'),c=new RegExp(\"^https?:$\",\"i\"),i=0;i<o.length;i++)o[i].style.display=\"none\";for(i=0;i<a.length;i++)s=a[i],e.source===s.contentWindow&&(s.removeAttribute(\"style\"),\"height\"===t.message?(1e3<(r=parseInt(t.value,10))?r=1e3:~~r<200&&(r=200),s.height=r):\"link\"===t.message&&(r=new URL(s.getAttribute(\"src\")),n=new URL(t.value),c.test(n.protocol))&&n.host===r.host&&l.activeElement===s&&(d.top.location.href=t.value))}},d.addEventListener(\"message\",d.wp.receiveEmbedMessage,!1),l.addEventListener(\"DOMContentLoaded\",function(){for(var e,t,s=l.querySelectorAll(\"iframe.wp-embedded-content\"),r=0;r<s.length;r++)(t=(e=s[r]).getAttribute(\"data-secret\"))||(t=Math.random().toString(36).substring(2,12),e.src+=\"#?secret=\"+t,e.setAttribute(\"data-secret\",t)),e.contentWindow.postMessage({message:\"ready\",secret:t},\"*\")},!1)))}(window,document);\n\/\/# sourceURL=https:\/\/denizcankizil.tr\/wp-includes\/js\/wp-embed.min.js\n<\/script>","description":"Gastronomi Dernek Ba\u015fkan\u0131 G\u00fcl\u015fen S\u00f6kmen, KAG\u0130D Dernek Ba\u015fkan\u0131 \u00c7i\u011fdem K\u0131ral, Mozaik Kad\u0131n Derne\u011fi Ba\u015fkan\u0131 Zeynep G\u00fcrler Y\u0131ld\u0131zl\u0131 ve Y\u00fcksek Topuk Ritim Grubu, 40 kad\u0131nla birlikte Anneler G\u00fcn\u00fc\u2019ne \u00f6zel d\u00fczenledikleri yard\u0131m konseri ile hem e\u011flenceli hem de anlaml\u0131 bir organizasyona imza att\u0131lar. Kad\u0131n giri\u015fimcilerin \u00f6nc\u00fcl\u00fc\u011f\u00fcnde d\u00fczenlenen yard\u0131m konseri, hem i\u00e7eri\u011fi hem de amac\u0131yla b\u00fcy\u00fck takdir toplad\u0131. GECEN\u0130N S\u00dcRPR\u0130Z\u0130: SEL\u0130N S\u00dcMB\u00dcLTEPE Gecenin en duygusal an\u0131, \u0130skenderun\u2019un sevilen ses sanat\u00e7\u0131s\u0131 Selin S\u00fcmb\u00fcltepe\u2019nin sahne almas\u0131yla ya\u015fand\u0131. G\u00fc\u00e7l\u00fc yorumuyla dinleyenlerin kalbine dokunan S\u00fcmb\u00fcltepe, geceye sanatsal anlamda da b\u00fcy\u00fck katk\u0131 sundu. GEL\u0130R\u0130 DEPREMZEDE A\u0130LELERE\u2026 Etkinli\u011fe dair konu\u015fan Gastronomi Dernek Ba\u015fkan\u0131 G\u00fcl\u015fen S\u00f6kmen, memlekette herkesin birer depremzede anne oldu\u011funun alt\u0131n\u0131 \u00e7izerek \u201cBu nedenle kendi yetki ve faaliyet alanlar\u0131m\u0131z \u00e7er\u00e7evesinde, bir nebze olsun moral vermek, e\u011flenceli bir ortam sa\u011flamak ve ihtiya\u00e7 sahibi vatanda\u015flar\u0131m\u0131za destek olmak amac\u0131yla bu organizasyonu ger\u00e7ekle\u015ftirdik. Elde edilen t\u00fcm gelir ve ba\u011f\u0131\u015flar\u0131, depremzede anneler ve \u00e7ocuklar i\u00e7in kullanaca\u011f\u0131z\u201d dedi. 500 \u00c7OCUK \u0130\u00c7\u0130N \u00d6ZEL G\u00dcN Etkinlik kapsam\u0131nda, 18 May\u0131s Pazar g\u00fcn\u00fc, depremde annesini veya babas\u0131n\u0131 kaybetmi\u015f yakla\u015f\u0131k 500 \u00e7ocuk \u0130skenderun\u2019da misafir edilecek. \u00c7ocuklara unutamayacaklar\u0131, ne\u015fe dolu bir g\u00fcn ya\u015fat\u0131lmas\u0131 hedefleniyor. Ayr\u0131ca ilerleyen g\u00fcnlerde, Antakya\u2019da bir konteyner kentte ihtiya\u00e7 sahibi kad\u0131n ve \u00e7ocuklara y\u00f6nelik ihtiya\u00e7 tespiti yap\u0131lacak. Tespitlerin ard\u0131ndan yine anlaml\u0131 bir yard\u0131m organizasyonu hayata ge\u00e7irilecek. TE\u015eEKK\u00dcR &hellip;"}