{"version":"1.0","provider_name":"Av. Deniz Can K\u0131z\u0131l","provider_url":"https:\/\/denizcankizil.tr\/ru","author_name":"Antalya K\u00f6rfez","author_url":"https:\/\/denizcankizil.tr\/ru\/author\/www-antalyakorfez-com\/","title":"Japonya\u2019da ilk iftar yap\u0131ld\u0131 bile!","type":"rich","width":600,"height":338,"html":"<blockquote class=\"wp-embedded-content\" data-secret=\"2ntISCcc8u\"><a href=\"https:\/\/denizcankizil.tr\/ru\/haberler\/gundem\/japonyada-ilk-iftar-yapildi-bile\/\">Japonya\u2019da ilk iftar yap\u0131ld\u0131 bile!<\/a><\/blockquote><iframe sandbox=\"allow-scripts\" security=\"restricted\" src=\"https:\/\/denizcankizil.tr\/ru\/haberler\/gundem\/japonyada-ilk-iftar-yapildi-bile\/embed\/#?secret=2ntISCcc8u\" width=\"600\" height=\"338\" title=\"\u00abJaponya\u2019da ilk iftar yap\u0131ld\u0131 bile!\u00bb &#8212; Av. Deniz Can K\u0131z\u0131l\" data-secret=\"2ntISCcc8u\" frameborder=\"0\" marginwidth=\"0\" marginheight=\"0\" scrolling=\"no\" class=\"wp-embedded-content\"><\/iframe><script>\n\/*! This file is auto-generated *\/\n!function(d,l){\"use strict\";l.querySelector&&d.addEventListener&&\"undefined\"!=typeof URL&&(d.wp=d.wp||{},d.wp.receiveEmbedMessage||(d.wp.receiveEmbedMessage=function(e){var t=e.data;if((t||t.secret||t.message||t.value)&&!\/[^a-zA-Z0-9]\/.test(t.secret)){for(var s,r,n,a=l.querySelectorAll('iframe[data-secret=\"'+t.secret+'\"]'),o=l.querySelectorAll('blockquote[data-secret=\"'+t.secret+'\"]'),c=new RegExp(\"^https?:$\",\"i\"),i=0;i<o.length;i++)o[i].style.display=\"none\";for(i=0;i<a.length;i++)s=a[i],e.source===s.contentWindow&&(s.removeAttribute(\"style\"),\"height\"===t.message?(1e3<(r=parseInt(t.value,10))?r=1e3:~~r<200&&(r=200),s.height=r):\"link\"===t.message&&(r=new URL(s.getAttribute(\"src\")),n=new URL(t.value),c.test(n.protocol))&&n.host===r.host&&l.activeElement===s&&(d.top.location.href=t.value))}},d.addEventListener(\"message\",d.wp.receiveEmbedMessage,!1),l.addEventListener(\"DOMContentLoaded\",function(){for(var e,t,s=l.querySelectorAll(\"iframe.wp-embedded-content\"),r=0;r<s.length;r++)(t=(e=s[r]).getAttribute(\"data-secret\"))||(t=Math.random().toString(36).substring(2,12),e.src+=\"#?secret=\"+t,e.setAttribute(\"data-secret\",t)),e.contentWindow.postMessage({message:\"ready\",secret:t},\"*\")},!1)))}(window,document);\n\/\/# sourceURL=https:\/\/denizcankizil.tr\/wp-includes\/js\/wp-embed.min.js\n<\/script>","description":"Japonya&#8217;daki M\u00fcsl\u00fcmanlar, Ramazan heyecan\u0131n\u0131 Tokyo Camii ve Diyanet T\u00fcrk K\u00fclt\u00fcr Merkezi&#8217;nde ya\u015fad\u0131. Ba\u015fkent Tokyo ve \u00e7evresindeki b\u00f6lgelerde ikamet eden bir\u00e7ok M\u00fcsl\u00fcman, Ramazan ay\u0131 s\u00fcresince her ak\u015fam d\u00fczenlenecek olan geleneksel iftar program\u0131n\u0131n ilkinde bir araya geldi. TOKYO CAM\u0130\u0130\u2019NDE \u0130LK \u0130FTAR \u00dclkelerinden binlerce kilometre uzakta bulunan bir\u00e7ok M\u00fcsl\u00fcman, Ramazan ay\u0131n\u0131n ilk orucunu birlikte a\u00e7man\u0131n mutlulu\u011funu payla\u015ft\u0131. \u0130slam dinine ilgi duyan baz\u0131 Japonlar da iftar program\u0131na yo\u011fun ilgi g\u00f6sterdi. Tokyo Camii \u0130mam Hatibi Musa Atc\u0131, geleneksel hale gelen iftar program\u0131 kapsam\u0131nda misafirlerini Tokyo Camii&#8217;nde a\u011f\u0131rlad\u0131klar\u0131n\u0131 belirtti. \u0130FTAR YO\u011eUN \u0130LG\u0130 G\u00d6R\u00dcYOR Atc\u0131, &#8220;Hafta i\u00e7i 300-400. Hafta sonu ise bu say\u0131 600-700&#8217;e kadar \u00e7\u0131kmakta&#8221; ifadelerini kulland\u0131. T\u00fcrklerin yan\u0131 s\u0131ra di\u011fer \u00fclkelerden olan M\u00fcsl\u00fcmanlar\u0131n ve \u0130slam dinine ilgi duyan gayrim\u00fcslimlerin de iftar program\u0131na yo\u011fun ilgi g\u00f6sterdi\u011fini kaydeden Atc\u0131, &#8220;Ayr\u0131ca hafta sonlar\u0131 daha yo\u011fun olmak \u00fczere M\u00fcsl\u00fcman ya da gayrim\u00fcslim olan Japon karde\u015flerimiz de geliyor. Onlar da etkinliklerimizi ho\u015f kar\u015f\u0131l\u0131yorlar&#8221; \u015feklinde konu\u015ftu. \u0130SLAM\u2019A \u0130LG\u0130 DUYAN ARKADA\u015eLARINI GET\u0130RD\u0130 M\u00fcsl\u00fcman olan Japon vatanda\u015f\u0131 Shinku Shirakawa arkada\u015flar\u0131n\u0131 iftar program\u0131na getirdi\u011fini belirterek, &#8220;Onlar M\u00fcsl\u00fcman de\u011filler, ancak \u0130slam k\u00fclt\u00fcr\u00fcne ilgi duyuyorlar&#8221; dedi. Bir di\u011fer M\u00fcsl\u00fcman Japon vatanda\u015f\u0131 Daisuke Kido da iftar program\u0131nda g\u00f6n\u00fcll\u00fc olarak \u00e7al\u0131\u015fmak i\u00e7in Tokyo Camii&#8217;ne geldi\u011fini s\u00f6yledi. Bir\u00e7ok M\u00fcsl\u00fcman arkada\u015f\u0131n\u0131n yan\u0131 s\u0131ra M\u00fcsl\u00fcman olmayan Japon tan\u0131d\u0131klar\u0131n\u0131 da iftara davet &hellip;"}