{"version":"1.0","provider_name":"Av. Deniz Can K\u0131z\u0131l","provider_url":"https:\/\/denizcankizil.tr\/ru","author_name":"admin","author_url":"https:\/\/denizcankizil.tr\/ru\/author\/admin\/","title":"\u0130zmirliler kiradan bile d\u00fc\u015f\u00fck bedelle ev sahibi olacak","type":"rich","width":600,"height":338,"html":"<blockquote class=\"wp-embedded-content\" data-secret=\"8O6ZcT18wA\"><a href=\"https:\/\/denizcankizil.tr\/ru\/haberler\/gundem\/izmirliler-kiradan-bile-dusuk-bedelle-ev-sahibi-olacak\/\">\u0130zmirliler kiradan bile d\u00fc\u015f\u00fck bedelle ev sahibi olacak<\/a><\/blockquote><iframe sandbox=\"allow-scripts\" security=\"restricted\" src=\"https:\/\/denizcankizil.tr\/ru\/haberler\/gundem\/izmirliler-kiradan-bile-dusuk-bedelle-ev-sahibi-olacak\/embed\/#?secret=8O6ZcT18wA\" width=\"600\" height=\"338\" title=\"\u00ab\u0130zmirliler kiradan bile d\u00fc\u015f\u00fck bedelle ev sahibi olacak\u00bb &#8212; Av. Deniz Can K\u0131z\u0131l\" data-secret=\"8O6ZcT18wA\" frameborder=\"0\" marginwidth=\"0\" marginheight=\"0\" scrolling=\"no\" class=\"wp-embedded-content\"><\/iframe><script>\n\/*! This file is auto-generated *\/\n!function(d,l){\"use strict\";l.querySelector&&d.addEventListener&&\"undefined\"!=typeof URL&&(d.wp=d.wp||{},d.wp.receiveEmbedMessage||(d.wp.receiveEmbedMessage=function(e){var t=e.data;if((t||t.secret||t.message||t.value)&&!\/[^a-zA-Z0-9]\/.test(t.secret)){for(var s,r,n,a=l.querySelectorAll('iframe[data-secret=\"'+t.secret+'\"]'),o=l.querySelectorAll('blockquote[data-secret=\"'+t.secret+'\"]'),c=new RegExp(\"^https?:$\",\"i\"),i=0;i<o.length;i++)o[i].style.display=\"none\";for(i=0;i<a.length;i++)s=a[i],e.source===s.contentWindow&&(s.removeAttribute(\"style\"),\"height\"===t.message?(1e3<(r=parseInt(t.value,10))?r=1e3:~~r<200&&(r=200),s.height=r):\"link\"===t.message&&(r=new URL(s.getAttribute(\"src\")),n=new URL(t.value),c.test(n.protocol))&&n.host===r.host&&l.activeElement===s&&(d.top.location.href=t.value))}},d.addEventListener(\"message\",d.wp.receiveEmbedMessage,!1),l.addEventListener(\"DOMContentLoaded\",function(){for(var e,t,s=l.querySelectorAll(\"iframe.wp-embedded-content\"),r=0;r<s.length;r++)(t=(e=s[r]).getAttribute(\"data-secret\"))||(t=Math.random().toString(36).substring(2,12),e.src+=\"#?secret=\"+t,e.setAttribute(\"data-secret\",t)),e.contentWindow.postMessage({message:\"ready\",secret:t},\"*\")},!1)))}(window,document);\n\/\/# sourceURL=https:\/\/denizcankizil.tr\/wp-includes\/js\/wp-embed.min.js\n<\/script>","description":"\u0130zmir B\u00fcy\u00fck\u015fehir Belediye Ba\u015fkan\u0131 Dr. Cemil Tugay\u2019\u0131n adayl\u0131k s\u00fcrecindeki vaatlerinden 25 bin sosyal konut projesinin ilk aya\u011f\u0131 olacak Ege\u015fehir Menemen Konutlar\u0131\u2019n\u0131n tan\u0131t\u0131m\u0131 yap\u0131ld\u0131.\u0130ZM\u0130R (\u0130GFA) &#8211; \u0130zmir B\u00fcy\u00fck\u015fehir Belediye Ba\u015fkan\u0131 Dr. Cemil Tugay\u2019\u0131n se\u00e7im vaatlerinden olan 25 bin sosyal konut i\u00e7in harekete ge\u00e7ildi. T\u00fcrkiye\u2019deki ekonomik krizin derinle\u015fmesiyle konut s\u0131k\u0131nt\u0131s\u0131 ya\u015fayan orta ve alt gelir grubundaki vatanda\u015flara nefes ald\u0131racak projenin ilk etab\u0131 olan Ege\u015fehir Menemen Konutlar\u0131 projesinin tan\u0131t\u0131m\u0131 Tarihi Havagaz\u0131 Fabrikas\u0131 K\u00fclt\u00fcr Merkezi\u2019nde yap\u0131ld\u0131. Projenin sunumunu Ege\u015fehir Yap\u0131 Planlama M\u00fc\u015favirlik ve Teknoloji Anonim \u015eirketi (Ege\u015fehir A\u015e) Genel M\u00fcd\u00fcr S\u00fcleyman Ekinci ger\u00e7ekle\u015ftirdi. Ba\u015fkan Dr. Cemil Tugay ise \u0130zmir\u2019den T\u00fcrkiye\u2019ye \u00f6rnek bir proje ba\u015flatt\u0131klar\u0131n\u0131 anlatt\u0131. Projeye ba\u015fvurular, yar\u0131ndan itibaren ba\u015fl\u0131yor. Ege\u015fehir Menemen Konutlar\u0131 Sosyal Konut Ba\u015fvuru formuna http:\/\/www.egesehir.com.tr\/basvuru-form \u00fczerinden ula\u015f\u0131labiliyor. Ba\u015fvuru sistemi bir ay a\u00e7\u0131k olacak. Konut hakk\u0131n\u0131n \u00f6nemine de\u011finen, ulusal ve uluslararas\u0131 s\u00f6zle\u015fmelerden \u00f6rnekler veren \u0130zmir B\u00fcy\u00fck\u015fehir Belediye Ba\u015fkan\u0131 Dr. Cemil Tugay, \u201cBug\u00fcn se\u00e7im \u00f6ncesinde verdi\u011fimiz 25 bin sosyal konut vaadinin ilk etab\u0131 i\u00e7in bir araday\u0131z. Belediye bu i\u015fi niye yaps\u0131n, yapabilir mi sorular\u0131n\u0131n akl\u0131n\u0131zda olu\u015ftu\u011funu biliyorum. Her \u015feyden \u00f6nce neden yapt\u0131\u011f\u0131m\u0131z\u0131 sizlere s\u00f6ylemek isterim. Biliyorsunuz bar\u0131nma hakk\u0131 en temel insan hakk\u0131d\u0131r. Konut hakk\u0131, Birle\u015fmi\u015f Milletler Evrensel \u0130nsan Haklar\u0131 Beyannamesi\u2019nde Ekonomik Sosyal K\u00fclt\u00fcrel Haklar S\u00f6zle\u015fmesi\u2019nde ifade edilmi\u015f.\u00a0 Anayasam\u0131zda da Konut Hakk\u0131 ba\u015fl\u0131kl\u0131 57\u2019nci &hellip;"}