{"version":"1.0","provider_name":"Av. Deniz Can K\u0131z\u0131l","provider_url":"https:\/\/denizcankizil.tr\/ru","author_name":"admin","author_url":"https:\/\/denizcankizil.tr\/ru\/author\/admin\/","title":"\u0130zmir\u2019in iklim krizi ile m\u00fccadelesi g\u00fc\u00e7leniyor","type":"rich","width":600,"height":338,"html":"<blockquote class=\"wp-embedded-content\" data-secret=\"q9BOUmRcVQ\"><a href=\"https:\/\/denizcankizil.tr\/ru\/haberler\/gundem\/izmirin-iklim-krizi-ile-mucadelesi-gucleniyor\/\">\u0130zmir\u2019in iklim krizi ile m\u00fccadelesi g\u00fc\u00e7leniyor<\/a><\/blockquote><iframe sandbox=\"allow-scripts\" security=\"restricted\" src=\"https:\/\/denizcankizil.tr\/ru\/haberler\/gundem\/izmirin-iklim-krizi-ile-mucadelesi-gucleniyor\/embed\/#?secret=q9BOUmRcVQ\" width=\"600\" height=\"338\" title=\"\u00ab\u0130zmir\u2019in iklim krizi ile m\u00fccadelesi g\u00fc\u00e7leniyor\u00bb &#8212; Av. Deniz Can K\u0131z\u0131l\" data-secret=\"q9BOUmRcVQ\" frameborder=\"0\" marginwidth=\"0\" marginheight=\"0\" scrolling=\"no\" class=\"wp-embedded-content\"><\/iframe><script>\n\/*! This file is auto-generated *\/\n!function(d,l){\"use strict\";l.querySelector&&d.addEventListener&&\"undefined\"!=typeof URL&&(d.wp=d.wp||{},d.wp.receiveEmbedMessage||(d.wp.receiveEmbedMessage=function(e){var t=e.data;if((t||t.secret||t.message||t.value)&&!\/[^a-zA-Z0-9]\/.test(t.secret)){for(var s,r,n,a=l.querySelectorAll('iframe[data-secret=\"'+t.secret+'\"]'),o=l.querySelectorAll('blockquote[data-secret=\"'+t.secret+'\"]'),c=new RegExp(\"^https?:$\",\"i\"),i=0;i<o.length;i++)o[i].style.display=\"none\";for(i=0;i<a.length;i++)s=a[i],e.source===s.contentWindow&&(s.removeAttribute(\"style\"),\"height\"===t.message?(1e3<(r=parseInt(t.value,10))?r=1e3:~~r<200&&(r=200),s.height=r):\"link\"===t.message&&(r=new URL(s.getAttribute(\"src\")),n=new URL(t.value),c.test(n.protocol))&&n.host===r.host&&l.activeElement===s&&(d.top.location.href=t.value))}},d.addEventListener(\"message\",d.wp.receiveEmbedMessage,!1),l.addEventListener(\"DOMContentLoaded\",function(){for(var e,t,s=l.querySelectorAll(\"iframe.wp-embedded-content\"),r=0;r<s.length;r++)(t=(e=s[r]).getAttribute(\"data-secret\"))||(t=Math.random().toString(36).substring(2,12),e.src+=\"#?secret=\"+t,e.setAttribute(\"data-secret\",t)),e.contentWindow.postMessage({message:\"ready\",secret:t},\"*\")},!1)))}(window,document);\n\/\/# sourceURL=https:\/\/denizcankizil.tr\/wp-includes\/js\/wp-embed.min.js\n<\/script>","description":"\u0130zmir B\u00fcy\u00fck\u015fehir Belediyesi&#8217;nin, Avrupa genelinde iklim direncini art\u0131rmay\u0131 hedefleyen CLIMAAX projesinden hibe ald\u0131\u011f\u0131 &#8220;\u0130klime Haz\u0131r \u0130zmir: Diren\u00e7lilik Stratejilerinin Geli\u015ftirilmesi (CRIZ-ERS)&#8221; \u00e7al\u0131\u015fmas\u0131 kapsam\u0131nda ilk payda\u015f toplant\u0131s\u0131 yap\u0131ld\u0131. Proje kapsam\u0131nda \u0130zmir&#8217;in iklim risk de\u011ferlendirmesi yap\u0131lacak.\u00a0\u0130ZM\u0130R (\u0130GFA) &#8211;\u00a0\u0130zmir B\u00fcy\u00fck\u015fehir Belediyesi iklim krizi ile m\u00fccadele \u00e7al\u0131\u015fmalar\u0131n\u0131 s\u00fcrd\u00fcr\u00fcyor. Avrupa Komisyonu\u2019nun iklimle m\u00fccadele konusundaki \u00e7a\u011fr\u0131s\u0131na kabul edilerek AB \u00fcyesi kentler d\u0131\u015f\u0131nda \u201cAB \u015eehirler Misyonu Etiketi\u201d unvan\u0131n\u0131 alan ilk kent olan \u0130zmir, do\u011fa dostu projelerle uluslararas\u0131 alandaki ba\u015far\u0131lar\u0131n\u0131 s\u00fcrd\u00fcr\u00fcyor. \u0130zmir B\u00fcy\u00fck\u015fehir Belediyesi\u2019nin iklim n\u00f6tr \u00e7al\u0131\u015fmalar\u0131 kapsam\u0131nda haz\u0131rlad\u0131\u011f\u0131 projeleden biri olan \u0130klime Haz\u0131r \u0130zmir: Diren\u00e7lilik Stratejilerinin Geli\u015ftirilmesi (CRIZ-ERS) Projesi \u0130klim De\u011fi\u015fikli\u011fine Uyum Misyonu kapsam\u0131nda fonlanan\u00a0 CLIMAAX projesinden 145 bin Avro hibe ald\u0131. \u0130zmir B\u00fcy\u00fck\u015fehir Belediyesi proje kapsam\u0131nda ilk payda\u015f toplant\u0131s\u0131 da d\u00fczenlendi. \u00a0 \u00a0 \u0130ZM\u0130R\u2019\u0130N \u0130KL\u0130M R\u0130SK HAR\u0130TASI OLU\u015eTURULACAK \u0130zmir\u2019de kamu kurumlar\u0131, sivil toplum \u00f6rg\u00fctleri, meslek odalar\u0131 gibi geni\u015f kat\u0131l\u0131mla y\u00fcr\u00fct\u00fclmesi hedeflenen projenin ilk payda\u015f toplant\u0131s\u0131 \u0130zmir B\u00fcy\u00fck\u015fehir Belediyesi \u00c7etin Eme\u00e7 Toplant\u0131 Salonu&#8217;nda yap\u0131ld\u0131. Toplant\u0131da, \u0130zmir\u2019in mevcut iklim tehlikeleri, gelece\u011fe y\u00f6nelik iklim senaryolar\u0131 ve proje i\u00e7in gerekli veri ihtiya\u00e7lar\u0131 ele al\u0131nd\u0131. Proje kapsam\u0131nda yap\u0131lacak mek\u00e2nsal analizler ile \u0130zmir\u2019in iklim risk haritas\u0131 olu\u015fturulacak ve mevcut diren\u00e7lilik planlar\u0131 g\u00fcncellenecek., \u00a0 B\u00dcY\u00dcK\u015eEH\u0130R \u00d6NC\u00dcL\u00dc\u011e\u00dcNDE Y\u00dcR\u00dcT\u00dcLECEK CLIMAAX projesi, \u0130zmir\u2019in iklim risklerinin analiz edilmesine, k\u0131r\u0131lgan noktalar\u0131n belirlenmesine ve bu risklerin azalt\u0131lmas\u0131na y\u00f6nelik yenilik\u00e7i \u00e7\u00f6z\u00fcmler &hellip;"}