{"version":"1.0","provider_name":"Av. Deniz Can K\u0131z\u0131l","provider_url":"https:\/\/denizcankizil.tr\/ru","author_name":"Av. Deniz Can K\u0131z\u0131l","author_url":"https:\/\/denizcankizil.tr\/ru","title":"\u0130zmir\u2019den \u201cAdalete Eri\u015fim Protokol\u00fc\u201d","type":"rich","width":600,"height":338,"html":"<blockquote class=\"wp-embedded-content\" data-secret=\"1w2KCFNL9u\"><a href=\"https:\/\/denizcankizil.tr\/ru\/haberler\/gundem\/izmirden-adalete-erisim-protokolu\/\">\u0130zmir\u2019den \u201cAdalete Eri\u015fim Protokol\u00fc\u201d<\/a><\/blockquote><iframe sandbox=\"allow-scripts\" security=\"restricted\" src=\"https:\/\/denizcankizil.tr\/ru\/haberler\/gundem\/izmirden-adalete-erisim-protokolu\/embed\/#?secret=1w2KCFNL9u\" width=\"600\" height=\"338\" title=\"\u00ab\u0130zmir\u2019den \u201cAdalete Eri\u015fim Protokol\u00fc\u201d\u00bb &#8212; Av. Deniz Can K\u0131z\u0131l\" data-secret=\"1w2KCFNL9u\" frameborder=\"0\" marginwidth=\"0\" marginheight=\"0\" scrolling=\"no\" class=\"wp-embedded-content\"><\/iframe><script>\n\/*! This file is auto-generated *\/\n!function(d,l){\"use strict\";l.querySelector&&d.addEventListener&&\"undefined\"!=typeof URL&&(d.wp=d.wp||{},d.wp.receiveEmbedMessage||(d.wp.receiveEmbedMessage=function(e){var t=e.data;if((t||t.secret||t.message||t.value)&&!\/[^a-zA-Z0-9]\/.test(t.secret)){for(var s,r,n,a=l.querySelectorAll('iframe[data-secret=\"'+t.secret+'\"]'),o=l.querySelectorAll('blockquote[data-secret=\"'+t.secret+'\"]'),c=new RegExp(\"^https?:$\",\"i\"),i=0;i<o.length;i++)o[i].style.display=\"none\";for(i=0;i<a.length;i++)s=a[i],e.source===s.contentWindow&&(s.removeAttribute(\"style\"),\"height\"===t.message?(1e3<(r=parseInt(t.value,10))?r=1e3:~~r<200&&(r=200),s.height=r):\"link\"===t.message&&(r=new URL(s.getAttribute(\"src\")),n=new URL(t.value),c.test(n.protocol))&&n.host===r.host&&l.activeElement===s&&(d.top.location.href=t.value))}},d.addEventListener(\"message\",d.wp.receiveEmbedMessage,!1),l.addEventListener(\"DOMContentLoaded\",function(){for(var e,t,s=l.querySelectorAll(\"iframe.wp-embedded-content\"),r=0;r<s.length;r++)(t=(e=s[r]).getAttribute(\"data-secret\"))||(t=Math.random().toString(36).substring(2,12),e.src+=\"#?secret=\"+t,e.setAttribute(\"data-secret\",t)),e.contentWindow.postMessage({message:\"ready\",secret:t},\"*\")},!1)))}(window,document);\n\/\/# sourceURL=https:\/\/denizcankizil.tr\/wp-includes\/js\/wp-embed.min.js\n<\/script>","description":"\u0130zmir B\u00fcy\u00fck\u015fehir Belediyesi ve \u0130zmir Barosu aras\u0131nda \u201cAdalete Eri\u015fim Protokol\u00fc\u201d imzaland\u0131.\u0130ZM\u0130R (\u0130GFA) &#8211;\u00a0\u0130zmir B\u00fcy\u00fck\u015fehir Belediye Ba\u015fkan\u0131 Dr. Cemil Tugay ve \u0130zmir Barosu Ba\u015fkan\u0131 avukat Sefa Y\u0131lmaz taraf\u0131ndan imzalanan protokolle, \u00f6zellikle ihtiya\u00e7 sahiplerinin yasal haklar\u0131n\u0131 ve hak arama yollar\u0131n\u0131 \u00f6\u011frenmesi ve adli yard\u0131m kapsam\u0131nda avukatlardan hukuki destek almalar\u0131 hedefleniyor. \u0130zmir B\u00fcy\u00fck\u015fehir Belediyesi, \u0130zmir Barosu ile \u201cAdalete Eri\u015fim Protokol\u00fc\u201d imzalad\u0131. \u0130zmir B\u00fcy\u00fck\u015fehir Belediye Ba\u015fkan\u0131 Dr. Cemil Tugay ve \u0130zmir Barosu Ba\u015fkan\u0131 avukat Sefa Y\u0131lmaz\u2019\u0131n imzalad\u0131\u011f\u0131 protokol kapsam\u0131nda ba\u015fta kad\u0131nlar ve \u00e7ocuklar olmak \u00fczere dezavantajl\u0131 gruplar\u0131n, ihtiya\u00e7 sahiplerinin ve ekonomik g\u00fc\u00e7l\u00fckleri nedeniyle korunmaya muhta\u00e7 ki\u015filerin yasal haklar\u0131n\u0131 ve hak arama yollar\u0131n\u0131 \u00f6\u011frenmeleri, ba\u015fvuruculara adli yard\u0131m hizmetinin sunulmas\u0131, yurtta\u015flar\u0131n adalete ve yasal yollara ula\u015fmas\u0131ndaki engellerin kald\u0131r\u0131lmas\u0131, ki\u015filerin adli yard\u0131m kapsam\u0131nda avukatlardan hukuki destek almalar\u0131n\u0131n sa\u011flanmas\u0131 ama\u00e7lan\u0131yor. Anayasal haklar\u0131n hayata ge\u00e7irilmesi, yurtta\u015fl\u0131\u011f\u0131n ve sosyal devlet ilkelerinin \u0130zmir\u2019in her alan\u0131nda var olmas\u0131 i\u00e7in imzalanan protokole ili\u015fkin \u00e7al\u0131\u015fmalar \u0130zmir B\u00fcy\u00fck\u015fehir Belediyesi Sosyal Hizmetler Dairesi Ba\u015fkanl\u0131\u011f\u0131 Kentsel Adalet ve E\u015fitlik \u015eube M\u00fcd\u00fcrl\u00fc\u011f\u00fc ve \u0130zmir Barosu Adli Yard\u0131m Servisi taraf\u0131ndan y\u00fcr\u00fct\u00fclecek. \u200b\u0130zmir B\u00fcy\u00fck\u015fehir Belediyesi ve \u0130zmir Barosu aras\u0131nda \u201cAdalete Eri\u015fim Protokol\u00fc\u201d imzaland\u0131.\u0130ZM\u0130R (\u0130GFA) &#8211;\u00a0\u0130zmir B\u00fcy\u00fck\u015fehir Belediye Ba\u015fkan\u0131 Dr. Cemil Tugay ve \u0130zmir Barosu Ba\u015fkan\u0131 avukat Sefa Y\u0131lmaz taraf\u0131ndan imzalanan protokolle, \u00f6zellikle ihtiya\u00e7 sahiplerinin yasal haklar\u0131n\u0131 ve hak arama yollar\u0131n\u0131 &hellip;"}