{"version":"1.0","provider_name":"Av. Deniz Can K\u0131z\u0131l","provider_url":"https:\/\/denizcankizil.tr\/ru","author_name":"admin","author_url":"https:\/\/denizcankizil.tr\/ru\/author\/admin\/","title":"\u0130zmir'de yol \u00e7al\u0131\u015fmalar\u0131 devam ediyor","type":"rich","width":600,"height":338,"html":"<blockquote class=\"wp-embedded-content\" data-secret=\"UKbRLsVWIT\"><a href=\"https:\/\/denizcankizil.tr\/ru\/haberler\/gundem\/izmirde-yol-calismalari-devam-ediyor\/\">\u0130zmir&#8217;de yol \u00e7al\u0131\u015fmalar\u0131 devam ediyor<\/a><\/blockquote><iframe sandbox=\"allow-scripts\" security=\"restricted\" src=\"https:\/\/denizcankizil.tr\/ru\/haberler\/gundem\/izmirde-yol-calismalari-devam-ediyor\/embed\/#?secret=UKbRLsVWIT\" width=\"600\" height=\"338\" title=\"\u00ab\u0130zmir&#8217;de yol \u00e7al\u0131\u015fmalar\u0131 devam ediyor\u00bb &#8212; Av. Deniz Can K\u0131z\u0131l\" data-secret=\"UKbRLsVWIT\" frameborder=\"0\" marginwidth=\"0\" marginheight=\"0\" scrolling=\"no\" class=\"wp-embedded-content\"><\/iframe><script>\n\/*! This file is auto-generated *\/\n!function(d,l){\"use strict\";l.querySelector&&d.addEventListener&&\"undefined\"!=typeof URL&&(d.wp=d.wp||{},d.wp.receiveEmbedMessage||(d.wp.receiveEmbedMessage=function(e){var t=e.data;if((t||t.secret||t.message||t.value)&&!\/[^a-zA-Z0-9]\/.test(t.secret)){for(var s,r,n,a=l.querySelectorAll('iframe[data-secret=\"'+t.secret+'\"]'),o=l.querySelectorAll('blockquote[data-secret=\"'+t.secret+'\"]'),c=new RegExp(\"^https?:$\",\"i\"),i=0;i<o.length;i++)o[i].style.display=\"none\";for(i=0;i<a.length;i++)s=a[i],e.source===s.contentWindow&&(s.removeAttribute(\"style\"),\"height\"===t.message?(1e3<(r=parseInt(t.value,10))?r=1e3:~~r<200&&(r=200),s.height=r):\"link\"===t.message&&(r=new URL(s.getAttribute(\"src\")),n=new URL(t.value),c.test(n.protocol))&&n.host===r.host&&l.activeElement===s&&(d.top.location.href=t.value))}},d.addEventListener(\"message\",d.wp.receiveEmbedMessage,!1),l.addEventListener(\"DOMContentLoaded\",function(){for(var e,t,s=l.querySelectorAll(\"iframe.wp-embedded-content\"),r=0;r<s.length;r++)(t=(e=s[r]).getAttribute(\"data-secret\"))||(t=Math.random().toString(36).substring(2,12),e.src+=\"#?secret=\"+t,e.setAttribute(\"data-secret\",t)),e.contentWindow.postMessage({message:\"ready\",secret:t},\"*\")},!1)))}(window,document);\n\/\/# sourceURL=https:\/\/denizcankizil.tr\/wp-includes\/js\/wp-embed.min.js\n<\/script>","description":"\u0130zmir Bornova Belediyesi, hava ko\u015fullar\u0131n\u0131n uygun oldu\u011fu k\u0131\u015f g\u00fcnlerinde de asfalt serimi ve yol d\u00fczenleme \u00e7al\u0131\u015fmalar\u0131n\u0131 s\u00fcrd\u00fcr\u00fcyor. Atat\u00fcrk, Do\u011fanlar ve Nald\u00f6ken mahallelerinde ger\u00e7ekle\u015ftirilen asfaltlama ve kald\u0131r\u0131m d\u00fczenlemeleriyle ula\u015f\u0131m konforu art\u0131r\u0131l\u0131yor. Ba\u015fkan \u00d6mer E\u015fki, vatanda\u015flar\u0131n taleplerini dikkate alarak g\u00fcvenli ve konforlu ula\u015f\u0131m\u0131 \u00f6nceliklendirdiklerini belirtti.\u0130ZM\u0130R (\u0130GFA) &#8211; \u0130zmir\u00a0Bornova Belediyesi, il\u00e7e genelinde konforlu ula\u015f\u0131m\u0131 sa\u011flamak ve trafik sorunlar\u0131n\u0131 \u00e7\u00f6zmek amac\u0131yla asfalt serim sezonu d\u0131\u015f\u0131nda da \u00e7al\u0131\u015fmalar\u0131n\u0131 s\u00fcrd\u00fcr\u00fcyor. K\u0131\u015f mevsiminde olmas\u0131na ra\u011fmen hava \u015fartlar\u0131n\u0131n uygun oldu\u011fu ya\u011f\u0131\u015fs\u0131z ve s\u0131cakl\u0131\u011f\u0131n s\u0131f\u0131r\u0131n alt\u0131na d\u00fc\u015fmedi\u011fi g\u00fcnlerde yol yap\u0131m ve asfalt \u00e7al\u0131\u015fmalar\u0131na h\u0131z verildi. \u00a0\u00dc\u00c7 MAHALLEDE \u00d6NEML\u0130 \u00c7ALI\u015eMALAR Bu kapsamda Atat\u00fcrk Mahallesi\u2019nde planlanan 15 soka\u011f\u0131n ard\u0131ndan 894 Sokak\u2019ta asfalt serimi \u00e7al\u0131\u015fmalar\u0131 s\u00fcr\u00fcyor. Do\u011fanlar Mahallesi\u2019nde 1497 Sokak\u2019ta kald\u0131r\u0131m d\u00fczenlemesi ve asfalt serimi ger\u00e7ekle\u015ftirilirken, Nald\u00f6ken Mahallesi\u2019nde sa\u011fl\u0131k oca\u011f\u0131 ve okulun da bulundu\u011fu, vatanda\u015flar\u0131n yo\u011fun talepte bulundu\u011fu 1202 Sokak\u2019ta asfalt serimi yap\u0131ld\u0131. \u00a0BA\u015eKAN E\u015eK\u0130: \u201cHALKIMIZIN TALEPLER\u0130N\u0130 D\u0130KKATE ALIYORUZ\u201d \u00c7al\u0131\u015fmalar hakk\u0131nda konu\u015fan Bornova Belediye Ba\u015fkan\u0131 \u00d6mer E\u015fki, il\u00e7enin yol konforunu art\u0131rmaya y\u00f6nelik yat\u0131r\u0131mlar\u0131n devam edece\u011fini belirterek, \u201cVatanda\u015flar\u0131m\u0131z\u0131n g\u00fcvenli ve konforlu ula\u015f\u0131m\u0131 bizim \u00f6nceli\u011fimiz. K\u0131\u015f \u015fartlar\u0131 elverdi\u011fi s\u00fcrece asfalt serimi ve yol d\u00fczenlemeleri yapmaya devam edece\u011fiz. Halk\u0131m\u0131zdan gelen talepleri dikkate al\u0131yor, mahallelerimizin ihtiya\u00e7lar\u0131n\u0131 tespit ederek en k\u0131sa s\u00fcrede \u00e7\u00f6z\u00fcme kavu\u015fturuyoruz\u201d dedi. \u200b\u0130zmir Bornova Belediyesi, hava ko\u015fullar\u0131n\u0131n uygun oldu\u011fu k\u0131\u015f g\u00fcnlerinde de asfalt serimi &hellip;"}