{"version":"1.0","provider_name":"Av. Deniz Can K\u0131z\u0131l","provider_url":"https:\/\/denizcankizil.tr\/ru","author_name":"admin","author_url":"https:\/\/denizcankizil.tr\/ru\/author\/admin\/","title":"\u0130zmir\u2019de yang\u0131nla m\u00fccadelede yeni d\u00f6nem","type":"rich","width":600,"height":338,"html":"<blockquote class=\"wp-embedded-content\" data-secret=\"elhgYYCJ4e\"><a href=\"https:\/\/denizcankizil.tr\/ru\/haberler\/gundem\/izmirde-yanginla-mucadelede-yeni-donem\/\">\u0130zmir\u2019de yang\u0131nla m\u00fccadelede yeni d\u00f6nem<\/a><\/blockquote><iframe sandbox=\"allow-scripts\" security=\"restricted\" src=\"https:\/\/denizcankizil.tr\/ru\/haberler\/gundem\/izmirde-yanginla-mucadelede-yeni-donem\/embed\/#?secret=elhgYYCJ4e\" width=\"600\" height=\"338\" title=\"\u00ab\u0130zmir\u2019de yang\u0131nla m\u00fccadelede yeni d\u00f6nem\u00bb &#8212; Av. Deniz Can K\u0131z\u0131l\" data-secret=\"elhgYYCJ4e\" frameborder=\"0\" marginwidth=\"0\" marginheight=\"0\" scrolling=\"no\" class=\"wp-embedded-content\"><\/iframe><script>\n\/*! This file is auto-generated *\/\n!function(d,l){\"use strict\";l.querySelector&&d.addEventListener&&\"undefined\"!=typeof URL&&(d.wp=d.wp||{},d.wp.receiveEmbedMessage||(d.wp.receiveEmbedMessage=function(e){var t=e.data;if((t||t.secret||t.message||t.value)&&!\/[^a-zA-Z0-9]\/.test(t.secret)){for(var s,r,n,a=l.querySelectorAll('iframe[data-secret=\"'+t.secret+'\"]'),o=l.querySelectorAll('blockquote[data-secret=\"'+t.secret+'\"]'),c=new RegExp(\"^https?:$\",\"i\"),i=0;i<o.length;i++)o[i].style.display=\"none\";for(i=0;i<a.length;i++)s=a[i],e.source===s.contentWindow&&(s.removeAttribute(\"style\"),\"height\"===t.message?(1e3<(r=parseInt(t.value,10))?r=1e3:~~r<200&&(r=200),s.height=r):\"link\"===t.message&&(r=new URL(s.getAttribute(\"src\")),n=new URL(t.value),c.test(n.protocol))&&n.host===r.host&&l.activeElement===s&&(d.top.location.href=t.value))}},d.addEventListener(\"message\",d.wp.receiveEmbedMessage,!1),l.addEventListener(\"DOMContentLoaded\",function(){for(var e,t,s=l.querySelectorAll(\"iframe.wp-embedded-content\"),r=0;r<s.length;r++)(t=(e=s[r]).getAttribute(\"data-secret\"))||(t=Math.random().toString(36).substring(2,12),e.src+=\"#?secret=\"+t,e.setAttribute(\"data-secret\",t)),e.contentWindow.postMessage({message:\"ready\",secret:t},\"*\")},!1)))}(window,document);\n\/\/# sourceURL=https:\/\/denizcankizil.tr\/wp-includes\/js\/wp-embed.min.js\n<\/script>","description":"\u0130zmir B\u00fcy\u00fck\u015fehir Belediyesi, artan orman yang\u0131nlar\u0131na kar\u015f\u0131 kapsaml\u0131 bir m\u00fccadele plan\u0131 olu\u015fturdu.\u0130ZM\u0130R (\u0130GFA) &#8211; \u0130zmir Planlama Ajans\u0131 (\u0130ZPA) taraf\u0131ndan haz\u0131rlanan \u201cBelediyeler \u0130\u00e7in Orman Yang\u0131n\u0131 Acil Eylem Plan\u0131\u201d \u00e7al\u0131\u015fmas\u0131 tamamland\u0131. Plan, \u0130zmir\u2019in afetlere diren\u00e7li hale gelmesini hedeflerken, di\u011fer belediyelere de \u00f6rnek olmay\u0131 ama\u00e7l\u0131yor. \u0130zmir B\u00fcy\u00fck\u015fehir Belediyesi, orman yang\u0131nlar\u0131 ile m\u00fccadeleye y\u00f6nelik \u201cBelediyeler \u0130\u00e7in Orman Yang\u0131n\u0131 Acil Eylem Plan\u0131\u201d haz\u0131rlad\u0131. Sadece yang\u0131n an\u0131n\u0131 de\u011fil, sonras\u0131 ve gelecekteki olas\u0131 yang\u0131nlar\u0131 \u00f6nleme ve iyile\u015ftirme s\u00fcre\u00e7lerini de kapsayan, b\u00fct\u00fcnc\u00fcl ve veriye dayal\u0131 bir yol haritas\u0131 sunan B\u00fcy\u00fck\u015fehir Belediyesi, orman yang\u0131nlar\u0131na kar\u015f\u0131 yerel y\u00f6netimlerin almas\u0131 gereken tedbirleri ve m\u00fcdahale ad\u0131mlar\u0131n\u0131 detayland\u0131ran kapsaml\u0131 bir strateji sunuyor. Yang\u0131nla m\u00fccadelede rehabilitasyon, afet sonras\u0131 dayan\u0131kl\u0131l\u0131k art\u0131rma ve uzun vadeli ileti\u015fim stratejilerini i\u00e7eren eylem plan\u0131 kapsam\u0131nda hedef; \u0130zmir\u2019i, t\u00fcm payda\u015flarla s\u00fcrecin bir par\u00e7as\u0131 haline getirerek, kentin daha diren\u00e7li ve s\u00fcrd\u00fcr\u00fclebilir bir gelece\u011fe haz\u0131rlanmas\u0131n\u0131 sa\u011flamak. Plan; yang\u0131n \u00f6ncesi teknolojik izleme sistemlerinden yerel halk\u0131n e\u011fitimine, yang\u0131n sonras\u0131 ise ekosistem restorasyonundan sel riskine kar\u015f\u0131 \u00f6nleyici ad\u0131mlara kadar bir\u00e7ok uygulamay\u0131 i\u00e7eriyor. Ayr\u0131ca yerel y\u00f6netimlerin kapasitesini art\u0131rmaya y\u00f6nelik ara\u00e7, personel, protokol ve tatbikat \u00e7al\u0131\u015fmalar\u0131 ile k\u0131rsal-kent arakesitinde bilin\u00e7lendirme ve denetim faaliyetlerine de yer veriliyor. \u0130zmir\u2019in yang\u0131nlarla m\u00fccadelesine rehberlik edecek plan, t\u00fcm yerel y\u00f6netimlere de ilham vermeyi ama\u00e7l\u0131yor. 12 AYLIK S\u00dcRE\u00c7 3 ANA BA\u015eLIKTA DE\u011eERLEND\u0130R\u0130LD\u0130 \u0130zmir Planlama &hellip;"}