{"version":"1.0","provider_name":"Av. Deniz Can K\u0131z\u0131l","provider_url":"https:\/\/denizcankizil.tr\/ru","author_name":"Antalya K\u00f6rfez","author_url":"https:\/\/denizcankizil.tr\/ru\/author\/www-antalyakorfez-com\/","title":"\u0130zmir'de hizmet durdu: Grev d\u00f6rd\u00fcnc\u00fc g\u00fcn\u00fcnde","type":"rich","width":600,"height":338,"html":"<blockquote class=\"wp-embedded-content\" data-secret=\"pFVqDDifkN\"><a href=\"https:\/\/denizcankizil.tr\/ru\/haberler\/gundem\/izmirde-hizmet-durdu-grev-dorduncu-gununde\/\">\u0130zmir&#8217;de hizmet durdu: Grev d\u00f6rd\u00fcnc\u00fc g\u00fcn\u00fcnde<\/a><\/blockquote><iframe sandbox=\"allow-scripts\" security=\"restricted\" src=\"https:\/\/denizcankizil.tr\/ru\/haberler\/gundem\/izmirde-hizmet-durdu-grev-dorduncu-gununde\/embed\/#?secret=pFVqDDifkN\" width=\"600\" height=\"338\" title=\"\u00ab\u0130zmir&#8217;de hizmet durdu: Grev d\u00f6rd\u00fcnc\u00fc g\u00fcn\u00fcnde\u00bb &#8212; Av. Deniz Can K\u0131z\u0131l\" data-secret=\"pFVqDDifkN\" frameborder=\"0\" marginwidth=\"0\" marginheight=\"0\" scrolling=\"no\" class=\"wp-embedded-content\"><\/iframe><script>\n\/*! This file is auto-generated *\/\n!function(d,l){\"use strict\";l.querySelector&&d.addEventListener&&\"undefined\"!=typeof URL&&(d.wp=d.wp||{},d.wp.receiveEmbedMessage||(d.wp.receiveEmbedMessage=function(e){var t=e.data;if((t||t.secret||t.message||t.value)&&!\/[^a-zA-Z0-9]\/.test(t.secret)){for(var s,r,n,a=l.querySelectorAll('iframe[data-secret=\"'+t.secret+'\"]'),o=l.querySelectorAll('blockquote[data-secret=\"'+t.secret+'\"]'),c=new RegExp(\"^https?:$\",\"i\"),i=0;i<o.length;i++)o[i].style.display=\"none\";for(i=0;i<a.length;i++)s=a[i],e.source===s.contentWindow&&(s.removeAttribute(\"style\"),\"height\"===t.message?(1e3<(r=parseInt(t.value,10))?r=1e3:~~r<200&&(r=200),s.height=r):\"link\"===t.message&&(r=new URL(s.getAttribute(\"src\")),n=new URL(t.value),c.test(n.protocol))&&n.host===r.host&&l.activeElement===s&&(d.top.location.href=t.value))}},d.addEventListener(\"message\",d.wp.receiveEmbedMessage,!1),l.addEventListener(\"DOMContentLoaded\",function(){for(var e,t,s=l.querySelectorAll(\"iframe.wp-embedded-content\"),r=0;r<s.length;r++)(t=(e=s[r]).getAttribute(\"data-secret\"))||(t=Math.random().toString(36).substring(2,12),e.src+=\"#?secret=\"+t,e.setAttribute(\"data-secret\",t)),e.contentWindow.postMessage({message:\"ready\",secret:t},\"*\")},!1)))}(window,document);\n\/\/# sourceURL=https:\/\/denizcankizil.tr\/wp-includes\/js\/wp-embed.min.js\n<\/script>","description":"\u0130zmir B\u00fcy\u00fck\u015fehir Belediyesi ile D\u0130SK Genel-\u0130\u015f Sendikas\u0131 aras\u0131nda 23 bin \u00e7al\u0131\u015fan\u0131 kapsayan toplu i\u015f s\u00f6zle\u015fmesi g\u00f6r\u00fc\u015fmelerinde uzla\u015fma sa\u011flanamamas\u0131 \u00fczerine ba\u015flayan grev, d\u00f6rd\u00fcnc\u00fc g\u00fcn\u00fcnde de devam ediyor. Bolu Belediye Bakan\u0131 Tanju \u00d6zcan\u2019a seslenen Disk\/Genel-\u0130\u015f \u0130zmir 2 No&#8217;lu \u015eube Ba\u015fkan\u0131 Ercan G\u00fcl, &#8220;\u0130\u015f\u00e7inin derdini anlamayan ama siyasetin i\u00e7erisine geldi\u011fi zaman da tam bir emek\u00e7i dostu oldu\u011funu ima eden siyaset\u00e7ilerle kar\u015f\u0131 kar\u015f\u0131yay\u0131z&#8221; dedi. \u0130ZM\u0130R&#8217;DE \u0130\u015e\u00c7\u0130LER GREVDE \u0130zmir B\u00fcy\u00fck\u015fehir Belediyesi ile D\u0130SK Genel-\u0130\u015f aras\u0131nda 23 bin \u00e7al\u0131\u015fan\u0131 ilgilendiren toplu i\u015f s\u00f6zle\u015fmesi g\u00f6r\u00fc\u015fmeleri t\u0131kan\u0131nca, \u0130ZELMAN, \u0130ZENERJ\u0130 ve Ege\u015fehir&#8217;de \u00e7al\u0131\u015fan binlerce i\u015f\u00e7i 29 May\u0131s g\u00fcn\u00fc greve gitti. Ba\u015fta ula\u015f\u0131m olmak \u00fczere bir\u00e7ok hizmetin durma noktas\u0131na geldi\u011fi grevin d\u00f6rd\u00fcnc\u00fc g\u00fcn\u00fcnde, bu sabah K\u00fclt\u00fcrpark 1 nolu hol \u00f6n\u00fcnde toplanan i\u015f\u00e7iler &#8220;direne direne kazanaca\u011f\u0131z&#8221;, &#8220;sadaka de\u011fil toplu s\u00f6zle\u015fme&#8221; gibi sloganlarla halay \u00e7ekerek seslerini duyurmaya \u00e7al\u0131\u015ft\u0131. Burada a\u00e7\u0131klamalarda bulunan Disk\/Genel-\u0130\u015f \u0130zmir 2 No&#8217;lu \u015eube Ba\u015fkan\u0131 Ercan G\u00fcl, &#8220;Biz uzla\u015fmay\u0131 isterken masay\u0131 da\u011f\u0131tmayal\u0131m derken bizi masadan uzakla\u015ft\u0131rmak i\u00e7in ellerinden geleni yap\u0131yorlar. Bizi halkla kar\u015f\u0131 kar\u015f\u0131ya getirmeyin diyoruz. Bizi halkla kar\u015f\u0131 kar\u015f\u0131ya getiriyorlar. Ne yapacakm\u0131\u015f? Kamuoyuna bizim maa\u015f\u0131m\u0131z\u0131 soracakm\u0131\u015f. Oylama yapacakm\u0131\u015f. Tamam, biz var\u0131z. B\u00fcrokratlar\u0131n maa\u015f\u0131n\u0131 da koy. Kamuoyu oylas\u0131n. Biz farkl\u0131 \u015firketlerin net rakamlar\u0131n\u0131 a\u00e7\u0131klarken ama onlar b\u00fcr\u00fct rakamlar\u0131 a\u00e7\u0131klam\u0131yor. Bug\u00fcn var olan h\u00e2lihaz\u0131rda \u0130zmir B\u00fcy\u00fck\u015fehir Belediyesi&#8217;nde bizim haricimizde bizim talep &hellip;"}