{"version":"1.0","provider_name":"Av. Deniz Can K\u0131z\u0131l","provider_url":"https:\/\/denizcankizil.tr\/ru","author_name":"Av. Deniz Can K\u0131z\u0131l","author_url":"https:\/\/denizcankizil.tr\/ru","title":"\u0130zmir'de en b\u00fcy\u00fck pay ula\u015f\u0131m projelerine","type":"rich","width":600,"height":338,"html":"<blockquote class=\"wp-embedded-content\" data-secret=\"3C4PsmtKpv\"><a href=\"https:\/\/denizcankizil.tr\/ru\/haberler\/gundem\/izmirde-en-buyuk-pay-ulasim-projelerine\/\">\u0130zmir&#8217;de en b\u00fcy\u00fck pay ula\u015f\u0131m projelerine<\/a><\/blockquote><iframe sandbox=\"allow-scripts\" security=\"restricted\" src=\"https:\/\/denizcankizil.tr\/ru\/haberler\/gundem\/izmirde-en-buyuk-pay-ulasim-projelerine\/embed\/#?secret=3C4PsmtKpv\" width=\"600\" height=\"338\" title=\"\u00ab\u0130zmir&#8217;de en b\u00fcy\u00fck pay ula\u015f\u0131m projelerine\u00bb &#8212; Av. Deniz Can K\u0131z\u0131l\" data-secret=\"3C4PsmtKpv\" frameborder=\"0\" marginwidth=\"0\" marginheight=\"0\" scrolling=\"no\" class=\"wp-embedded-content\"><\/iframe><script>\n\/*! This file is auto-generated *\/\n!function(d,l){\"use strict\";l.querySelector&&d.addEventListener&&\"undefined\"!=typeof URL&&(d.wp=d.wp||{},d.wp.receiveEmbedMessage||(d.wp.receiveEmbedMessage=function(e){var t=e.data;if((t||t.secret||t.message||t.value)&&!\/[^a-zA-Z0-9]\/.test(t.secret)){for(var s,r,n,a=l.querySelectorAll('iframe[data-secret=\"'+t.secret+'\"]'),o=l.querySelectorAll('blockquote[data-secret=\"'+t.secret+'\"]'),c=new RegExp(\"^https?:$\",\"i\"),i=0;i<o.length;i++)o[i].style.display=\"none\";for(i=0;i<a.length;i++)s=a[i],e.source===s.contentWindow&&(s.removeAttribute(\"style\"),\"height\"===t.message?(1e3<(r=parseInt(t.value,10))?r=1e3:~~r<200&&(r=200),s.height=r):\"link\"===t.message&&(r=new URL(s.getAttribute(\"src\")),n=new URL(t.value),c.test(n.protocol))&&n.host===r.host&&l.activeElement===s&&(d.top.location.href=t.value))}},d.addEventListener(\"message\",d.wp.receiveEmbedMessage,!1),l.addEventListener(\"DOMContentLoaded\",function(){for(var e,t,s=l.querySelectorAll(\"iframe.wp-embedded-content\"),r=0;r<s.length;r++)(t=(e=s[r]).getAttribute(\"data-secret\"))||(t=Math.random().toString(36).substring(2,12),e.src+=\"#?secret=\"+t,e.setAttribute(\"data-secret\",t)),e.contentWindow.postMessage({message:\"ready\",secret:t},\"*\")},!1)))}(window,document);\n\/\/# sourceURL=https:\/\/denizcankizil.tr\/wp-includes\/js\/wp-embed.min.js\n<\/script>","description":"\u0130zmir B\u00fcy\u00fck\u015fehir Belediyesi\u2019nin 91 milyar TL\u2019lik 2025 y\u0131l\u0131 b\u00fct\u00e7esinin 3\u2019te 1\u2019i yat\u0131r\u0131mlara ayr\u0131ld\u0131.\u0130ZM\u0130R (\u0130GFA) &#8211; B\u00fct\u00e7ede en b\u00fcy\u00fck pay\u0131 rayl\u0131 sistem yat\u0131r\u0131mlar\u0131 al\u0131rken, \u0130zmir B\u00fcy\u00fck\u015fehir Belediye Ba\u015fkan\u0131 Dr. Cemil Tugay\u2019\u0131n \u0130zmirlilere s\u00f6z\u00fcn\u00fc verdi\u011fi yollar\u0131n tamiri ve ula\u015f\u0131m projeleri, Kar\u015f\u0131yaka Stad\u0131, spor kompleksleri, itfaiye kapasitesinin art\u0131\u015f\u0131, sosyal yard\u0131mlar\u0131n g\u00fc\u00e7lendirilmesi, at\u0131k y\u00f6netimi gibi hizmetlere b\u00fct\u00e7ede yer verildi. \u0130zmir B\u00fcy\u00fck\u015fehir Belediyesi\u2019nin 2025 Mali Y\u0131l\u0131 B\u00fct\u00e7esi ve \u0130zleyen Y\u0131llar B\u00fct\u00e7esi, kas\u0131m ay\u0131 ola\u011fan meclis toplant\u0131s\u0131n\u0131n 6\u2019nc\u0131 birle\u015fiminde kabul edildi. \u0130zmir B\u00fcy\u00fck\u015fehir Belediyesi\u2019nin 2025 y\u0131l\u0131 b\u00fct\u00e7esi 91 milyar 300 milyon TL olarak kabul edildi. 2025 y\u0131l\u0131 b\u00fct\u00e7esinin 3\u2019te 1\u2019inden (y\u00fczde 34,38) fazlas\u0131na denk gelen 31 milyar 392 milyon TL\u2019lik k\u0131s\u0131m yat\u0131r\u0131mlara ayr\u0131ld\u0131.\u00a0 \u0130zmir B\u00fcy\u00fck\u015fehir Belediyesi\u2019nin 2025 y\u0131l\u0131 b\u00fct\u00e7esinde en b\u00fcy\u00fck pay, rayl\u0131 sistem yat\u0131r\u0131mlar\u0131na ayr\u0131ld\u0131. Rayl\u0131 Sistem Dairesi Ba\u015fkanl\u0131\u011f\u0131 b\u00fct\u00e7enin y\u00fczde 13,5\u2019lik k\u0131sm\u0131na denk gelen 12 milyar 350 milyon TL\u2019lik paya sahip oldu. Bu pay\u0131n 10 milyar 400 milyon TL\u2019lik k\u0131sm\u0131n\u0131n, yap\u0131m\u0131 devam eden Buca Metrosu i\u00e7in kullan\u0131lmas\u0131 planlan\u0131yor. Mevcut \u00e7al\u0131\u015fmalarda y\u00fczde 35 ilerlemenin sa\u011fland\u0131\u011f\u0131 Buca Metrosu\u2019nda, 2025 y\u0131l\u0131 sonuna kadar t\u00fcnel \u00e7al\u0131\u015fmalar\u0131n\u0131n tamamlanmas\u0131 hedefleniyor. Rayl\u0131 Sistem Dairesi, b\u00fct\u00e7enin kalan k\u0131sm\u0131yla ise \u0130ZBAN hatt\u0131 \u00fczeri karayolu ve yaya alt\/\u00fcst ge\u00e7itlerinin yap\u0131lmas\u0131, \u0130ZBAN\u2019\u0131n geli\u015ftirilmesi ve ilave hatlar\u0131n yap\u0131lmas\u0131, \u0130zmir Metro ve \u0130zmir Tramvay hatlar\u0131n\u0131n modernizasyonu ve &hellip;"}