{"version":"1.0","provider_name":"Av. Deniz Can K\u0131z\u0131l","provider_url":"https:\/\/denizcankizil.tr\/ru","author_name":"admin","author_url":"https:\/\/denizcankizil.tr\/ru\/author\/admin\/","title":"\u0130zmir Kordon hem g\u00fcvenli, hem daha ye\u015fil","type":"rich","width":600,"height":338,"html":"<blockquote class=\"wp-embedded-content\" data-secret=\"hOIRaU17sA\"><a href=\"https:\/\/denizcankizil.tr\/ru\/haberler\/gundem\/izmir-kordon-hem-guvenli-hem-daha-yesil\/\">\u0130zmir Kordon hem g\u00fcvenli, hem daha ye\u015fil<\/a><\/blockquote><iframe sandbox=\"allow-scripts\" security=\"restricted\" src=\"https:\/\/denizcankizil.tr\/ru\/haberler\/gundem\/izmir-kordon-hem-guvenli-hem-daha-yesil\/embed\/#?secret=hOIRaU17sA\" width=\"600\" height=\"338\" title=\"\u00ab\u0130zmir Kordon hem g\u00fcvenli, hem daha ye\u015fil\u00bb &#8212; Av. Deniz Can K\u0131z\u0131l\" data-secret=\"hOIRaU17sA\" frameborder=\"0\" marginwidth=\"0\" marginheight=\"0\" scrolling=\"no\" class=\"wp-embedded-content\"><\/iframe><script>\n\/*! This file is auto-generated *\/\n!function(d,l){\"use strict\";l.querySelector&&d.addEventListener&&\"undefined\"!=typeof URL&&(d.wp=d.wp||{},d.wp.receiveEmbedMessage||(d.wp.receiveEmbedMessage=function(e){var t=e.data;if((t||t.secret||t.message||t.value)&&!\/[^a-zA-Z0-9]\/.test(t.secret)){for(var s,r,n,a=l.querySelectorAll('iframe[data-secret=\"'+t.secret+'\"]'),o=l.querySelectorAll('blockquote[data-secret=\"'+t.secret+'\"]'),c=new RegExp(\"^https?:$\",\"i\"),i=0;i<o.length;i++)o[i].style.display=\"none\";for(i=0;i<a.length;i++)s=a[i],e.source===s.contentWindow&&(s.removeAttribute(\"style\"),\"height\"===t.message?(1e3<(r=parseInt(t.value,10))?r=1e3:~~r<200&&(r=200),s.height=r):\"link\"===t.message&&(r=new URL(s.getAttribute(\"src\")),n=new URL(t.value),c.test(n.protocol))&&n.host===r.host&&l.activeElement===s&&(d.top.location.href=t.value))}},d.addEventListener(\"message\",d.wp.receiveEmbedMessage,!1),l.addEventListener(\"DOMContentLoaded\",function(){for(var e,t,s=l.querySelectorAll(\"iframe.wp-embedded-content\"),r=0;r<s.length;r++)(t=(e=s[r]).getAttribute(\"data-secret\"))||(t=Math.random().toString(36).substring(2,12),e.src+=\"#?secret=\"+t,e.setAttribute(\"data-secret\",t)),e.contentWindow.postMessage({message:\"ready\",secret:t},\"*\")},!1)))}(window,document);\n\/\/# sourceURL=https:\/\/denizcankizil.tr\/wp-includes\/js\/wp-embed.min.js\n<\/script>","description":"\u0130zmir B\u00fcy\u00fck\u015fehir Belediye Ba\u015fkan\u0131 Dr. Cemil Tugay\u2019\u0131n Kordon\u2019da su ta\u015fk\u0131nlar\u0131n\u0131 \u00f6nlemek amac\u0131yla ba\u015flatt\u0131\u011f\u0131 \u201cAcil Eylem Paketi\u201d d\u00fczenlemesinde sona gelindi. Sahil boyunca ge\u00e7ici f\u0131rt\u0131na duvar\u0131 olu\u015fturulurken, Kordon\u2019a 6 bin metrekarelik yeni ye\u015fil alan kazand\u0131r\u0131ld\u0131. Peyzaj ve sosyal alan d\u00fczenlemeleri ise devam ediyor.\u0130ZM\u0130R (\u0130GFA) &#8211; \u0130zmir B\u00fcy\u00fck\u015fehir Belediye Ba\u015fkan\u0131 Dr. Cemil Tugay\u2019\u0131n Kordon\u2019da deniz ta\u015fk\u0131nlar\u0131n\u0131 \u00f6nlemek ve \u0130zmirlilerin k\u0131y\u0131 \u015feridini daha konforlu kullan\u0131m\u0131n\u0131 sa\u011flamak i\u00e7in ba\u015flatt\u0131\u011f\u0131\u00a0 \u201cAcil Eylem Paketi\u201d \u00e7al\u0131\u015fmalar\u0131nda sona gelindi. Alsancak Liman\u0131\u2019ndan Cumhuriyet Meydan\u0131\u2019na kadar olan bin 700 metrelik sahil \u015feridinde k\u0131y\u0131ya paralel ge\u00e7ici f\u0131rt\u0131na duvar\u0131n\u0131n yap\u0131m\u0131 tamamlan\u0131rken, k\u0131y\u0131 boyunca yap\u0131lan peyzaj d\u00fczenlemeleriyle Kordon daha ye\u015fil bir g\u00f6r\u00fcn\u00fcme kavu\u015ftu. Park ve Bah\u00e7eler Dairesi Ba\u015fkanl\u0131\u011f\u0131 taraf\u0131ndan y\u00fcr\u00fct\u00fclen peyzaj d\u00fczenlemesinde, su ta\u015fk\u0131nlar\u0131na ve iklim krizinin etkilerine dayan\u0131kl\u0131 bitkiler tercih edilerek Kordon\u2019da y\u0131l boyunca ye\u015fil dokunun korunmas\u0131 hedeflendi. Alanda peyzaj d\u00fczenlemelerinin devam etti\u011fi, kent mobilyalar\u0131, oturma ve yeni aktivite alanlar\u0131 ile seyir teraslar\u0131n\u0131n montaj\u0131n\u0131n ard\u0131ndan \u00e7al\u0131\u015fmalar\u0131n tamamlanaca\u011f\u0131 bildirildi. \u0130zmir B\u00fcy\u00fck\u015fehir Belediyesi peyzaj d\u00fczenlemelerinde deniz semizi, zakkum, defne, Arap yasemini, akkavak, \u0131lg\u0131n ve palmiye bitkilerini kulland\u0131. Bitkilerin sulanmas\u0131 i\u00e7in alana sulama tesisat\u0131 kuruldu. Park ve Bah\u00e7eler Dairesi Ba\u015fkanl\u0131\u011f\u0131 G\u00fcney Alanlar \u015eube M\u00fcd\u00fcrl\u00fc\u011f\u00fc \u015eefi Umut G\u00f6k, \u00e7al\u0131\u015fmalar kapsam\u0131nda Kordon\u2019a 6 bin metrekare yeni ye\u015fil alan kazand\u0131r\u0131ld\u0131\u011f\u0131n\u0131 s\u00f6yledi. G\u00f6k, 10 bin 440 metrekarelik bir peyzaj alan\u0131na &hellip;"}