{"version":"1.0","provider_name":"Av. Deniz Can K\u0131z\u0131l","provider_url":"https:\/\/denizcankizil.tr\/ru","author_name":"admin","author_url":"https:\/\/denizcankizil.tr\/ru\/author\/admin\/","title":"\u0130zmir \u00c7ocuk Meclisi engelli haklar\u0131 i\u00e7in topland\u0131","type":"rich","width":600,"height":338,"html":"<blockquote class=\"wp-embedded-content\" data-secret=\"lq4Lg6pEVA\"><a href=\"https:\/\/denizcankizil.tr\/ru\/haberler\/gundem\/izmir-cocuk-meclisi-engelli-haklari-icin-toplandi\/\">\u0130zmir \u00c7ocuk Meclisi engelli haklar\u0131 i\u00e7in topland\u0131<\/a><\/blockquote><iframe sandbox=\"allow-scripts\" security=\"restricted\" src=\"https:\/\/denizcankizil.tr\/ru\/haberler\/gundem\/izmir-cocuk-meclisi-engelli-haklari-icin-toplandi\/embed\/#?secret=lq4Lg6pEVA\" width=\"600\" height=\"338\" title=\"\u00ab\u0130zmir \u00c7ocuk Meclisi engelli haklar\u0131 i\u00e7in topland\u0131\u00bb &#8212; Av. Deniz Can K\u0131z\u0131l\" data-secret=\"lq4Lg6pEVA\" frameborder=\"0\" marginwidth=\"0\" marginheight=\"0\" scrolling=\"no\" class=\"wp-embedded-content\"><\/iframe><script>\n\/*! This file is auto-generated *\/\n!function(d,l){\"use strict\";l.querySelector&&d.addEventListener&&\"undefined\"!=typeof URL&&(d.wp=d.wp||{},d.wp.receiveEmbedMessage||(d.wp.receiveEmbedMessage=function(e){var t=e.data;if((t||t.secret||t.message||t.value)&&!\/[^a-zA-Z0-9]\/.test(t.secret)){for(var s,r,n,a=l.querySelectorAll('iframe[data-secret=\"'+t.secret+'\"]'),o=l.querySelectorAll('blockquote[data-secret=\"'+t.secret+'\"]'),c=new RegExp(\"^https?:$\",\"i\"),i=0;i<o.length;i++)o[i].style.display=\"none\";for(i=0;i<a.length;i++)s=a[i],e.source===s.contentWindow&&(s.removeAttribute(\"style\"),\"height\"===t.message?(1e3<(r=parseInt(t.value,10))?r=1e3:~~r<200&&(r=200),s.height=r):\"link\"===t.message&&(r=new URL(s.getAttribute(\"src\")),n=new URL(t.value),c.test(n.protocol))&&n.host===r.host&&l.activeElement===s&&(d.top.location.href=t.value))}},d.addEventListener(\"message\",d.wp.receiveEmbedMessage,!1),l.addEventListener(\"DOMContentLoaded\",function(){for(var e,t,s=l.querySelectorAll(\"iframe.wp-embedded-content\"),r=0;r<s.length;r++)(t=(e=s[r]).getAttribute(\"data-secret\"))||(t=Math.random().toString(36).substring(2,12),e.src+=\"#?secret=\"+t,e.setAttribute(\"data-secret\",t)),e.contentWindow.postMessage({message:\"ready\",secret:t},\"*\")},!1)))}(window,document);\n\/\/# sourceURL=https:\/\/denizcankizil.tr\/wp-includes\/js\/wp-embed.min.js\n<\/script>","description":"\u0130zmir \u00c7ocuk Meclisi\u2019nin komisyonlar\u0131, may\u0131s ay\u0131nda 7\u2019nci toplant\u0131s\u0131n\u0131 ger\u00e7ekle\u015ftirdi. Her ay farkl\u0131 bir ba\u015fl\u0131kta \u00e7al\u0131\u015fmalar\u0131n\u0131 y\u00fcr\u00fcten komisyon \u00fcyelerinin bu ayki g\u00fcndemleri, engelli haklar\u0131 oldu. \u200b\u0130zmir \u00c7ocuk Meclisi\u2019nin komisyonlar\u0131, may\u0131s ay\u0131nda 7\u2019nci toplant\u0131s\u0131n\u0131 ger\u00e7ekle\u015ftirdi. Her ay farkl\u0131 bir ba\u015fl\u0131kta \u00e7al\u0131\u015fmalar\u0131n\u0131 y\u00fcr\u00fcten komisyon \u00fcyelerinin bu ayki g\u00fcndemleri, engelli haklar\u0131 oldu.\u00a0 \u200bHaberin Al\u0131nt\u0131land\u0131\u011f\u0131 Kaynak: www.iskenderun.org"}