{"version":"1.0","provider_name":"Av. Deniz Can K\u0131z\u0131l","provider_url":"https:\/\/denizcankizil.tr\/ru","author_name":"Av. Deniz Can K\u0131z\u0131l","author_url":"https:\/\/denizcankizil.tr\/ru","title":"\u0130zmir \u00c7i\u011fli'de \u201cYeni Y\u0131la Merhaba\u201d konseri","type":"rich","width":600,"height":338,"html":"<blockquote class=\"wp-embedded-content\" data-secret=\"83vhggtWmE\"><a href=\"https:\/\/denizcankizil.tr\/ru\/haberler\/gundem\/izmir-ciglide-yeni-yila-merhaba-konseri\/\">\u0130zmir \u00c7i\u011fli&#8217;de \u201cYeni Y\u0131la Merhaba\u201d konseri<\/a><\/blockquote><iframe sandbox=\"allow-scripts\" security=\"restricted\" src=\"https:\/\/denizcankizil.tr\/ru\/haberler\/gundem\/izmir-ciglide-yeni-yila-merhaba-konseri\/embed\/#?secret=83vhggtWmE\" width=\"600\" height=\"338\" title=\"\u00ab\u0130zmir \u00c7i\u011fli&#8217;de \u201cYeni Y\u0131la Merhaba\u201d konseri\u00bb &#8212; Av. Deniz Can K\u0131z\u0131l\" data-secret=\"83vhggtWmE\" frameborder=\"0\" marginwidth=\"0\" marginheight=\"0\" scrolling=\"no\" class=\"wp-embedded-content\"><\/iframe><script>\n\/*! This file is auto-generated *\/\n!function(d,l){\"use strict\";l.querySelector&&d.addEventListener&&\"undefined\"!=typeof URL&&(d.wp=d.wp||{},d.wp.receiveEmbedMessage||(d.wp.receiveEmbedMessage=function(e){var t=e.data;if((t||t.secret||t.message||t.value)&&!\/[^a-zA-Z0-9]\/.test(t.secret)){for(var s,r,n,a=l.querySelectorAll('iframe[data-secret=\"'+t.secret+'\"]'),o=l.querySelectorAll('blockquote[data-secret=\"'+t.secret+'\"]'),c=new RegExp(\"^https?:$\",\"i\"),i=0;i<o.length;i++)o[i].style.display=\"none\";for(i=0;i<a.length;i++)s=a[i],e.source===s.contentWindow&&(s.removeAttribute(\"style\"),\"height\"===t.message?(1e3<(r=parseInt(t.value,10))?r=1e3:~~r<200&&(r=200),s.height=r):\"link\"===t.message&&(r=new URL(s.getAttribute(\"src\")),n=new URL(t.value),c.test(n.protocol))&&n.host===r.host&&l.activeElement===s&&(d.top.location.href=t.value))}},d.addEventListener(\"message\",d.wp.receiveEmbedMessage,!1),l.addEventListener(\"DOMContentLoaded\",function(){for(var e,t,s=l.querySelectorAll(\"iframe.wp-embedded-content\"),r=0;r<s.length;r++)(t=(e=s[r]).getAttribute(\"data-secret\"))||(t=Math.random().toString(36).substring(2,12),e.src+=\"#?secret=\"+t,e.setAttribute(\"data-secret\",t)),e.contentWindow.postMessage({message:\"ready\",secret:t},\"*\")},!1)))}(window,document);\n\/\/# sourceURL=https:\/\/denizcankizil.tr\/wp-includes\/js\/wp-embed.min.js\n<\/script>","description":"\u0130zmir\u00a0\u00c7i\u011fli Belediyesi, ba\u011flama kursiyerleri ile yeni y\u0131l\u0131 sanat dolu bir etkinlikle kar\u015f\u0131lad\u0131. \u2018Yeni Y\u0131la Merhaba\u2019 konseri, ba\u011flama kursiyerlerinin performans\u0131yla T\u00fcrk Halk M\u00fczi\u011fi\u2019nin e\u015fsiz atmosferini \u00c7i\u011fli\u2019ye ta\u015f\u0131d\u0131. Kursiyerler, b\u00fcy\u00fck bir emek ve tutkuyla haz\u0131rlad\u0131klar\u0131 eserleri sahneleyerek izleyenlere unutulmaz bir ak\u015fam ya\u015fatt\u0131.\u0130ZM\u0130R (\u0130GFA) &#8211; \u0130zmir\u00a0\u00c7i\u011fli Belediyesi K\u00fclt\u00fcr ve Sosyal \u0130\u015fler M\u00fcd\u00fcrl\u00fc\u011f\u00fc taraf\u0131ndan d\u00fczenlenen gecede T\u00fcrk Halk M\u00fczi\u011fi\u2019nin zenginli\u011fi ve geleneksel ba\u011flama sanat\u0131n\u0131n b\u00fcy\u00fcs\u00fc, kursiyerlerin ba\u015far\u0131l\u0131 performanslar\u0131yla bir kez daha g\u00f6zler \u00f6n\u00fcne serildi. Hem ruhlar\u0131 dinlendiren hem de yeni y\u0131l co\u015fkusunu salona ta\u015f\u0131yan konser, sanatseverlerden tam not ald\u0131. Ba\u015fkan Y\u0131ld\u0131z: \u201cSanat\u0131n birle\u015ftirici g\u00fcc\u00fcyle yeni y\u0131la merhaba dedik\u201d \u00c7i\u011fli Belediye Ba\u015fkan\u0131 Onur Emrah Y\u0131ld\u0131z, T\u00fcrk Halk M\u00fczi\u011fi\u2019nin toplumun ortak miras\u0131 oldu\u011funu vurgulayarak \u015funlar\u0131 s\u00f6yledi: \u201cBa\u011flama kursiyerlerimiz, b\u00fcy\u00fck bir emek ve \u00f6zveriyle sahne alarak T\u00fcrk k\u00fclt\u00fcr\u00fcn\u00fcn e\u015fsiz ezgilerini bizlere ta\u015f\u0131d\u0131. Yeni bir y\u0131la sanat\u0131n birle\u015ftirici g\u00fcc\u00fcyle merhaba demek, hepimiz i\u00e7in \u00e7ok anlaml\u0131yd\u0131. T\u00fcrk Halk M\u00fczi\u011fi, ge\u00e7mi\u015ften bug\u00fcne ta\u015f\u0131d\u0131\u011f\u0131 de\u011ferlerle hepimizin ortak miras\u0131d\u0131r. Bu miras\u0131 ya\u015fatan ve sahnede b\u00fcy\u00fck bir ba\u015far\u0131ya imza atan kursiyerlerimizi y\u00fcrekten kutluyorum. \u00c7i\u011fli Belediyesi olarak sanata ve k\u00fclt\u00fcre deste\u011fimiz s\u00fcrecek; halk\u0131m\u0131z\u0131 bu t\u00fcr etkinliklerle bir araya getirmeye devam edece\u011fiz. Yeni y\u0131l\u0131n hepimize sa\u011fl\u0131k, mutluluk ve ba\u015far\u0131 getirmesini diliyorum.\u201d \u200b\u0130zmir\u00a0\u00c7i\u011fli Belediyesi, ba\u011flama kursiyerleri ile yeni y\u0131l\u0131 sanat dolu bir etkinlikle kar\u015f\u0131lad\u0131. \u2018Yeni Y\u0131la &hellip;"}