{"version":"1.0","provider_name":"Av. Deniz Can K\u0131z\u0131l","provider_url":"https:\/\/denizcankizil.tr\/ru","author_name":"Av. Deniz Can K\u0131z\u0131l","author_url":"https:\/\/denizcankizil.tr\/ru","title":"\u0130STE\u2019de Cumhuriyet co\u015fkusu","type":"rich","width":600,"height":338,"html":"<blockquote class=\"wp-embedded-content\" data-secret=\"HdTcancsZR\"><a href=\"https:\/\/denizcankizil.tr\/ru\/haberler\/gundem\/istede-cumhuriyet-coskusu\/\">\u0130STE\u2019de Cumhuriyet co\u015fkusu<\/a><\/blockquote><iframe sandbox=\"allow-scripts\" security=\"restricted\" src=\"https:\/\/denizcankizil.tr\/ru\/haberler\/gundem\/istede-cumhuriyet-coskusu\/embed\/#?secret=HdTcancsZR\" width=\"600\" height=\"338\" title=\"\u00ab\u0130STE\u2019de Cumhuriyet co\u015fkusu\u00bb &#8212; Av. Deniz Can K\u0131z\u0131l\" data-secret=\"HdTcancsZR\" frameborder=\"0\" marginwidth=\"0\" marginheight=\"0\" scrolling=\"no\" class=\"wp-embedded-content\"><\/iframe><script>\n\/*! This file is auto-generated *\/\n!function(d,l){\"use strict\";l.querySelector&&d.addEventListener&&\"undefined\"!=typeof URL&&(d.wp=d.wp||{},d.wp.receiveEmbedMessage||(d.wp.receiveEmbedMessage=function(e){var t=e.data;if((t||t.secret||t.message||t.value)&&!\/[^a-zA-Z0-9]\/.test(t.secret)){for(var s,r,n,a=l.querySelectorAll('iframe[data-secret=\"'+t.secret+'\"]'),o=l.querySelectorAll('blockquote[data-secret=\"'+t.secret+'\"]'),c=new RegExp(\"^https?:$\",\"i\"),i=0;i<o.length;i++)o[i].style.display=\"none\";for(i=0;i<a.length;i++)s=a[i],e.source===s.contentWindow&&(s.removeAttribute(\"style\"),\"height\"===t.message?(1e3<(r=parseInt(t.value,10))?r=1e3:~~r<200&&(r=200),s.height=r):\"link\"===t.message&&(r=new URL(s.getAttribute(\"src\")),n=new URL(t.value),c.test(n.protocol))&&n.host===r.host&&l.activeElement===s&&(d.top.location.href=t.value))}},d.addEventListener(\"message\",d.wp.receiveEmbedMessage,!1),l.addEventListener(\"DOMContentLoaded\",function(){for(var e,t,s=l.querySelectorAll(\"iframe.wp-embedded-content\"),r=0;r<s.length;r++)(t=(e=s[r]).getAttribute(\"data-secret\"))||(t=Math.random().toString(36).substring(2,12),e.src+=\"#?secret=\"+t,e.setAttribute(\"data-secret\",t)),e.contentWindow.postMessage({message:\"ready\",secret:t},\"*\")},!1)))}(window,document);\n\/\/# sourceURL=https:\/\/denizcankizil.tr\/wp-includes\/js\/wp-embed.min.js\n<\/script>","description":"Cumhuriyet Bayram\u0131\u2019n\u0131n 101. y\u0131l d\u00f6n\u00fcm\u00fc \u0130STE Merkez Kamp\u00fcs\u00fc&#8217;nde ger\u00e7ekle\u015ftirilen kutlamalara yo\u011fun kat\u0131l\u0131m oldu. \u0130lk program, saat 09.30\u2019da \u0130STE Mavi Salonu&#8217;nda yap\u0131ld\u0131 ve Rekt\u00f6r Prof. Dr. Tolga Depci ile e\u015fi Do\u00e7. Dr. Aytemis Depci, \u0130STE Rekt\u00f6r Yard\u0131mc\u0131lar\u0131 Prof. Dr. Murat \u00d6rnek ve Prof. Dr. Suha Or\u00e7un Mert ile akademik ve idari personel ile \u00f6\u011frenciler kat\u0131ld\u0131. Etkinlik, sayg\u0131 duru\u015fu ve \u0130stiklal Mar\u015f\u0131 ile ba\u015flad\u0131. A\u00e7\u0131l\u0131\u015f konu\u015fmas\u0131n\u0131 yapan Rekt\u00f6r Prof. Dr. Tolga Depci, \u00f6ncelikle TUSA\u015e\u2019a d\u00fczenlenen hain ter\u00f6r sald\u0131r\u0131s\u0131n\u0131 k\u0131nad\u0131\u011f\u0131n\u0131, \u015fehit olanlar\u0131 rahmet ve minnetle and\u0131\u011f\u0131n\u0131, yaral\u0131lara da acil \u015fifalar dile\u011finde bulunarak \u201cD\u00f6rt y\u0131l \u00f6nce TUSA\u015e\u2019ta olaca\u011f\u0131z demi\u015ftik ve bug\u00fcn orada g\u00f6revli hocalar\u0131m\u0131z var. \u00c7ok \u015f\u00fck\u00fcr Rabbim hocalar\u0131m\u0131z\u0131 bize ba\u011f\u0131\u015flad\u0131\u201d dedi. Rekt\u00f6r Debci d\u00fcnyadaki en \u00f6nemli noktalardan birinin, d\u00fc\u015fman olanlar\u0131n bile g\u0131ptayla bakmas\u0131 oldu\u011funu vurgulayarak \u201cT\u00fcrkiye olarak her alanda o kadar g\u00fczel i\u015flere ko\u015fuyoruz ki k\u0131skan\u0131lmak ve bunun akabinde gelen sald\u0131r\u0131larla bizi durdurmaya \u00e7al\u0131\u015f\u0131yorlar. Ama bizi y\u0131ld\u0131ram\u0131yorlar. TUSA\u015e\u2019l\u0131 m\u00fchendisimizin de dedi\u011fi gibi, \u2018\u0130nad\u0131na \u00e7al\u0131\u015faca\u011f\u0131z, inad\u0131na \u00fcretece\u011fiz.\u2019 Rabbim bir daha b\u00f6yle ac\u0131lar ya\u015fatmas\u0131n in\u015fallah. Cumhuriyetle ilgili s\u00f6ylenecek onlarca, y\u00fczlerce \u015fey var, ancak sabah da s\u00f6yledi\u011fim gibi: Cumhuriyet demek biz demek! Cumhuriyet biziz. \u0130zmir Menemen\u2019den emekli bir memurun o\u011flunun rekt\u00f6r olmas\u0131, Ad\u0131yamanl\u0131 bir i\u015f\u00e7inin o\u011flunun kaptan olmas\u0131, T\u00fcrkiye\u2019nin d\u00f6rt bir yan\u0131ndan insanlar\u0131n, \u00f6zellikle k\u0131z evlatlar\u0131n\u0131n &hellip;"}