{"version":"1.0","provider_name":"Av. Deniz Can K\u0131z\u0131l","provider_url":"https:\/\/denizcankizil.tr\/ru","author_name":"Av. Deniz Can K\u0131z\u0131l","author_url":"https:\/\/denizcankizil.tr\/ru","title":"Isparta Aksu'ya entegre devlet hastanesi","type":"rich","width":600,"height":338,"html":"<blockquote class=\"wp-embedded-content\" data-secret=\"3dLRLrDfKn\"><a href=\"https:\/\/denizcankizil.tr\/ru\/haberler\/gundem\/isparta-aksuya-entegre-devlet-hastanesi\/\">Isparta Aksu&#8217;ya entegre devlet hastanesi<\/a><\/blockquote><iframe sandbox=\"allow-scripts\" security=\"restricted\" src=\"https:\/\/denizcankizil.tr\/ru\/haberler\/gundem\/isparta-aksuya-entegre-devlet-hastanesi\/embed\/#?secret=3dLRLrDfKn\" width=\"600\" height=\"338\" title=\"\u00abIsparta Aksu&#8217;ya entegre devlet hastanesi\u00bb &#8212; Av. Deniz Can K\u0131z\u0131l\" data-secret=\"3dLRLrDfKn\" frameborder=\"0\" marginwidth=\"0\" marginheight=\"0\" scrolling=\"no\" class=\"wp-embedded-content\"><\/iframe><script>\n\/*! This file is auto-generated *\/\n!function(d,l){\"use strict\";l.querySelector&&d.addEventListener&&\"undefined\"!=typeof URL&&(d.wp=d.wp||{},d.wp.receiveEmbedMessage||(d.wp.receiveEmbedMessage=function(e){var t=e.data;if((t||t.secret||t.message||t.value)&&!\/[^a-zA-Z0-9]\/.test(t.secret)){for(var s,r,n,a=l.querySelectorAll('iframe[data-secret=\"'+t.secret+'\"]'),o=l.querySelectorAll('blockquote[data-secret=\"'+t.secret+'\"]'),c=new RegExp(\"^https?:$\",\"i\"),i=0;i<o.length;i++)o[i].style.display=\"none\";for(i=0;i<a.length;i++)s=a[i],e.source===s.contentWindow&&(s.removeAttribute(\"style\"),\"height\"===t.message?(1e3<(r=parseInt(t.value,10))?r=1e3:~~r<200&&(r=200),s.height=r):\"link\"===t.message&&(r=new URL(s.getAttribute(\"src\")),n=new URL(t.value),c.test(n.protocol))&&n.host===r.host&&l.activeElement===s&&(d.top.location.href=t.value))}},d.addEventListener(\"message\",d.wp.receiveEmbedMessage,!1),l.addEventListener(\"DOMContentLoaded\",function(){for(var e,t,s=l.querySelectorAll(\"iframe.wp-embedded-content\"),r=0;r<s.length;r++)(t=(e=s[r]).getAttribute(\"data-secret\"))||(t=Math.random().toString(36).substring(2,12),e.src+=\"#?secret=\"+t,e.setAttribute(\"data-secret\",t)),e.contentWindow.postMessage({message:\"ready\",secret:t},\"*\")},!1)))}(window,document);\n\/\/# sourceURL=https:\/\/denizcankizil.tr\/wp-includes\/js\/wp-embed.min.js\n<\/script>","description":"Isparta&#8217;n\u0131n Aksu il\u00e7esinde 10 yatakl\u0131 Entegre Devlet Hastanesi&#8217;nin temel atma t\u00f6reni ger\u00e7ekle\u015ftirildi. Temel atma \u00f6ncesinde konu\u015fan Isparta Valisi Abdullah Erin, temeli at\u0131lan Entegre Devlet Hastanesi&#8217;nin il\u00e7ede uzun zamand\u0131r \u00f6zlenen bir hizmet oldu\u011funu ifade ederek, Sa\u011fl\u0131k Bakan\u0131 Prof. Dr. Kemal Memi\u015fo\u011flu ba\u015fta olmak \u00fczere hizmetin il\u00e7eye kazand\u0131r\u0131lmas\u0131nda eme\u011fi ge\u00e7en milletvekillerine, il sa\u011fl\u0131k m\u00fcd\u00fcrl\u00fc\u011f\u00fcne, Aksu Kaymakaml\u0131\u011f\u0131na ve Belediyesine te\u015fekk\u00fcr etti.\u00a0 AKSU KISA S\u00dcREDE HASTANES\u0130NE KAVU\u015eACAK\u00a0 Vali Erin a\u00e7\u0131klamas\u0131n\u0131n devam\u0131nda, \u201c\u0130l\u00e7elerimizin tamam\u0131nda sa\u011fl\u0131k hizmeti sunan kurulu\u015flar\u0131m\u0131z var. Aksu il\u00e7emiz de \u00e7ok k\u0131sa s\u00fcre i\u00e7erisinde bir devlet hastanesine kavu\u015fmu\u015f olacak, bug\u00fcn hep birlikte temelini ataca\u011f\u0131z. Kazas\u0131z belas\u0131z en h\u0131zl\u0131 \u015fekilde tamamlamak i\u00e7in y\u00fcklenicimiz de elinden geleni yapacak. Aksu&#8217;muz da hak etti\u011fi bir sa\u011fl\u0131k tesisine in\u015fallah kavu\u015fmu\u015f olacak. \u015eu anda Aksu il\u00e7emizden \u00e7ok k\u0131ymetli bac\u0131lar\u0131m\u0131z, hem\u015fehrilerimiz t\u00f6rene yo\u011fun ilgi g\u00f6steriyorlar. Bu da bu hizmetin Aksu il\u00e7emize yap\u0131lmas\u0131n\u0131n ne kadar isabetli oldu\u011funu g\u00f6steriyor. Eme\u011fi ge\u00e7en herkese tekrar te\u015fekk\u00fcr ediyorum, il\u00e7emize hay\u0131rl\u0131 olmas\u0131n\u0131 diliyorum\u201d dedi. Ard\u0131ndan dualar e\u015fli\u011finde hastanenin temeline beton d\u00f6kme i\u015flemi ger\u00e7ekle\u015ftirildi.\u00a0 TEMEL ATMA T\u00d6REN\u0130NE YO\u011eUN KATILIM\u00a0 Temel atma t\u00f6renine; Vali Abdullah Erin, Isparta Milletvekilleri Mehmet U\u011fur G\u00f6kg\u00f6z ve Av. Osman Zabun, Aksu Kaymakam\u0131 Saltuk Bu\u011frahan A\u00e7\u0131kba\u015f, Aksu Belediye Ba\u015fkan\u0131 Veli Kahraman, \u0130l Genel Meclisi Ba\u015fkan\u0131 Av. Mehmet Ali Ertu\u011frul, \u0130l Sa\u011fl\u0131k M\u00fcd\u00fcr\u00fc Dr. Mustafa &hellip;"}