{"version":"1.0","provider_name":"Av. Deniz Can K\u0131z\u0131l","provider_url":"https:\/\/denizcankizil.tr\/ru","author_name":"admin","author_url":"https:\/\/denizcankizil.tr\/ru\/author\/admin\/","title":"\u0130skenderun Millet K\u00fct\u00fcphanesi A\u00e7\u0131l\u0131\u015fa Haz\u0131r","type":"rich","width":600,"height":338,"html":"<blockquote class=\"wp-embedded-content\" data-secret=\"r6na9MS0En\"><a href=\"https:\/\/denizcankizil.tr\/ru\/haberler\/gundem\/iskenderun-millet-kutuphanesi-acilisa-hazir\/\">\u0130skenderun Millet K\u00fct\u00fcphanesi A\u00e7\u0131l\u0131\u015fa Haz\u0131r<\/a><\/blockquote><iframe sandbox=\"allow-scripts\" security=\"restricted\" src=\"https:\/\/denizcankizil.tr\/ru\/haberler\/gundem\/iskenderun-millet-kutuphanesi-acilisa-hazir\/embed\/#?secret=r6na9MS0En\" width=\"600\" height=\"338\" title=\"\u00ab\u0130skenderun Millet K\u00fct\u00fcphanesi A\u00e7\u0131l\u0131\u015fa Haz\u0131r\u00bb &#8212; Av. Deniz Can K\u0131z\u0131l\" data-secret=\"r6na9MS0En\" frameborder=\"0\" marginwidth=\"0\" marginheight=\"0\" scrolling=\"no\" class=\"wp-embedded-content\"><\/iframe><script>\n\/*! This file is auto-generated *\/\n!function(d,l){\"use strict\";l.querySelector&&d.addEventListener&&\"undefined\"!=typeof URL&&(d.wp=d.wp||{},d.wp.receiveEmbedMessage||(d.wp.receiveEmbedMessage=function(e){var t=e.data;if((t||t.secret||t.message||t.value)&&!\/[^a-zA-Z0-9]\/.test(t.secret)){for(var s,r,n,a=l.querySelectorAll('iframe[data-secret=\"'+t.secret+'\"]'),o=l.querySelectorAll('blockquote[data-secret=\"'+t.secret+'\"]'),c=new RegExp(\"^https?:$\",\"i\"),i=0;i<o.length;i++)o[i].style.display=\"none\";for(i=0;i<a.length;i++)s=a[i],e.source===s.contentWindow&&(s.removeAttribute(\"style\"),\"height\"===t.message?(1e3<(r=parseInt(t.value,10))?r=1e3:~~r<200&&(r=200),s.height=r):\"link\"===t.message&&(r=new URL(s.getAttribute(\"src\")),n=new URL(t.value),c.test(n.protocol))&&n.host===r.host&&l.activeElement===s&&(d.top.location.href=t.value))}},d.addEventListener(\"message\",d.wp.receiveEmbedMessage,!1),l.addEventListener(\"DOMContentLoaded\",function(){for(var e,t,s=l.querySelectorAll(\"iframe.wp-embedded-content\"),r=0;r<s.length;r++)(t=(e=s[r]).getAttribute(\"data-secret\"))||(t=Math.random().toString(36).substring(2,12),e.src+=\"#?secret=\"+t,e.setAttribute(\"data-secret\",t)),e.contentWindow.postMessage({message:\"ready\",secret:t},\"*\")},!1)))}(window,document);\n\/\/# sourceURL=https:\/\/denizcankizil.tr\/wp-includes\/js\/wp-embed.min.js\n<\/script>","description":"Hatay Valisi Mustafa Masatl\u0131, \u0130skenderun Kaymakam\u0131 Muhammet \u00d6nder&#8217;in e\u015fli\u011finde \u00e7a\u011f\u0131n ihtiya\u00e7lar\u0131na uygun \u015fekilde in\u015fa edilen modern k\u00fct\u00fcphanede incelemelerde bulundu. Y\u00fcr\u00fct\u00fclen \u00e7al\u0131\u015fmalar hakk\u0131nda yetkililerden bilgi alan Vali Masatl\u0131, k\u00fct\u00fcphanenin sadece kitaplarla de\u011fil, gelece\u011fe haz\u0131rlanan bireylerle dolaca\u011f\u0131n\u0131 vurgulad\u0131. Her ya\u015ftan bireyin faydalanabilece\u011fi \u015fekilde tasarlanan ve bir k\u00fclt\u00fcr kompleksi niteli\u011fi ta\u015f\u0131yan \u0130skenderun Millet K\u00fct\u00fcphanesi\u2019nde S\u00fcreli Yay\u0131nlar Salonu, \u00c7ocuk K\u00fct\u00fcphanesi 1, \u00c7ocuk K\u00fct\u00fcphanesi 2, Lobi, Kafeterya, Kitaps\u0131z Okuma Alan\u0131, Konferans Salonu, Cep Sinema, Dinlenme Odas\u0131, Galeri, K\u0131\u015f Bah\u00e7esi yer al\u0131yor. Zengin ar\u015fiviyle dikkat \u00e7eken k\u00fct\u00fcphane; klasik eserlerden bilimsel kaynaklara, \u00e7ocuk kitaplar\u0131ndan modern edebiyata kadar geni\u015f bir i\u00e7erikle okuyuculara hizmet verecek. Projenin, Hatay\u2019da k\u00fclt\u00fcrel hayat\u0131 canland\u0131rmas\u0131n\u0131n yan\u0131 s\u0131ra bilgiye eri\u015fimi kolayla\u015ft\u0131rarak e\u011fitim hayat\u0131na da katk\u0131 sa\u011flamas\u0131 bekleniyor. \u0130skenderun Millet K\u00fct\u00fcphanesi, k\u0131sa s\u00fcre i\u00e7inde d\u00fczenlenecek t\u00f6renle resmen hizmete a\u00e7\u0131lacak. \u200bHatay\u2019da vatanda\u015flar\u0131n sosyal ve k\u00fclt\u00fcrel ya\u015fam\u0131na katk\u0131 sa\u011flayacak projelerden biri olan \u0130skenderun\u2019da yap\u0131m\u0131 tamamlanan \u2018\u0130l\u00e7e Millet K\u00fct\u00fcphanesi\u2019 \u00e7ok yak\u0131nda kap\u0131lar\u0131n\u0131 kitapseverler ile kullan\u0131c\u0131lar\u0131na a\u00e7maya haz\u0131rlan\u0131yor.\u00a0 \u200bHaberin Al\u0131nt\u0131land\u0131\u011f\u0131 Kaynak: www.iskenderun.org","thumbnail_url":"https:\/\/iskenderunorg.teimg.com\/iskenderun-org\/uploads\/2025\/07\/2025\/07\/1xmmqq4-bv2-a-b5-f6-pmp4-snapshot-0048014.jpg"}