{"version":"1.0","provider_name":"Av. Deniz Can K\u0131z\u0131l","provider_url":"https:\/\/denizcankizil.tr\/ru","author_name":"admin","author_url":"https:\/\/denizcankizil.tr\/ru\/author\/admin\/","title":"\u0130skenderun Cemevi\u2019nde A\u015fure G\u00fcn\u00fc Etkinli\u011fi\u2026","type":"rich","width":600,"height":338,"html":"<blockquote class=\"wp-embedded-content\" data-secret=\"q7tWztMJcf\"><a href=\"https:\/\/denizcankizil.tr\/ru\/haberler\/gundem\/iskenderun-cemevinde-asure-gunu-etkinligi\/\">\u0130skenderun Cemevi\u2019nde A\u015fure G\u00fcn\u00fc Etkinli\u011fi\u2026<\/a><\/blockquote><iframe sandbox=\"allow-scripts\" security=\"restricted\" src=\"https:\/\/denizcankizil.tr\/ru\/haberler\/gundem\/iskenderun-cemevinde-asure-gunu-etkinligi\/embed\/#?secret=q7tWztMJcf\" width=\"600\" height=\"338\" title=\"\u00ab\u0130skenderun Cemevi\u2019nde A\u015fure G\u00fcn\u00fc Etkinli\u011fi\u2026\u00bb &#8212; Av. Deniz Can K\u0131z\u0131l\" data-secret=\"q7tWztMJcf\" frameborder=\"0\" marginwidth=\"0\" marginheight=\"0\" scrolling=\"no\" class=\"wp-embedded-content\"><\/iframe><script>\n\/*! This file is auto-generated *\/\n!function(d,l){\"use strict\";l.querySelector&&d.addEventListener&&\"undefined\"!=typeof URL&&(d.wp=d.wp||{},d.wp.receiveEmbedMessage||(d.wp.receiveEmbedMessage=function(e){var t=e.data;if((t||t.secret||t.message||t.value)&&!\/[^a-zA-Z0-9]\/.test(t.secret)){for(var s,r,n,a=l.querySelectorAll('iframe[data-secret=\"'+t.secret+'\"]'),o=l.querySelectorAll('blockquote[data-secret=\"'+t.secret+'\"]'),c=new RegExp(\"^https?:$\",\"i\"),i=0;i<o.length;i++)o[i].style.display=\"none\";for(i=0;i<a.length;i++)s=a[i],e.source===s.contentWindow&&(s.removeAttribute(\"style\"),\"height\"===t.message?(1e3<(r=parseInt(t.value,10))?r=1e3:~~r<200&&(r=200),s.height=r):\"link\"===t.message&&(r=new URL(s.getAttribute(\"src\")),n=new URL(t.value),c.test(n.protocol))&&n.host===r.host&&l.activeElement===s&&(d.top.location.href=t.value))}},d.addEventListener(\"message\",d.wp.receiveEmbedMessage,!1),l.addEventListener(\"DOMContentLoaded\",function(){for(var e,t,s=l.querySelectorAll(\"iframe.wp-embedded-content\"),r=0;r<s.length;r++)(t=(e=s[r]).getAttribute(\"data-secret\"))||(t=Math.random().toString(36).substring(2,12),e.src+=\"#?secret=\"+t,e.setAttribute(\"data-secret\",t)),e.contentWindow.postMessage({message:\"ready\",secret:t},\"*\")},!1)))}(window,document);\n\/\/# sourceURL=https:\/\/denizcankizil.tr\/wp-includes\/js\/wp-embed.min.js\n<\/script>","description":"Etkinlik, \u0130skenderun Cemevi Kad\u0131n Kollar\u0131 Ba\u015fkan\u0131 Makbule G\u00fcden ve Kad\u0131n Kollar\u0131 \u00fcyelerinin emekleriyle haz\u0131rlanan a\u015fure lokmas\u0131n\u0131n payla\u015f\u0131m\u0131yla ba\u015flad\u0131. Kat\u0131l\u0131mc\u0131lar birlik lokmas\u0131 olarak g\u00f6r\u00fclen a\u015fureyi birlikte payla\u015farak, inan\u00e7lar\u0131n\u0131 ve k\u00fclt\u00fcrlerini ya\u015fatt\u0131lar. Pir Ercan Kaz\u0131m \u00d6zer Dede \u00f6nderli\u011finde d\u00fczenlenen etkinlik, konuk sanat\u00e7\u0131 B\u00fclent Ayd\u0131n\u2019\u0131n ba\u011flamas\u0131yla seslendirdi\u011fi deyi\u015f ve a\u011f\u0131tlarla ba\u015flad\u0131. Duygusal anlar\u0131n ya\u015fand\u0131\u011f\u0131 program, kat\u0131l\u0131mc\u0131lar taraf\u0131ndan ilgiyle takip edildi. Etkinli\u011fe \u0130skenderun Kaymakam\u0131 Muhammet \u00d6nder, \u0130l\u00e7e Emniyet M\u00fcd\u00fcr\u00fc Nevzat G\u00fcne\u015f, \u0130l\u00e7e Jandarma Komutan\u0131 Binba\u015f\u0131 Mustafa A\u00e7\u0131k, Hac\u0131 Bekta\u015f Veli Anadolu K\u00fclt\u00fcr Vakf\u0131 Ba\u015fkan\u0131 Bilal \u00d6zkan, siyasi parti temsilcileri, STK \u00fcyeleri ve \u00e7ok say\u0131da vatanda\u015f kat\u0131ld\u0131. &#8220;A\u015furemizi Beraber Yapt\u0131k, Beraber Payla\u015f\u0131yoruz&#8221; \u0130skenderun Hac\u0131 Bekta\u015f Veli Anadolu K\u00fclt\u00fcr Vakf\u0131 Ba\u015fkan\u0131 Bilal \u00d6zkan, canlarla birlikte 12 g\u00fcn boyunca oru\u00e7lar\u0131n\u0131 tuttuklar\u0131n\u0131 belirterek \u201cBu g\u00fcnde Kerbela \u015fehitlerimizi an\u0131yor ve a\u015furemizi yapt\u0131k, kat\u0131lan canlara da\u011f\u0131t\u0131yoruz. Muharrem ay\u0131nda oru\u00e7 tutan canlar\u0131n orucu hak kat\u0131nda kabul olsun. Cemevimizin tadilat\u0131n\u0131n %94\u2019\u00fc tamamland\u0131. Ba\u015fta Hatay B\u00fcy\u00fck\u015fehir Belediye Ba\u015fkan\u0131 Mehmet \u00d6nt\u00fcrk olmak \u00fczere eme\u011fi ge\u00e7en herkese te\u015fekk\u00fcr ederiz\u201d dedi. Pir Ercan Kaz\u0131m \u00d6zer\u2019den Anlaml\u0131 Mesajlar Alevi dedesi Pir Ercan Kaz\u0131m \u00d6zer, A\u015fure G\u00fcn\u00fc\u2019n\u00fcn inan\u00e7 ve toplumsal haf\u0131zadaki derin anlam\u0131n\u0131 dile getirerek \u201cMatem orucumuzu tuttuk, bug\u00fcn birlik lokmam\u0131z\u0131 payla\u015f\u0131yoruz. Muharrem ay\u0131, bizim inanc\u0131m\u0131zda ar\u0131nma ve durulma ay\u0131d\u0131r. Alevi toplumu olarak bu ayda hi\u00e7bir canl\u0131ya k\u0131ymay\u0131z. &hellip;","thumbnail_url":"https:\/\/iskenderunorg.teimg.com\/iskenderun-org\/uploads\/2025\/07\/2025\/07\/whatsapp-video-2025-07-14-at-093220-1mp4-snapshot-0016455.jpg"}