{"version":"1.0","provider_name":"Av. Deniz Can K\u0131z\u0131l","provider_url":"https:\/\/denizcankizil.tr\/ru","author_name":"admin","author_url":"https:\/\/denizcankizil.tr\/ru\/author\/admin\/","title":"\u0130skenderun A\u015fkarbeyli\u2019de Orman Yang\u0131n\u0131...","type":"rich","width":600,"height":338,"html":"<blockquote class=\"wp-embedded-content\" data-secret=\"4zog5CAKRM\"><a href=\"https:\/\/denizcankizil.tr\/ru\/haberler\/gundem\/iskenderun-askarbeylide-orman-yangini\/\">\u0130skenderun A\u015fkarbeyli\u2019de Orman Yang\u0131n\u0131&#8230;<\/a><\/blockquote><iframe sandbox=\"allow-scripts\" security=\"restricted\" src=\"https:\/\/denizcankizil.tr\/ru\/haberler\/gundem\/iskenderun-askarbeylide-orman-yangini\/embed\/#?secret=4zog5CAKRM\" width=\"600\" height=\"338\" title=\"\u00ab\u0130skenderun A\u015fkarbeyli\u2019de Orman Yang\u0131n\u0131&#8230;\u00bb &#8212; Av. Deniz Can K\u0131z\u0131l\" data-secret=\"4zog5CAKRM\" frameborder=\"0\" marginwidth=\"0\" marginheight=\"0\" scrolling=\"no\" class=\"wp-embedded-content\"><\/iframe><script>\n\/*! This file is auto-generated *\/\n!function(d,l){\"use strict\";l.querySelector&&d.addEventListener&&\"undefined\"!=typeof URL&&(d.wp=d.wp||{},d.wp.receiveEmbedMessage||(d.wp.receiveEmbedMessage=function(e){var t=e.data;if((t||t.secret||t.message||t.value)&&!\/[^a-zA-Z0-9]\/.test(t.secret)){for(var s,r,n,a=l.querySelectorAll('iframe[data-secret=\"'+t.secret+'\"]'),o=l.querySelectorAll('blockquote[data-secret=\"'+t.secret+'\"]'),c=new RegExp(\"^https?:$\",\"i\"),i=0;i<o.length;i++)o[i].style.display=\"none\";for(i=0;i<a.length;i++)s=a[i],e.source===s.contentWindow&&(s.removeAttribute(\"style\"),\"height\"===t.message?(1e3<(r=parseInt(t.value,10))?r=1e3:~~r<200&&(r=200),s.height=r):\"link\"===t.message&&(r=new URL(s.getAttribute(\"src\")),n=new URL(t.value),c.test(n.protocol))&&n.host===r.host&&l.activeElement===s&&(d.top.location.href=t.value))}},d.addEventListener(\"message\",d.wp.receiveEmbedMessage,!1),l.addEventListener(\"DOMContentLoaded\",function(){for(var e,t,s=l.querySelectorAll(\"iframe.wp-embedded-content\"),r=0;r<s.length;r++)(t=(e=s[r]).getAttribute(\"data-secret\"))||(t=Math.random().toString(36).substring(2,12),e.src+=\"#?secret=\"+t,e.setAttribute(\"data-secret\",t)),e.contentWindow.postMessage({message:\"ready\",secret:t},\"*\")},!1)))}(window,document);\n\/\/# sourceURL=https:\/\/denizcankizil.tr\/wp-includes\/js\/wp-embed.min.js\n<\/script>","description":"\u0130hbar \u00fczerine b\u00f6lgeye h\u0131zla Orman \u0130\u015fletme M\u00fcd\u00fcrl\u00fc\u011f\u00fc ekipleri sevk edildi. K\u0131sa s\u00fcrede olay yerine ula\u015fan ekipler, yang\u0131n\u0131n daha fazla yay\u0131lmas\u0131n\u0131 \u00f6nlemek i\u00e7in yo\u011fun m\u00fcdahalede bulundu. Alevlere kar\u015f\u0131 y\u00fcr\u00fct\u00fclen s\u00f6nd\u00fcrme \u00e7al\u0131\u015fmalar\u0131na mahalle sakinleri de destek verdi. B\u00f6lge halk\u0131n\u0131n katk\u0131s\u0131yla yang\u0131na \u00fc\u00e7 ayr\u0131 noktadan m\u00fcdahale edilirken, ekiplerin yang\u0131n\u0131 kontrol alt\u0131na alma \u00e7abas\u0131 s\u00fcr\u00fcyor. Yang\u0131n\u0131n \u00e7\u0131k\u0131\u015f nedeni hen\u00fcz belirlenemezken, so\u011futma \u00e7al\u0131\u015fmalar\u0131n\u0131n yang\u0131n\u0131n kontrol alt\u0131na al\u0131nmas\u0131n\u0131n ard\u0131ndan ba\u015flayaca\u011f\u0131 belirtildi. \u200bHatay\u2019\u0131n \u0130skenderun il\u00e7esine ba\u011fl\u0131 A\u015fkarbeyli Mahallesi\u2019nde \u00f6\u011fleden sonra ormanl\u0131k alanda \u00e7\u0131kan yang\u0131n pani\u011fe neden oldu. Alevlerin y\u00fckseldi\u011fini g\u00f6ren vatanda\u015flar, durumu 112 Acil \u00c7a\u011fr\u0131 Merkezi\u2019ne bildirerek yetkilileri harekete ge\u00e7irdi.\u00a0 \u200bHaberin Al\u0131nt\u0131land\u0131\u011f\u0131 Kaynak: www.iskenderun.org"}