{"version":"1.0","provider_name":"Av. Deniz Can K\u0131z\u0131l","provider_url":"https:\/\/denizcankizil.tr\/ru","author_name":"Antalya K\u00f6rfez","author_url":"https:\/\/denizcankizil.tr\/ru\/author\/www-antalyakorfez-com\/","title":"\u0130mamo\u011flu'ndan \u00dcmit \u00d6zda\u011f'a destek yaz\u0131s\u0131","type":"rich","width":600,"height":338,"html":"<blockquote class=\"wp-embedded-content\" data-secret=\"VringDPl8r\"><a href=\"https:\/\/denizcankizil.tr\/ru\/haberler\/gundem\/imamoglundan-umit-ozdaga-destek-yazisi\/\">\u0130mamo\u011flu&#8217;ndan \u00dcmit \u00d6zda\u011f&#8217;a destek yaz\u0131s\u0131<\/a><\/blockquote><iframe sandbox=\"allow-scripts\" security=\"restricted\" src=\"https:\/\/denizcankizil.tr\/ru\/haberler\/gundem\/imamoglundan-umit-ozdaga-destek-yazisi\/embed\/#?secret=VringDPl8r\" width=\"600\" height=\"338\" title=\"\u00ab\u0130mamo\u011flu&#8217;ndan \u00dcmit \u00d6zda\u011f&#8217;a destek yaz\u0131s\u0131\u00bb &#8212; Av. Deniz Can K\u0131z\u0131l\" data-secret=\"VringDPl8r\" frameborder=\"0\" marginwidth=\"0\" marginheight=\"0\" scrolling=\"no\" class=\"wp-embedded-content\"><\/iframe><script>\n\/*! This file is auto-generated *\/\n!function(d,l){\"use strict\";l.querySelector&&d.addEventListener&&\"undefined\"!=typeof URL&&(d.wp=d.wp||{},d.wp.receiveEmbedMessage||(d.wp.receiveEmbedMessage=function(e){var t=e.data;if((t||t.secret||t.message||t.value)&&!\/[^a-zA-Z0-9]\/.test(t.secret)){for(var s,r,n,a=l.querySelectorAll('iframe[data-secret=\"'+t.secret+'\"]'),o=l.querySelectorAll('blockquote[data-secret=\"'+t.secret+'\"]'),c=new RegExp(\"^https?:$\",\"i\"),i=0;i<o.length;i++)o[i].style.display=\"none\";for(i=0;i<a.length;i++)s=a[i],e.source===s.contentWindow&&(s.removeAttribute(\"style\"),\"height\"===t.message?(1e3<(r=parseInt(t.value,10))?r=1e3:~~r<200&&(r=200),s.height=r):\"link\"===t.message&&(r=new URL(s.getAttribute(\"src\")),n=new URL(t.value),c.test(n.protocol))&&n.host===r.host&&l.activeElement===s&&(d.top.location.href=t.value))}},d.addEventListener(\"message\",d.wp.receiveEmbedMessage,!1),l.addEventListener(\"DOMContentLoaded\",function(){for(var e,t,s=l.querySelectorAll(\"iframe.wp-embedded-content\"),r=0;r<s.length;r++)(t=(e=s[r]).getAttribute(\"data-secret\"))||(t=Math.random().toString(36).substring(2,12),e.src+=\"#?secret=\"+t,e.setAttribute(\"data-secret\",t)),e.contentWindow.postMessage({message:\"ready\",secret:t},\"*\")},!1)))}(window,document);\n\/\/# sourceURL=https:\/\/denizcankizil.tr\/wp-includes\/js\/wp-embed.min.js\n<\/script>","description":"\u0130stanbul B\u00fcy\u00fck\u015fehir Belediyesi&#8217;ne (\u0130BB) y\u00f6nelik y\u00f6nelik &#8220;yolsuzluk&#8221; iddial\u0131 soru\u015fturmas\u0131 kapsam\u0131nda Silivri&#8217;deki Marmara Kapal\u0131 Ceza \u0130nfaz Kurumu&#8217;nda tutuklu bulunan \u0130BB Ba\u015fkan\u0131 Ekrem \u0130mamo\u011flu, sosyal medya hesab\u0131 \u00fczerinden h\u00fck\u00fcmete &#8216;adalet&#8217; ba\u015fl\u0131\u011f\u0131 \u00fczerinden sert ele\u015ftiriler y\u00f6neltti. Bu adalet terazisini Zafer Partisi Genel Ba\u015fkan\u0131 \u00dcmit \u00d6zda\u011f i\u00e7in eline alan \u0130mamo\u011flu, ge\u00e7 gelen adaletin adalet olmayaca\u011f\u0131n\u0131 ifade etti. &#8220;DAVASI NEDEN G\u00d6R\u00dcLM\u00dcYOR?&#8221; Ayn\u0131 cezaevinde bulundu\u011fu Zafer Partisi Genel Ba\u015fkan\u0131 \u00dcmit \u00d6zda\u011f&#8217;\u0131n hukuksuz bir \u015fekilde aylard\u0131r tutuldu\u011funu ifade eden \u0130mamo\u011flu, &#8220;Sadece 9 sayfal\u0131k bir iddianame i\u00e7in 77 g\u00fcn bekledi\u011fi yetmezmi\u015f gibi ilk duru\u015fmas\u0131 iki ay sonra g\u00f6r\u00fclecek. Bu nas\u0131l bir adalet anlay\u0131\u015f\u0131d\u0131r? Neden Say\u0131n \u00d6zda\u011f tutuklu yarg\u0131lan\u0131yor? \u0130ddianamesi haz\u0131r edildi\u011fi halde neden bir an \u00f6nce davas\u0131 g\u00f6r\u00fclm\u00fcyor? Say\u0131n \u00d6zda\u011f nas\u0131l bir adalet anlay\u0131\u015f\u0131yla aylard\u0131r \u00f6zg\u00fcrl\u00fc\u011f\u00fcnden mahrum edilir? \u015eubat ay\u0131nda ziyaret etti\u011fim k\u0131ymetli annesini, sevdiklerini g\u00f6rebilmekten al\u0131konur? \u015eiddetle k\u0131n\u0131yorum. Kaderde, Sn. \u00d6zda\u011f ile ayn\u0131 cezaevinde bulunmam\u0131z varm\u0131\u015f&#8221; a\u00e7\u0131klamas\u0131nda bulundu. &#8220;GEC\u0130KEN ADALET ZUL\u00dcMD\u00dcR&#8221; Bir cumhurba\u015fkan\u0131 aday\u0131n\u0131n, bir parti genel ba\u015fkan\u0131n\u0131n Silivri Cezaevi&#8217;nde, siyaset yapman\u0131n bedelini \u00f6dedi\u011finin alt\u0131n\u0131 \u00e7izen \u0130mamo\u011flu, &#8220;\u00dczerine basarak s\u00f6yl\u00fcyorum; hukuk, siyasi rakipleri susturmak i\u00e7in bir ara\u00e7 olamaz. Adalet, herkes i\u00e7in e\u015fit i\u015flemelidir; aksi halde, bunun ad\u0131 adalet olmaz, bunun ad\u0131 zul\u00fcm olur. As\u0131rlar \u00f6nce Balkanlar&#8217;a att\u0131\u011f\u0131m\u0131z ilk ad\u0131m\u0131n mimar\u0131 ve Bursa fatihi Orhan Gazi&#8217;nin dedi\u011fi gibi: &hellip;"}