{"version":"1.0","provider_name":"Av. Deniz Can K\u0131z\u0131l","provider_url":"https:\/\/denizcankizil.tr\/ru","author_name":"Av. Deniz Can K\u0131z\u0131l","author_url":"https:\/\/denizcankizil.tr\/ru","title":"\u0130GC'den Kaymakam \u00d6nder\u2019e \"Hay\u0131rl\u0131 Olsun\" Ziyareti\u2026","type":"rich","width":600,"height":338,"html":"<blockquote class=\"wp-embedded-content\" data-secret=\"mENzXqWzH7\"><a href=\"https:\/\/denizcankizil.tr\/ru\/haberler\/gundem\/igcden-kaymakam-ondere-hayirli-olsun-ziyareti\/\">\u0130GC&#8217;den Kaymakam \u00d6nder\u2019e &#8220;Hay\u0131rl\u0131 Olsun&#8221; Ziyareti\u2026<\/a><\/blockquote><iframe sandbox=\"allow-scripts\" security=\"restricted\" src=\"https:\/\/denizcankizil.tr\/ru\/haberler\/gundem\/igcden-kaymakam-ondere-hayirli-olsun-ziyareti\/embed\/#?secret=mENzXqWzH7\" width=\"600\" height=\"338\" title=\"\u00ab\u0130GC&#8217;den Kaymakam \u00d6nder\u2019e &#8220;Hay\u0131rl\u0131 Olsun&#8221; Ziyareti\u2026\u00bb &#8212; Av. Deniz Can K\u0131z\u0131l\" data-secret=\"mENzXqWzH7\" frameborder=\"0\" marginwidth=\"0\" marginheight=\"0\" scrolling=\"no\" class=\"wp-embedded-content\"><\/iframe><script>\n\/*! This file is auto-generated *\/\n!function(d,l){\"use strict\";l.querySelector&&d.addEventListener&&\"undefined\"!=typeof URL&&(d.wp=d.wp||{},d.wp.receiveEmbedMessage||(d.wp.receiveEmbedMessage=function(e){var t=e.data;if((t||t.secret||t.message||t.value)&&!\/[^a-zA-Z0-9]\/.test(t.secret)){for(var s,r,n,a=l.querySelectorAll('iframe[data-secret=\"'+t.secret+'\"]'),o=l.querySelectorAll('blockquote[data-secret=\"'+t.secret+'\"]'),c=new RegExp(\"^https?:$\",\"i\"),i=0;i<o.length;i++)o[i].style.display=\"none\";for(i=0;i<a.length;i++)s=a[i],e.source===s.contentWindow&&(s.removeAttribute(\"style\"),\"height\"===t.message?(1e3<(r=parseInt(t.value,10))?r=1e3:~~r<200&&(r=200),s.height=r):\"link\"===t.message&&(r=new URL(s.getAttribute(\"src\")),n=new URL(t.value),c.test(n.protocol))&&n.host===r.host&&l.activeElement===s&&(d.top.location.href=t.value))}},d.addEventListener(\"message\",d.wp.receiveEmbedMessage,!1),l.addEventListener(\"DOMContentLoaded\",function(){for(var e,t,s=l.querySelectorAll(\"iframe.wp-embedded-content\"),r=0;r<s.length;r++)(t=(e=s[r]).getAttribute(\"data-secret\"))||(t=Math.random().toString(36).substring(2,12),e.src+=\"#?secret=\"+t,e.setAttribute(\"data-secret\",t)),e.contentWindow.postMessage({message:\"ready\",secret:t},\"*\")},!1)))}(window,document);\n\/\/# sourceURL=https:\/\/denizcankizil.tr\/wp-includes\/js\/wp-embed.min.js\n<\/script>","description":"Kaymakaml\u0131k toplant\u0131 salonunda bas\u0131n mensuplar\u0131n\u0131 a\u011f\u0131rlad\u0131\u011f\u0131 Ziyarette, \u0130GC Ba\u015fkan\u0131 Diyap Atar, yeni g\u00f6revinde ba\u015far\u0131lar diledi\u011fi Kaymakam Muhammet \u00d6nder\u2019in tecr\u00fcbeleriyle, depremin yaratt\u0131\u011f\u0131 zorluklar\u0131 hep birlikte a\u015facaklar\u0131na ve bu s\u00fcrecin y\u00f6netiminde \u00f6nemli katk\u0131lar sa\u011flayaca\u011f\u0131na inand\u0131\u011f\u0131n\u0131 s\u00f6yledi. Kaymakam Muhammet \u00d6nder ise nazik ziyaretlerinden dolay\u0131 \u0130GC Ba\u015fkan\u0131 Diyap Atar\u2019a ve t\u00fcm gazetecilere te\u015fekk\u00fcr etti. \u0130skenderun\u2019un tarihi ve k\u00fclt\u00fcrel zenginliklerine vurgu yapan \u00d6nder, &#8220;\u0130skenderun, bir\u00e7ok \u00f6zelli\u011fi ile \u00f6nemli bir kent. Depremin ard\u0131ndan yap\u0131lmas\u0131 gerekenler konusunda, bas\u0131n mensuplar\u0131m\u0131zla fikir al\u0131\u015fveri\u015finde bulunmak benim i\u00e7in \u00e7ok \u00f6nemli. Bu s\u00fcre\u00e7te t\u00fcm kamu kurumlar\u0131yla birlikte elimizden geleni yapaca\u011f\u0131z&#8221; dedi. Ziyaret s\u0131ras\u0131nda, Kaymakam \u00d6nder gazetecilerle tek tek tan\u0131\u015farak g\u00f6rev alanlar\u0131 hakk\u0131nda bilgi ald\u0131. Ayr\u0131ca, depremin ard\u0131ndan \u0130skenderun\u2019da \u00f6ncelikli olarak ele al\u0131nmas\u0131 gereken konulara dair d\u00fc\u015f\u00fcncelerini payla\u015ft\u0131 ve g\u00fc\u00e7l\u00fc bir dayan\u0131\u015fma ruhu olu\u015fturman\u0131n \u00f6nemine de\u011findi. Ziyaret, \u00a0Kaymakaml\u0131k binas\u0131 \u00f6n\u00fcnde toplu hat\u0131ra foto\u011fraf\u0131 \u00e7ekimiyle son buldu. \u200b\u0130skenderun\u2019a yeni atanan Kaymakam Muhammet \u00d6nder, tebrik ve hay\u0131rl\u0131 olsun ziyaretlerini kabul etmeye devam ediyor. Bu kapsamda, \u0130skenderun Gazeteciler Cemiyeti Ba\u015fkan\u0131 Diyap Atar ve cemiyet \u00fcyeleri, Kaymakam \u00d6nder\u2019i makam\u0131nda ziyaret ederek, yeni g\u00f6revinde ba\u015far\u0131 dileklerini iletti.\u00a0 \u200bHaberin Al\u0131nt\u0131land\u0131\u011f\u0131 Kaynak: www.iskenderun.org"}