{"version":"1.0","provider_name":"Av. Deniz Can K\u0131z\u0131l","provider_url":"https:\/\/denizcankizil.tr\/ru","author_name":"Antalya K\u00f6rfez","author_url":"https:\/\/denizcankizil.tr\/ru\/author\/www-antalyakorfez-com\/","title":"\u0130dari yarg\u0131da Kocaeli'ye Antalya takviyesi!","type":"rich","width":600,"height":338,"html":"<blockquote class=\"wp-embedded-content\" data-secret=\"cD6VNvo8nE\"><a href=\"https:\/\/denizcankizil.tr\/ru\/haberler\/gundem\/idari-yargida-kocaeliye-antalya-takviyesi\/\">\u0130dari yarg\u0131da Kocaeli&#8217;ye Antalya takviyesi!<\/a><\/blockquote><iframe sandbox=\"allow-scripts\" security=\"restricted\" src=\"https:\/\/denizcankizil.tr\/ru\/haberler\/gundem\/idari-yargida-kocaeliye-antalya-takviyesi\/embed\/#?secret=cD6VNvo8nE\" width=\"600\" height=\"338\" title=\"\u00ab\u0130dari yarg\u0131da Kocaeli&#8217;ye Antalya takviyesi!\u00bb &#8212; Av. Deniz Can K\u0131z\u0131l\" data-secret=\"cD6VNvo8nE\" frameborder=\"0\" marginwidth=\"0\" marginheight=\"0\" scrolling=\"no\" class=\"wp-embedded-content\"><\/iframe><script>\n\/*! This file is auto-generated *\/\n!function(d,l){\"use strict\";l.querySelector&&d.addEventListener&&\"undefined\"!=typeof URL&&(d.wp=d.wp||{},d.wp.receiveEmbedMessage||(d.wp.receiveEmbedMessage=function(e){var t=e.data;if((t||t.secret||t.message||t.value)&&!\/[^a-zA-Z0-9]\/.test(t.secret)){for(var s,r,n,a=l.querySelectorAll('iframe[data-secret=\"'+t.secret+'\"]'),o=l.querySelectorAll('blockquote[data-secret=\"'+t.secret+'\"]'),c=new RegExp(\"^https?:$\",\"i\"),i=0;i<o.length;i++)o[i].style.display=\"none\";for(i=0;i<a.length;i++)s=a[i],e.source===s.contentWindow&&(s.removeAttribute(\"style\"),\"height\"===t.message?(1e3<(r=parseInt(t.value,10))?r=1e3:~~r<200&&(r=200),s.height=r):\"link\"===t.message&&(r=new URL(s.getAttribute(\"src\")),n=new URL(t.value),c.test(n.protocol))&&n.host===r.host&&l.activeElement===s&&(d.top.location.href=t.value))}},d.addEventListener(\"message\",d.wp.receiveEmbedMessage,!1),l.addEventListener(\"DOMContentLoaded\",function(){for(var e,t,s=l.querySelectorAll(\"iframe.wp-embedded-content\"),r=0;r<s.length;r++)(t=(e=s[r]).getAttribute(\"data-secret\"))||(t=Math.random().toString(36).substring(2,12),e.src+=\"#?secret=\"+t,e.setAttribute(\"data-secret\",t)),e.contentWindow.postMessage({message:\"ready\",secret:t},\"*\")},!1)))}(window,document);\n\/\/# sourceURL=https:\/\/denizcankizil.tr\/wp-includes\/js\/wp-embed.min.js\n<\/script>","description":"HSK&#8217;n\u0131n 2025 Y\u0131l\u0131 Ana Kararnamesi ile Kocaeli&#8217;de bir\u00e7ok hakim ve savc\u0131n\u0131n g\u00f6rev yeri de\u011fi\u015fti. Kente yeni atamalar yap\u0131l\u0131rken, \u00f6nemli isimler farkl\u0131 illere tayin edildi. Tebligatlar 4 Temmuz&#8217;da ba\u015flayacak. T\u00fcrkiye genelinde kararnamelerle birlikte adli ve idari yarg\u0131da 4 bin 36 hakim ve savc\u0131n\u0131n g\u00f6rev yeri de\u011fi\u015fti. H\u00e2kimler ve Savc\u0131lar Kurulu&#8217;nun (HSK) 2025 y\u0131l\u0131 adli ve idari yarg\u0131 ana kararnamesi kapsam\u0131nda T\u00fcrkiye genelinde 4 bin 36 hakim ve savc\u0131n\u0131n g\u00f6rev yeri de\u011fi\u015ftirildi. Bu kapsamda Kocaeli&#8217;de de dikkat \u00e7eken \u00e7ok say\u0131da atama ve g\u00f6rev de\u011fi\u015fikli\u011fi ger\u00e7ekle\u015fti. Yeni kararnamede \u00f6zellikle Kocaeli&#8217;ye yap\u0131lan atamalar dikkat \u00e7ekti. Adli yarg\u0131da Kocaeli&#8217;ye atanan isimler aras\u0131nda bir\u00e7ok farkl\u0131 ilden gelen deneyimli hakim ve savc\u0131lar yer ald\u0131. KOCAEL\u0130&#8217;NE GELENLER Bursa A\u011f\u0131r Ceza Mahkemesi Ba\u015fkan\u0131 Yemliha Karako\u00e7, Kocaeli hakimli\u011fi g\u00f6revine atand\u0131. Sakarya A\u011f\u0131r Ceza Mahkemesi Ba\u015fkan\u0131 Kamil Kaya, Kocaeli A\u011f\u0131r Ceza Mahkemesi Ba\u015fkanl\u0131\u011f\u0131 g\u00f6revine getirildi. Yarg\u0131tay Tetkik Hakimi Volkan Dur, Kocaeli hakimi oldu. Mu\u015f A\u011f\u0131r Ceza Mahkemesi Ba\u015fkan\u0131 \u0130brahim Karl\u0131, Kocaeli A\u011f\u0131r Ceza Mahkemesi Ba\u015fkanl\u0131\u011f\u0131&#8217;na atand\u0131. U\u015fak hakimi Gizem K\u0131l\u0131\u00e7 Y\u0131ld\u0131r\u0131m, Kocaeli Hakimli\u011fi&#8217;nde g\u00f6revlendirildi. Kahramanmara\u015f Cumhuriyet Savc\u0131s\u0131 Ali \u00d6zt\u00fcrk, Kocaeli Cumhuriyet Savc\u0131l\u0131\u011f\u0131 g\u00f6revine getirildi. Hatay&#8217;dan gelen savc\u0131lar Burak Karada\u015f ve Muhammet Onuralp Narin de Kocaeli Adliyesi&#8217;nde g\u00f6rev yapacak. I\u011fd\u0131r Cumhuriyet Savc\u0131s\u0131 Sinan Yava\u015f da Kocaeli&#8217;ye atanan isimler aras\u0131nda yer ald\u0131. Antalya &hellip;"}