{"version":"1.0","provider_name":"Av. Deniz Can K\u0131z\u0131l","provider_url":"https:\/\/denizcankizil.tr\/ru","author_name":"admin","author_url":"https:\/\/denizcankizil.tr\/ru\/author\/admin\/","title":"Ho\u015fg\u00f6r\u00fc Merhamet Ay\u0131","type":"rich","width":600,"height":338,"html":"<blockquote class=\"wp-embedded-content\" data-secret=\"mqC1TLKFZg\"><a href=\"https:\/\/denizcankizil.tr\/ru\/haberler\/gundem\/hosgoru-merhamet-ayi\/\">Ho\u015fg\u00f6r\u00fc Merhamet Ay\u0131<\/a><\/blockquote><iframe sandbox=\"allow-scripts\" security=\"restricted\" src=\"https:\/\/denizcankizil.tr\/ru\/haberler\/gundem\/hosgoru-merhamet-ayi\/embed\/#?secret=mqC1TLKFZg\" width=\"600\" height=\"338\" title=\"\u00abHo\u015fg\u00f6r\u00fc Merhamet Ay\u0131\u00bb &#8212; Av. Deniz Can K\u0131z\u0131l\" data-secret=\"mqC1TLKFZg\" frameborder=\"0\" marginwidth=\"0\" marginheight=\"0\" scrolling=\"no\" class=\"wp-embedded-content\"><\/iframe><script>\n\/*! This file is auto-generated *\/\n!function(d,l){\"use strict\";l.querySelector&&d.addEventListener&&\"undefined\"!=typeof URL&&(d.wp=d.wp||{},d.wp.receiveEmbedMessage||(d.wp.receiveEmbedMessage=function(e){var t=e.data;if((t||t.secret||t.message||t.value)&&!\/[^a-zA-Z0-9]\/.test(t.secret)){for(var s,r,n,a=l.querySelectorAll('iframe[data-secret=\"'+t.secret+'\"]'),o=l.querySelectorAll('blockquote[data-secret=\"'+t.secret+'\"]'),c=new RegExp(\"^https?:$\",\"i\"),i=0;i<o.length;i++)o[i].style.display=\"none\";for(i=0;i<a.length;i++)s=a[i],e.source===s.contentWindow&&(s.removeAttribute(\"style\"),\"height\"===t.message?(1e3<(r=parseInt(t.value,10))?r=1e3:~~r<200&&(r=200),s.height=r):\"link\"===t.message&&(r=new URL(s.getAttribute(\"src\")),n=new URL(t.value),c.test(n.protocol))&&n.host===r.host&&l.activeElement===s&&(d.top.location.href=t.value))}},d.addEventListener(\"message\",d.wp.receiveEmbedMessage,!1),l.addEventListener(\"DOMContentLoaded\",function(){for(var e,t,s=l.querySelectorAll(\"iframe.wp-embedded-content\"),r=0;r<s.length;r++)(t=(e=s[r]).getAttribute(\"data-secret\"))||(t=Math.random().toString(36).substring(2,12),e.src+=\"#?secret=\"+t,e.setAttribute(\"data-secret\",t)),e.contentWindow.postMessage({message:\"ready\",secret:t},\"*\")},!1)))}(window,document);\n\/\/# sourceURL=https:\/\/denizcankizil.tr\/wp-includes\/js\/wp-embed.min.js\n<\/script>","description":"Yo\u011fun kat\u0131l\u0131mla ger\u00e7ekle\u015fen programda, Ramazan ay\u0131n\u0131n payla\u015fma ve dayan\u0131\u015fma ruhuna uygun olarak birlik mesajlar\u0131 verildi. \u0130ftar \u00f6ncesi d\u00fczenlenen programda, Belen Belediye Ba\u015fkan\u0131 \u0130brahim G\u00fcl ve protokol \u00fcyeleri masalar\u0131 tek tek dola\u015farak vatanda\u015flarla sohbet etti. Belen Belediye Ba\u015fkan\u0131 \u0130brahim G\u00fcl, iftar \u00f6ncesi yapt\u0131\u011f\u0131 konu\u015fmada, \u201c Ramazan ay\u0131n\u0131n manevi atmosferini hep birlikte payla\u015fmak, birlik ve beraberli\u011fimizi peki\u015ftirmek amac\u0131yla Hatay B\u00fcy\u00fck\u015fehir Belediyemiz ile Belen Belediyemizin i\u015f birli\u011finde d\u00fczenledi\u011fimiz bu anlaml\u0131 iftar program\u0131na te\u015frif ederek bizleri onurland\u0131rd\u0131\u011f\u0131n\u0131z i\u00e7in hepinize en kalbi \u015f\u00fckranlar\u0131m\u0131 sunuyorum. Ho\u015f geldiniz, sefalar getirdiniz. M\u00fcbarek Ramazan ay\u0131; sadece ibadetlerin yerine getirildi\u011fi de\u011fil, ayn\u0131 zamanda toplumsal dayan\u0131\u015fman\u0131n, karde\u015flik hukukunun ve insani de\u011ferlerin en yo\u011fun \u015fekilde ya\u015fand\u0131\u011f\u0131 kutsal bir zaman dilimi. Bu ay bizlere payla\u015fman\u0131n, sabr\u0131n, ho\u015fg\u00f6r\u00fcn\u00fcn ve merhametin \u00f6nemini bir kez daha hat\u0131rlat\u0131r. Ramazan\u2019\u0131n ruhuna uygun olarak bug\u00fcn burada g\u00f6n\u00fcl sofram\u0131zda siz k\u0131ymetli misafirlerimizle bir araya gelmekten b\u00fcy\u00fck bir mutluluk duyuyoruz. Belen Belediyesi olarak, toplumun her kesimiyle g\u00f6n\u00fcl k\u00f6pr\u00fcleri kuran, sosyal dayan\u0131\u015fmay\u0131 art\u0131ran ve hem\u015ferilerimizin refah\u0131n\u0131 \u00f6nceleyen projeleri hayata ge\u00e7irmek ad\u0131na durmaks\u0131z\u0131n \u00e7al\u0131\u015f\u0131yoruz. Bu anlamda, Ramazan ay\u0131n\u0131n manevi iklimine uygun \u015fekilde Hatay B\u00fcy\u00fck\u015fehir Belediyemiz ile birlikte ger\u00e7ekle\u015ftirdi\u011fimiz bu organizasyon, kurumlar aras\u0131 i\u015f birli\u011finin ve hizmet anlay\u0131\u015f\u0131m\u0131z\u0131n da somut bir tezah\u00fcr\u00fcd\u00fcr. De\u011ferli misafirler, B\u00f6lgemizin ve \u00fclkemizin i\u00e7inde bulundu\u011fu s\u00fcre\u00e7te, toplumsal dayan\u0131\u015fma ve karde\u015flik &hellip;"}