{"version":"1.0","provider_name":"Av. Deniz Can K\u0131z\u0131l","provider_url":"https:\/\/denizcankizil.tr\/ru","author_name":"admin","author_url":"https:\/\/denizcankizil.tr\/ru\/author\/admin\/","title":"Hizmet sekt\u00f6r\u00fcne g\u00fcven artt\u0131!","type":"rich","width":600,"height":338,"html":"<blockquote class=\"wp-embedded-content\" data-secret=\"pGFsLw5lTm\"><a href=\"https:\/\/denizcankizil.tr\/ru\/haberler\/gundem\/hizmet-sektorune-guven-artti\/\">Hizmet sekt\u00f6r\u00fcne g\u00fcven artt\u0131!<\/a><\/blockquote><iframe sandbox=\"allow-scripts\" security=\"restricted\" src=\"https:\/\/denizcankizil.tr\/ru\/haberler\/gundem\/hizmet-sektorune-guven-artti\/embed\/#?secret=pGFsLw5lTm\" width=\"600\" height=\"338\" title=\"\u00abHizmet sekt\u00f6r\u00fcne g\u00fcven artt\u0131!\u00bb &#8212; Av. Deniz Can K\u0131z\u0131l\" data-secret=\"pGFsLw5lTm\" frameborder=\"0\" marginwidth=\"0\" marginheight=\"0\" scrolling=\"no\" class=\"wp-embedded-content\"><\/iframe><script>\n\/*! This file is auto-generated *\/\n!function(d,l){\"use strict\";l.querySelector&&d.addEventListener&&\"undefined\"!=typeof URL&&(d.wp=d.wp||{},d.wp.receiveEmbedMessage||(d.wp.receiveEmbedMessage=function(e){var t=e.data;if((t||t.secret||t.message||t.value)&&!\/[^a-zA-Z0-9]\/.test(t.secret)){for(var s,r,n,a=l.querySelectorAll('iframe[data-secret=\"'+t.secret+'\"]'),o=l.querySelectorAll('blockquote[data-secret=\"'+t.secret+'\"]'),c=new RegExp(\"^https?:$\",\"i\"),i=0;i<o.length;i++)o[i].style.display=\"none\";for(i=0;i<a.length;i++)s=a[i],e.source===s.contentWindow&&(s.removeAttribute(\"style\"),\"height\"===t.message?(1e3<(r=parseInt(t.value,10))?r=1e3:~~r<200&&(r=200),s.height=r):\"link\"===t.message&&(r=new URL(s.getAttribute(\"src\")),n=new URL(t.value),c.test(n.protocol))&&n.host===r.host&&l.activeElement===s&&(d.top.location.href=t.value))}},d.addEventListener(\"message\",d.wp.receiveEmbedMessage,!1),l.addEventListener(\"DOMContentLoaded\",function(){for(var e,t,s=l.querySelectorAll(\"iframe.wp-embedded-content\"),r=0;r<s.length;r++)(t=(e=s[r]).getAttribute(\"data-secret\"))||(t=Math.random().toString(36).substring(2,12),e.src+=\"#?secret=\"+t,e.setAttribute(\"data-secret\",t)),e.contentWindow.postMessage({message:\"ready\",secret:t},\"*\")},!1)))}(window,document);\n\/\/# sourceURL=https:\/\/denizcankizil.tr\/wp-includes\/js\/wp-embed.min.js\n<\/script>","description":"T\u00dc\u0130K, Mart ay\u0131na ili\u015fkin Hizmet, Perakende Ticaret ve \u0130n\u015faat G\u00fcven Endesklerini a\u00e7\u0131klad\u0131. G\u00fcven endekslerinde hizmet sekt\u00f6r\u00fc art\u0131\u015f kaydederken, perakende ticaret ve in\u015faat sekt\u00f6rlerinde azal\u0131\u015f kaydetti.ANKARA (\u0130GFA) &#8211; T\u00fcrkiye \u0130statistik Kurumu (T\u00dc\u0130K) Mart ay\u0131na y\u00f6nelik Hizmet, Perakende Ticaret ve \u0130n\u015faat G\u00fcven Endeksi verilerini a\u00e7\u0131klad\u0131. Buna g\u00f6re g\u00fcven endeksi; hizmet sekt\u00f6r\u00fcnde y\u00fczde 0,2 artt\u0131, perakende ticaret sekt\u00f6r\u00fcnde y\u00fczde 2,5 azald\u0131, in\u015faat sekt\u00f6r\u00fcnde y\u00fczde 0,5 azald\u0131. Mevsim etkilerinden ar\u0131nd\u0131r\u0131lm\u0131\u015f g\u00fcven endeksi Mart ay\u0131nda bir \u00f6nceki aya g\u00f6re; hizmet sekt\u00f6r\u00fcnde y\u00fczde 0,2 oran\u0131nda artarak 114,4 de\u011ferini, perakende ticaret sekt\u00f6r\u00fcnde y\u00fczde 2,5 oran\u0131nda azalarak 113,4 de\u011ferini ve in\u015faat sekt\u00f6r\u00fcnde y\u00fczde 0,5 oran\u0131nda azalarak 88,9 de\u011ferini ald\u0131. \u200bT\u00dc\u0130K, Mart ay\u0131na ili\u015fkin Hizmet, Perakende Ticaret ve \u0130n\u015faat G\u00fcven Endesklerini a\u00e7\u0131klad\u0131. G\u00fcven endekslerinde hizmet sekt\u00f6r\u00fc art\u0131\u015f kaydederken, perakende ticaret ve in\u015faat sekt\u00f6rlerinde azal\u0131\u015f kaydetti.ANKARA (\u0130GFA) &#8211; T\u00fcrkiye \u0130statistik Kurumu (T\u00dc\u0130K) Mart ay\u0131na y\u00f6nelik Hizmet, Perakende Ticaret ve \u0130n\u015faat G\u00fcven Endeksi verilerini a\u00e7\u0131klad\u0131. Buna g\u00f6re g\u00fcven endeksi; hizmet sekt\u00f6r\u00fcnde y\u00fczde 0,2 artt\u0131, perakende ticaret sekt\u00f6r\u00fcnde y\u00fczde 2,5 azald\u0131, in\u015faat sekt\u00f6r\u00fcnde y\u00fczde 0,5 azald\u0131. Mevsim etkilerinden ar\u0131nd\u0131r\u0131lm\u0131\u015f g\u00fcven endeksi Mart ay\u0131nda bir \u00f6nceki aya g\u00f6re; hizmet sekt\u00f6r\u00fcnde y\u00fczde 0,2 oran\u0131nda artarak 114,4 de\u011ferini, perakende ticaret sekt\u00f6r\u00fcnde y\u00fczde 2,5 oran\u0131nda azalarak 113,4 de\u011ferini ve in\u015faat sekt\u00f6r\u00fcnde y\u00fczde 0,5 oran\u0131nda azalarak 88,9 &hellip;"}